{"id":7411,"date":"2021-02-18T15:21:35","date_gmt":"2021-02-18T14:21:35","guid":{"rendered":"https:\/\/lobetalarbeit.de\/?page_id=7411"},"modified":"2022-12-08T13:58:41","modified_gmt":"2022-12-08T12:58:41","slug":"wohnen-in-der-amelungstrasse","status":"publish","type":"page","link":"https:\/\/lobetalarbeit.de\/ls-ls\/wohnen-in-lobetal\/wohnen-in-der-amelungstrasse\/","title":{"rendered":"Wohnen in der Amelungstra\u00dfe"},"content":{"rendered":"<p>[et_pb_section fb_built=&#8221;1&#8243; fullwidth=&#8221;on&#8221; _builder_version=&#8221;4.16&#8243; _module_preset=&#8221;default&#8221; global_colors_info=&#8221;{}&#8221;][et_pb_fullwidth_header title=&#8221;Wohnen in der Amelungstra\u00dfe&#8221; text_orientation=&#8221;center&#8221; _builder_version=&#8221;4.16&#8243; _module_preset=&#8221;default&#8221; title_font=&#8221;||||||||&#8221; title_text_align=&#8221;right&#8221; title_font_size=&#8221;38px&#8221; background_image=&#8221;https:\/\/lobetalarbeit.de\/wp-content\/uploads\/2021\/07\/Wohnen-in-der-Amelungstr.-1.jpg&#8221; min_height=&#8221;290px&#8221; text_shadow_style=&#8221;preset3&#8243; global_colors_info=&#8221;{}&#8221; background_overlay_color__hover_enabled=&#8221;off|desktop&#8221;][\/et_pb_fullwidth_header][\/et_pb_section][et_pb_section fb_built=&#8221;1&#8243; _builder_version=&#8221;4.16&#8243; _module_preset=&#8221;default&#8221; global_colors_info=&#8221;{}&#8221;][et_pb_row _builder_version=&#8221;4.16&#8243; _module_preset=&#8221;default&#8221; global_colors_info=&#8221;{}&#8221;][et_pb_column type=&#8221;4_4&#8243; _builder_version=&#8221;4.16&#8243; _module_preset=&#8221;default&#8221; global_colors_info=&#8221;{}&#8221;][et_pb_team_member name=&#8221;Simone Neumann &#8221; position=&#8221;Abteilungsleitung &#8221; image_url=&#8221;https:\/\/lobetalarbeit.de\/wp-content\/uploads\/2021\/09\/Fr.-Neumann_k.jpg&#8221; _builder_version=&#8221;4.16&#8243; _module_preset=&#8221;default&#8221; custom_css_main_element=&#8221;display: flex;&#8221; custom_css_member_image=&#8221;max-width: 150px;||margin-right: 15px;&#8221; border_radii_image=&#8221;on|50%|50%|50%|50%&#8221; global_colors_info=&#8221;{}&#8221;]Amelungstra\u00dfe 50<br \/>\n29225 Celle<\/p>\n<p>Tel. 05141 97443-29<br \/>\nMobil: 015161216799<br \/>\n<a href=\"mailto:s.neumann@lobetalarbeit.de\">s.neumann@lobetalarbeit.de<\/a><br \/>\n[\/et_pb_team_member][\/et_pb_column][\/et_pb_row][et_pb_row _builder_version=&#8221;4.16&#8243; _module_preset=&#8221;default&#8221; global_colors_info=&#8221;{}&#8221;][et_pb_column type=&#8221;4_4&#8243; _builder_version=&#8221;4.16&#8243; _module_preset=&#8221;default&#8221; global_colors_info=&#8221;{}&#8221;][et_pb_text _builder_version=&#8221;4.16&#8243; _module_preset=&#8221;default&#8221; global_colors_info=&#8221;{}&#8221;]<\/p>\n<h1><strong>Wohnen in der Amelungstra\u00dfe<\/strong><\/h1>\n<p>[\/et_pb_text][\/et_pb_column][\/et_pb_row][et_pb_row column_structure=&#8221;1_3,1_3,1_3&#8243; _builder_version=&#8221;4.16&#8243; _module_preset=&#8221;default&#8221; global_colors_info=&#8221;{}&#8221;][et_pb_column type=&#8221;1_3&#8243; _builder_version=&#8221;4.16&#8243; _module_preset=&#8221;default&#8221; global_colors_info=&#8221;{}&#8221;][et_pb_text _builder_version=&#8221;4.18.1&#8243; _module_preset=&#8221;default&#8221; global_colors_info=&#8221;{}&#8221;]<\/p>\n<p>Das Wohn-haus in der Amelung-stra\u00dfe<\/p>\n<p>ist in Celle im <strong>Stadt-teil Heese.<\/strong><\/p>\n<p>Ganz in der N\u00e4he ist der Lauen-stein-platz.<\/p>\n<p>Dort gibt es zum Beispiel:<\/p>\n<ul>\n<li>Kleine Gesch\u00e4fte<\/li>\n<li>ein Caf\u00e9, eine Eisdiele<\/li>\n<li>ein Restaurant<\/li>\n<li>einen Supermarkt<\/li>\n<li>eine Sparkasse<\/li>\n<li>eine Apotheke<\/li>\n<\/ul>\n<p>Und mit dem Bus<\/p>\n<p>bist Du ganz schnell<\/p>\n<ul>\n<li>in der Innenstadt von Celle<\/li>\n<li>oder am Bahnhof<\/li>\n<\/ul>\n<p>[\/et_pb_text][\/et_pb_column][et_pb_column type=&#8221;1_3&#8243; _builder_version=&#8221;4.16&#8243; _module_preset=&#8221;default&#8221; global_colors_info=&#8221;{}&#8221;][et_pb_gallery gallery_ids=&#8221;3017&#8243; show_title_and_caption=&#8221;off&#8221; _builder_version=&#8221;4.16&#8243; _module_preset=&#8221;default&#8221; global_colors_info=&#8221;{}&#8221;][\/et_pb_gallery][\/et_pb_column][et_pb_column type=&#8221;1_3&#8243; _builder_version=&#8221;4.16&#8243; _module_preset=&#8221;default&#8221; global_colors_info=&#8221;{}&#8221;][et_pb_text _builder_version=&#8221;4.18.1&#8243; _module_preset=&#8221;default&#8221; global_colors_info=&#8221;{}&#8221;]<\/p>\n<p>Das Haus in der Amelung-stra\u00dfe<\/p>\n<p>hat vier Wohn-gruppen.<\/p>\n<p>Und eine sch\u00f6ne, gro\u00dfe K\u00fcche.<\/p>\n<p>Das Haus hat Einzel-zimmer.<\/p>\n<p>Und kleine Apparte-ments.<\/p>\n<p>Das sind kleine Wohnungen.<\/p>\n<p>Es gibt Internet mit W-LAN.<\/p>\n<p>Im Haus und im Garten<\/p>\n<p>ist alles barriere-frei.<\/p>\n<p>Die oberen Wohnungen haben einen Balkon.<\/p>\n<p>Im Garten oder auf der Terrasse<\/p>\n<p>kannst Du es Dir gem\u00fct-lich machen.<\/p>\n<p>Und Ihr k\u00f6nnt Partys feiern.<\/p>\n<p>[\/et_pb_text][\/et_pb_column][\/et_pb_row][\/et_pb_section]<\/p>\n","protected":false},"excerpt":{"rendered":"<p>Amelungstra\u00dfe 50 29225 Celle Tel. 05141 97443-29 Mobil: 015161216799 s.neumann@lobetalarbeit.de Wohnen in der Amelungstra\u00dfe Das Wohn-haus in der Amelung-stra\u00dfe ist in Celle im Stadt-teil Heese. Ganz in der N\u00e4he ist der Lauen-stein-platz. Dort gibt es zum Beispiel: Kleine Gesch\u00e4fte ein Caf\u00e9, eine Eisdiele ein Restaurant einen Supermarkt eine Sparkasse eine Apotheke Und mit dem Bus [&hellip;]<\/p>\n","protected":false},"author":3,"featured_media":0,"parent":7469,"menu_order":0,"comment_status":"closed","ping_status":"closed","template":"","meta":{"_et_pb_use_builder":"on","_et_pb_old_content":"<p>[et_pb_section fb_built=\"1\" fullwidth=\"on\" _builder_version=\"4.7.7\" _module_preset=\"default\" global_colors_info=\"{}\"][et_pb_fullwidth_header title=\"Wohnen in der Amelungstra\u00dfe\" text_orientation=\"center\" _builder_version=\"4.9.10\" _module_preset=\"default\" title_font=\"||||||||\" title_text_align=\"right\" title_font_size=\"38px\" background_image=\"https:\/\/lobetalarbeit.de\/wp-content\/uploads\/2021\/07\/Wohnen-in-der-Amelungstr.-1.jpg\" min_height=\"290px\" text_shadow_style=\"preset3\" global_colors_info=\"{}\" background_overlay_color__hover_enabled=\"off|desktop\"][\/et_pb_fullwidth_header][\/et_pb_section][et_pb_section fb_built=\"1\" _builder_version=\"4.7.7\" _module_preset=\"default\" global_colors_info=\"{}\"][et_pb_row _builder_version=\"4.9.10\" _module_preset=\"default\" global_colors_info=\"{}\"][et_pb_column type=\"4_4\" _builder_version=\"4.9.10\" _module_preset=\"default\" global_colors_info=\"{}\"][et_pb_team_member name=\"Simone Neumann \" position=\"Abteilungsleitung \" image_url=\"https:\/\/lobetalarbeit.de\/wp-content\/uploads\/2021\/09\/Fr.-Neumann_k.jpg\" _builder_version=\"4.14.7\" _module_preset=\"default\" hover_enabled=\"0\" custom_css_main_element=\"display: flex;\" custom_css_member_image=\"max-width: 150px;||margin-right: 15px;\" border_radii_image=\"on|50%|50%|50%|50%\" global_colors_info=\"{}\" sticky_enabled=\"0\"]<\/p><p>Amelungstra\u00dfe 50<br \/>29225 Celle<\/p><p>Tel. 05141 97443-29<br \/>Mobil: 015161216799<br \/><a href=\"mailto:s.neumann@lobetalarbeit.de\">s.neumann@lobetalarbeit.de<\/a><\/p><p>[\/et_pb_team_member][\/et_pb_column][\/et_pb_row][et_pb_row _builder_version=\"4.9.4\" _module_preset=\"default\" global_colors_info=\"{}\"][et_pb_column type=\"4_4\" _builder_version=\"4.9.4\" _module_preset=\"default\" global_colors_info=\"{}\"][et_pb_text _builder_version=\"4.9.4\" _module_preset=\"default\" global_colors_info=\"{}\"]<\/p><h1><strong>Wohnen in der Amelungstra\u00dfe<\/strong><\/h1><p>[\/et_pb_text][\/et_pb_column][\/et_pb_row][et_pb_row column_structure=\"3_5,2_5\" _builder_version=\"4.9.4\" _module_preset=\"default\" global_colors_info=\"{}\"][et_pb_column type=\"3_5\" _builder_version=\"4.9.4\" _module_preset=\"default\" global_colors_info=\"{}\"][et_pb_text _builder_version=\"4.14.7\" _module_preset=\"default\" global_colors_info=\"{}\"]<\/p><p>Im Wohnhaus in der Amelungstra\u00dfe leben in vier gemeinschaftlichen Wohngruppen sowie in acht Appartements Menschen mit Behinderungen. Die Gemeinschaftlichen Wohngruppen verf\u00fcgen unter anderem \u00fcber Einzelzimmer, eine ger\u00e4umige K\u00fcche sowie \u00fcber eine Terrasse. Das Wohngeb\u00e4ude in der Amelungstra\u00dfe ist barrierefrei zug\u00e4nglich und verf\u00fcgt \u00fcber einen Zugang zum Internet via hauseigenem WLAN.<\/p><p>Das Wohngeb\u00e4ude der Lobetalarbeit in der Amelungstra\u00dfe befindet sich im Celler Stadtteil Heese ganz in der N\u00e4he des Lauensteinplatzes mit verschiedenen kleinen Gesch\u00e4ften, einem Caf\u00e9, einer Eisdiele, Supermarkt, Sparkasse, einer Apotheke sowie einem Restaurant. Die Innenstadt und der Bahnhof Celles sind schnell mit dem \u00d6ffentlichen Nahverkehr zu erreichen. In direkter Nachbarschaft des Wohnhauses in der Rostocker Stra\u00dfe liegen zudem die Pauluskirche, dar\u00fcber hinaus ein B\u00e4cker und ein Fris\u00f6rsalon. Die Amelungstra\u00dfe selbst besteht \u00fcberwiegend aus Einfamilien- und Mehrfamilienh\u00e4usern.<\/p><p>[\/et_pb_text][\/et_pb_column][et_pb_column type=\"2_5\" _builder_version=\"4.9.4\" _module_preset=\"default\" global_colors_info=\"{}\"][et_pb_gallery gallery_ids=\"3017\" show_title_and_caption=\"off\" _builder_version=\"4.9.10\" _module_preset=\"default\" global_colors_info=\"{}\"][\/et_pb_gallery][\/et_pb_column][\/et_pb_row][\/et_pb_section][et_pb_section fb_built=\"1\" _builder_version=\"4.9.4\" _module_preset=\"default\" background_color=\"#f7f7f7\" global_colors_info=\"{}\"][et_pb_row admin_label=\"Zeile\" _builder_version=\"4.9.4\" _module_preset=\"default\" global_colors_info=\"{}\"][et_pb_column type=\"4_4\" _builder_version=\"4.9.4\" _module_preset=\"default\" global_colors_info=\"{}\"][et_pb_text _builder_version=\"4.14.2\" _module_preset=\"default\" global_colors_info=\"{}\"]<\/p><h2>Was macht die Amelungstra\u00dfe attraktiv?<\/h2><p><strong>Gro\u00dfz\u00fcgige Raumaufteilung in jeder Gruppe, Einzelzimmer, 8 Appartements (um das \u201eLaufen zu lernen\u201c), Garten, Terrasse sowie Balkon, nahegelegene Eisdiele, Sportvereine, Sparkasse, Ortskern Heese, inmitten eines Wohngebietes, selbstverst\u00e4ndlich rollstuhlgerecht, Fahrstuhl vorhanden, Gro\u00dfe barrierefreie und speziell ausgestattete Pflegeb\u00e4der, bedarfsorientierte Gemeinschaftsk\u00fcche, bodentiefe Fenster, benachbarte Paulusgemeinde, Wlan.<\/strong><\/p><p><strong>\u00a0<\/strong><\/p><p>[\/et_pb_text][\/et_pb_column][\/et_pb_row][et_pb_row column_structure=\"1_6,1_6,1_6,1_6,1_6,1_6\" _builder_version=\"4.9.4\" _module_preset=\"default\" global_colors_info=\"{}\"][et_pb_column type=\"1_6\" _builder_version=\"4.9.4\" _module_preset=\"default\" global_colors_info=\"{}\"][et_pb_image src=\"https:\/\/lobetalarbeit.de\/wp-content\/uploads\/2021\/02\/einkaufszentrum-2.png\" title_text=\"einkaufszentrum\" _builder_version=\"4.9.4\" _module_preset=\"default\" global_colors_info=\"{}\"][\/et_pb_image][\/et_pb_column][et_pb_column type=\"1_6\" _builder_version=\"4.9.4\" _module_preset=\"default\" global_colors_info=\"{}\"][et_pb_image src=\"https:\/\/lobetalarbeit.de\/wp-content\/uploads\/2021\/02\/eis.png\" title_text=\"eis\" _builder_version=\"4.9.4\" _module_preset=\"default\" global_colors_info=\"{}\"][\/et_pb_image][\/et_pb_column][et_pb_column type=\"1_6\" _builder_version=\"4.9.4\" _module_preset=\"default\" global_colors_info=\"{}\"][et_pb_image src=\"https:\/\/lobetalarbeit.de\/wp-content\/uploads\/2021\/02\/gemeinde.png\" title_text=\"gemeinde\" _builder_version=\"4.9.4\" _module_preset=\"default\" global_colors_info=\"{}\"][\/et_pb_image][\/et_pb_column][et_pb_column type=\"1_6\" _builder_version=\"4.9.4\" _module_preset=\"default\" global_colors_info=\"{}\"][et_pb_image src=\"https:\/\/lobetalarbeit.de\/wp-content\/uploads\/2021\/02\/sommerfest.png\" title_text=\"sommerfest\" _builder_version=\"4.9.4\" _module_preset=\"default\" global_colors_info=\"{}\"][\/et_pb_image][\/et_pb_column][et_pb_column type=\"1_6\" _builder_version=\"4.9.4\" _module_preset=\"default\" global_colors_info=\"{}\"][et_pb_image src=\"https:\/\/lobetalarbeit.de\/wp-content\/uploads\/2021\/02\/terrasse.png\" title_text=\"terrasse\" _builder_version=\"4.9.4\" _module_preset=\"default\" global_colors_info=\"{}\"][\/et_pb_image][\/et_pb_column][et_pb_column type=\"1_6\" _builder_version=\"4.9.4\" _module_preset=\"default\" global_colors_info=\"{}\"][et_pb_image src=\"https:\/\/lobetalarbeit.de\/wp-content\/uploads\/2021\/02\/wohnzimmer_b.png\" title_text=\"wohnzimmer_b\" _builder_version=\"4.9.4\" _module_preset=\"default\" global_colors_info=\"{}\"][\/et_pb_image][\/et_pb_column][\/et_pb_row][\/et_pb_section]<\/p>","_et_gb_content_width":"","footnotes":""},"class_list":["post-7411","page","type-page","status-publish","hentry"],"_links":{"self":[{"href":"https:\/\/lobetalarbeit.de\/ls-ls\/wp-json\/wp\/v2\/pages\/7411","targetHints":{"allow":["GET"]}}],"collection":[{"href":"https:\/\/lobetalarbeit.de\/ls-ls\/wp-json\/wp\/v2\/pages"}],"about":[{"href":"https:\/\/lobetalarbeit.de\/ls-ls\/wp-json\/wp\/v2\/types\/page"}],"author":[{"embeddable":true,"href":"https:\/\/lobetalarbeit.de\/ls-ls\/wp-json\/wp\/v2\/users\/3"}],"replies":[{"embeddable":true,"href":"https:\/\/lobetalarbeit.de\/ls-ls\/wp-json\/wp\/v2\/comments?post=7411"}],"version-history":[{"count":6,"href":"https:\/\/lobetalarbeit.de\/ls-ls\/wp-json\/wp\/v2\/pages\/7411\/revisions"}],"predecessor-version":[{"id":7643,"href":"https:\/\/lobetalarbeit.de\/ls-ls\/wp-json\/wp\/v2\/pages\/7411\/revisions\/7643"}],"up":[{"embeddable":true,"href":"https:\/\/lobetalarbeit.de\/ls-ls\/wp-json\/wp\/v2\/pages\/7469"}],"wp:attachment":[{"href":"https:\/\/lobetalarbeit.de\/ls-ls\/wp-json\/wp\/v2\/media?parent=7411"}],"curies":[{"name":"wp","href":"https:\/\/api.w.org\/{rel}","templated":true}]}}