{"id":7452,"date":"2021-02-18T15:20:41","date_gmt":"2021-02-18T14:20:41","guid":{"rendered":"https:\/\/lobetalarbeit.de\/?page_id=7452"},"modified":"2022-12-08T14:02:43","modified_gmt":"2022-12-08T13:02:43","slug":"wohnen-in-stuebeckshorn","status":"publish","type":"page","link":"https:\/\/lobetalarbeit.de\/ls-ls\/wohnen-in-lobetal\/wohnen-in-stuebeckshorn\/","title":{"rendered":"Wohnen in St\u00fcbeckshorn"},"content":{"rendered":"<p>[et_pb_section fb_built=&#8221;1&#8243; fullwidth=&#8221;on&#8221; _builder_version=&#8221;4.16&#8243; _module_preset=&#8221;default&#8221; global_colors_info=&#8221;{}&#8221;][et_pb_fullwidth_header text_orientation=&#8221;center&#8221; _builder_version=&#8221;4.16&#8243; _module_preset=&#8221;default&#8221; title_font=&#8221;||||||||&#8221; title_font_size=&#8221;38px&#8221; background_image=&#8221;https:\/\/lobetalarbeit.de\/wp-content\/uploads\/2021\/09\/Wohnen-in-Stuebeckshorn-2.jpg&#8221; min_height=&#8221;290px&#8221; text_shadow_style=&#8221;preset3&#8243; global_colors_info=&#8221;{}&#8221; background_overlay_color__hover_enabled=&#8221;off|desktop&#8221;][\/et_pb_fullwidth_header][\/et_pb_section][et_pb_section fb_built=&#8221;1&#8243; _builder_version=&#8221;4.16&#8243; _module_preset=&#8221;default&#8221; global_colors_info=&#8221;{}&#8221;][et_pb_row column_structure=&#8221;1_2,1_2&#8243; _builder_version=&#8221;4.16&#8243; _module_preset=&#8221;default&#8221; global_colors_info=&#8221;{}&#8221;][et_pb_column type=&#8221;1_2&#8243; _builder_version=&#8221;4.16&#8243; _module_preset=&#8221;default&#8221; global_colors_info=&#8221;{}&#8221;][et_pb_team_member name=&#8221;Reiner Kliemann&#8221; position=&#8221;Abteilungsleitung&#8221; image_url=&#8221;https:\/\/lobetalarbeit.de\/wp-content\/uploads\/2021\/09\/Hr.-Kliemann_k.jpg&#8221; _builder_version=&#8221;4.16&#8243; _module_preset=&#8221;default&#8221; custom_css_main_element=&#8221;display: flex;&#8221; custom_css_member_image=&#8221;max-width: 150px;||margin-right: 15px;&#8221; border_radii_image=&#8221;on|50%|50%|50%|50%&#8221; global_colors_info=&#8221;{}&#8221;]St\u00fcbeckshorn 5<br \/>\n29614 Soltau<\/p>\n<p>Tel. 05190 88191<br \/>\nMobil 015228815246<br \/>\n<a href=\"mailto:r.kliemann@lobetalarbeit.de\">r.kliemann@lobetalarbeit.de<\/a><br \/>\n[\/et_pb_team_member][\/et_pb_column][et_pb_column type=&#8221;1_2&#8243; _builder_version=&#8221;4.16&#8243; _module_preset=&#8221;default&#8221; global_colors_info=&#8221;{}&#8221;][et_pb_team_member name=&#8221;Angela Hartig&#8221; position=&#8221;Abteilungsleitung &#8221; image_url=&#8221;https:\/\/lobetalarbeit.de\/wp-content\/uploads\/2021\/09\/Fr.-Hartig_k.jpg&#8221; _builder_version=&#8221;4.17.6&#8243; _module_preset=&#8221;default&#8221; custom_css_main_element=&#8221;display: flex;&#8221; custom_css_member_image=&#8221;max-width: 150px;||margin-right: 15px;&#8221; border_radii_image=&#8221;on|50%|50%|50%|50%&#8221; global_colors_info=&#8221;{}&#8221;]St\u00fcbeckshorn 5<br \/>\n29614 Soltau<\/p>\n<p>Tel. 05190 88152<br \/>\n<a class=\"mail\" title=\"Opens window for sending email\" href=\"mailto:a.hartig@lobetalarbeit.de\">a.hartig@lobetalarbeit.de\u00a0<\/a><br \/>\n[\/et_pb_team_member][\/et_pb_column][\/et_pb_row][et_pb_row _builder_version=&#8221;4.16&#8243; _module_preset=&#8221;default&#8221; global_colors_info=&#8221;{}&#8221;][et_pb_column type=&#8221;4_4&#8243; _builder_version=&#8221;4.16&#8243; _module_preset=&#8221;default&#8221; global_colors_info=&#8221;{}&#8221;][et_pb_button button_url=&#8221;https:\/\/lobetalarbeit.de\/job-karriere\/#stellen&#8221; url_new_window=&#8221;on&#8221; button_text=&#8221;Werde ein Teil unseres Teams &#8211; bewirb dich hier!&#8221; button_alignment=&#8221;right&#8221; _builder_version=&#8221;4.16&#8243; _module_preset=&#8221;default&#8221; global_colors_info=&#8221;{}&#8221;][\/et_pb_button][et_pb_text _builder_version=&#8221;4.16&#8243; _module_preset=&#8221;default&#8221; global_colors_info=&#8221;{}&#8221;]<\/p>\n<h1><strong>Wohnen in <\/strong><strong>St\u00fcbeckshorn <\/strong><\/h1>\n<p>[\/et_pb_text][\/et_pb_column][\/et_pb_row][et_pb_row column_structure=&#8221;1_3,1_3,1_3&#8243; _builder_version=&#8221;4.16&#8243; _module_preset=&#8221;default&#8221; global_colors_info=&#8221;{}&#8221;][et_pb_column type=&#8221;1_3&#8243; _builder_version=&#8221;4.16&#8243; _module_preset=&#8221;default&#8221; global_colors_info=&#8221;{}&#8221;][et_pb_text _builder_version=&#8221;4.18.1&#8243; _module_preset=&#8221;default&#8221; global_colors_info=&#8221;{}&#8221;]<\/p>\n<p>Wo liegt St\u00fcbecks-horn?<\/p>\n<p>Ein paar Kilometer von Soltau entfernt.<\/p>\n<p>Die Lobetal-arbeit hat dort<\/p>\n<p>eine Zweig-Einrichtung.<\/p>\n<p>St\u00fcbecks-horn ist ein kleines Dorf.<\/p>\n<p>Hier wohnen erwachsene Menschen,<\/p>\n<p>die Hilfe in ihrem Alltag brauchen.<\/p>\n<p>132 Menschen k\u00f6nnen in St\u00fcbecks-horn leben.<\/p>\n<p>Es gibt kleine Wohn-gemein-schaften.<\/p>\n<p>Fast, wie eine Familie.<\/p>\n<p>St\u00fcbecks-horn liegt in-mitten einer<\/p>\n<p>wunder-sch\u00f6nen Land-schaft.<\/p>\n<p>[\/et_pb_text][\/et_pb_column][et_pb_column type=&#8221;1_3&#8243; _builder_version=&#8221;4.16&#8243; _module_preset=&#8221;default&#8221; global_colors_info=&#8221;{}&#8221;][et_pb_gallery gallery_ids=&#8221;1083,1081,1072,3582,3583,3584,3585,3586,3587,3588&#8243; fullwidth=&#8221;on&#8221; _builder_version=&#8221;4.16&#8243; _module_preset=&#8221;default&#8221; animation_style=&#8221;slide&#8221; auto=&#8221;on&#8221; auto_speed=&#8221;2000&#8243; global_colors_info=&#8221;{}&#8221;][\/et_pb_gallery][\/et_pb_column][et_pb_column type=&#8221;1_3&#8243; _builder_version=&#8221;4.16&#8243; _module_preset=&#8221;default&#8221; global_colors_info=&#8221;{}&#8221;][et_pb_text _builder_version=&#8221;4.18.1&#8243; _module_preset=&#8221;default&#8221; global_colors_info=&#8221;{}&#8221;]<\/p>\n<p>Es gibt Wiesen und W\u00e4lder,<\/p>\n<p>einen Fisch-teich und eine Grill-h\u00fctte.<\/p>\n<p>Einen Sport-platz, eine Turn-halle<\/p>\n<p>und ein Schwimm-bad.<\/p>\n<p>Es gibt auch ein Begegnungs-zentrum.<\/p>\n<p>Hier kannst Du Dich mit Freunden treffen.<\/p>\n<p>Und tolle Feste feiern.<\/p>\n<p>Du m\u00f6chtest auch mal in die Stadt?<\/p>\n<p>Kein Problem.<\/p>\n<p>Fahr einfach mit dem Bus nach Soltau.<\/p>\n<p>In Soltau gibt es Gesch\u00e4fte,<\/p>\n<p>Restaurants, Arztpraxen,<\/p>\n<p>Sportvereine, einen Bahnhof<\/p>\n<p>und noch viel mehr.<\/p>\n<p>[\/et_pb_text][\/et_pb_column][\/et_pb_row][\/et_pb_section]<\/p>\n","protected":false},"excerpt":{"rendered":"<p>St\u00fcbeckshorn 5 29614 Soltau Tel. 05190 88191 Mobil 015228815246 r.kliemann@lobetalarbeit.de St\u00fcbeckshorn 5 29614 Soltau Tel. 05190 88152 a.hartig@lobetalarbeit.de\u00a0 Wohnen in St\u00fcbeckshorn Wo liegt St\u00fcbecks-horn? Ein paar Kilometer von Soltau entfernt. Die Lobetal-arbeit hat dort eine Zweig-Einrichtung. St\u00fcbecks-horn ist ein kleines Dorf. Hier wohnen erwachsene Menschen, die Hilfe in ihrem Alltag brauchen. 132 Menschen k\u00f6nnen in [&hellip;]<\/p>\n","protected":false},"author":3,"featured_media":0,"parent":7469,"menu_order":0,"comment_status":"closed","ping_status":"closed","template":"","meta":{"_et_pb_use_builder":"on","_et_pb_old_content":"<p>[et_pb_section fb_built=\"1\" fullwidth=\"on\" _builder_version=\"4.16\" _module_preset=\"default\" global_colors_info=\"{}\"][et_pb_fullwidth_header text_orientation=\"center\" _builder_version=\"4.16\" _module_preset=\"default\" title_font=\"||||||||\" title_font_size=\"38px\" background_image=\"https:\/\/lobetalarbeit.de\/wp-content\/uploads\/2021\/09\/Wohnen-in-Stuebeckshorn-2.jpg\" min_height=\"290px\" text_shadow_style=\"preset3\" global_colors_info=\"{}\" background_overlay_color__hover_enabled=\"off|desktop\"][\/et_pb_fullwidth_header][\/et_pb_section][et_pb_section fb_built=\"1\" _builder_version=\"4.16\" _module_preset=\"default\" global_colors_info=\"{}\"][et_pb_row column_structure=\"1_2,1_2\" _builder_version=\"4.16\" _module_preset=\"default\" global_colors_info=\"{}\"][et_pb_column type=\"1_2\" _builder_version=\"4.16\" _module_preset=\"default\" global_colors_info=\"{}\"][et_pb_team_member name=\"Reiner Kliemann\" position=\"Abteilungsleitung\" image_url=\"https:\/\/lobetalarbeit.de\/wp-content\/uploads\/2021\/09\/Hr.-Kliemann_k.jpg\" _builder_version=\"4.16\" _module_preset=\"default\" custom_css_main_element=\"display: flex;\" custom_css_member_image=\"max-width: 150px;||margin-right: 15px;\" border_radii_image=\"on|50%|50%|50%|50%\" global_colors_info=\"{}\"]<\/p><p>St\u00fcbeckshorn 5<br \/>29614 Soltau<\/p><p>Tel. 05190 88191<br \/>Mobil 015228815246<br \/><a href=\"mailto:r.kliemann@lobetalarbeit.de\">r.kliemann@lobetalarbeit.de<\/a><\/p><p>[\/et_pb_team_member][\/et_pb_column][et_pb_column type=\"1_2\" _builder_version=\"4.16\" _module_preset=\"default\" global_colors_info=\"{}\"][et_pb_team_member name=\"Angela Hartig\" position=\"Abteilungsleitung \" image_url=\"https:\/\/lobetalarbeit.de\/wp-content\/uploads\/2021\/09\/Fr.-Hartig_k.jpg\" _builder_version=\"4.17.6\" _module_preset=\"default\" hover_enabled=\"0\" custom_css_main_element=\"display: flex;\" custom_css_member_image=\"max-width: 150px;||margin-right: 15px;\" border_radii_image=\"on|50%|50%|50%|50%\" global_colors_info=\"{}\" sticky_enabled=\"0\"]<\/p><p>St\u00fcbeckshorn 5<br \/>29614 Soltau<\/p><p>Tel. 05190 88152<br \/><a class=\"mail\" title=\"Opens window for sending email\" href=\"mailto:a.hartig@lobetalarbeit.de\">a.hartig@lobetalarbeit.de\u00a0<\/a><\/p><p>[\/et_pb_team_member][\/et_pb_column][\/et_pb_row][et_pb_row _builder_version=\"4.16\" _module_preset=\"default\" global_colors_info=\"{}\"][et_pb_column type=\"4_4\" _builder_version=\"4.16\" _module_preset=\"default\" global_colors_info=\"{}\"][et_pb_button button_url=\"https:\/\/lobetalarbeit.de\/job-karriere\/#stellen\" url_new_window=\"on\" button_text=\"Werde ein Teil unseres Teams - bewirb dich hier!\" button_alignment=\"right\" _builder_version=\"4.16\" _module_preset=\"default\" global_colors_info=\"{}\"][\/et_pb_button][et_pb_text _builder_version=\"4.16\" _module_preset=\"default\" global_colors_info=\"{}\"]<\/p><h1><strong>Wohnen in <\/strong><strong>St\u00fcbeckshorn <\/strong><\/h1><p>[\/et_pb_text][\/et_pb_column][\/et_pb_row][et_pb_row column_structure=\"1_2,1_2\" _builder_version=\"4.16\" _module_preset=\"default\" global_colors_info=\"{}\"][et_pb_column type=\"1_2\" _builder_version=\"4.16\" _module_preset=\"default\" global_colors_info=\"{}\"][et_pb_text _builder_version=\"4.16\" _module_preset=\"default\" global_colors_info=\"{}\"]<\/p><p>Rund 70 Kilometer s\u00fcdlich von Hamburg und nur acht Kilometer von der Heidestadt Soltau entfernt liegt das Dorf St\u00fcbeckshorn. Hier bietet die Lobetalarbeit erwachsenen Menschen mit Behinderungen ein Zuhause mit verschiedenen Freizeitm\u00f6glichkeiten wie zum Beispiel einem Schwimmbad, einer Turnhalle und einem Sportplatz. Au\u00dferdem verf\u00fcgt die Lobetalarbeit in St\u00fcbeckshorn \u00fcber ein Freizeithaus, eine Grillh\u00fctte, einem gro\u00dfen Fischteich sowie ein Begegnungszentrum.<\/p><p>Die nahe gelegene Stadt Soltau ist mit dem \u00f6ffentlichen Nahverkehr gut zu erreichen. Hier befinden sich verschiedene Einkaufsm\u00f6glichkeiten, Restaurants, Arztpraxen, Sportvereine, ein Bahnhof und vieles mehr.<\/p><p>[\/et_pb_text][\/et_pb_column][et_pb_column type=\"1_2\" _builder_version=\"4.16\" _module_preset=\"default\" global_colors_info=\"{}\"][et_pb_gallery gallery_ids=\"1083,1081,1072,3582,3583,3584,3585,3586,3587,3588\" fullwidth=\"on\" _builder_version=\"4.16\" _module_preset=\"default\" animation_style=\"slide\" auto=\"on\" auto_speed=\"2000\" global_colors_info=\"{}\"][\/et_pb_gallery][\/et_pb_column][\/et_pb_row][\/et_pb_section][et_pb_section fb_built=\"1\" _builder_version=\"4.16\" _module_preset=\"default\" background_color=\"#f7f7f7\" global_colors_info=\"{}\"][et_pb_row admin_label=\"Zeile\" _builder_version=\"4.16\" _module_preset=\"default\" global_colors_info=\"{}\"][et_pb_column type=\"4_4\" _builder_version=\"4.16\" _module_preset=\"default\" global_colors_info=\"{}\"][et_pb_text _builder_version=\"4.16\" _module_preset=\"default\" global_colors_info=\"{}\"]<\/p><h2>Was macht St\u00fcbeckshorn attraktiv?<\/h2><p><strong>Hallenbad, Turnhalle, Vereine, Bibelgarten, Kooperationen mit den Pfadfindern, Kooperation mit einer franz\u00f6sischen Einrichtung, Wohngemeinschaften mit familien\u00e4hnlichen Strukturen, Waldlandschaft, Jumbo-Rallye<br \/><\/strong><\/p><p><strong>\u00a0<\/strong><\/p><p>[\/et_pb_text][\/et_pb_column][\/et_pb_row][et_pb_row column_structure=\"1_5,1_5,1_5,1_5,1_5\" _builder_version=\"4.16\" _module_preset=\"default\" global_colors_info=\"{}\"][et_pb_column type=\"1_5\" _builder_version=\"4.16\" _module_preset=\"default\" global_colors_info=\"{}\"][et_pb_image src=\"https:\/\/lobetalarbeit.de\/wp-content\/uploads\/2021\/02\/hallenbad.png\" title_text=\"hallenbad\" _builder_version=\"4.16\" _module_preset=\"default\" global_colors_info=\"{}\"][\/et_pb_image][\/et_pb_column][et_pb_column type=\"1_5\" _builder_version=\"4.16\" _module_preset=\"default\" global_colors_info=\"{}\"][et_pb_image src=\"https:\/\/lobetalarbeit.de\/wp-content\/uploads\/2021\/02\/kindergarten3.png\" title_text=\"kindergarten3\" _builder_version=\"4.16\" _module_preset=\"default\" global_colors_info=\"{}\"][\/et_pb_image][\/et_pb_column][et_pb_column type=\"1_5\" _builder_version=\"4.16\" _module_preset=\"default\" global_colors_info=\"{}\"][et_pb_image src=\"https:\/\/lobetalarbeit.de\/wp-content\/uploads\/2021\/02\/pflanzen.png\" title_text=\"pflanzen\" _builder_version=\"4.16\" _module_preset=\"default\" global_colors_info=\"{}\"][\/et_pb_image][\/et_pb_column][et_pb_column type=\"1_5\" _builder_version=\"4.16\" _module_preset=\"default\" global_colors_info=\"{}\"][et_pb_image src=\"https:\/\/lobetalarbeit.de\/wp-content\/uploads\/2021\/02\/sporthalle.png\" title_text=\"sporthalle\" _builder_version=\"4.16\" _module_preset=\"default\" global_colors_info=\"{}\"][\/et_pb_image][\/et_pb_column][et_pb_column type=\"1_5\" _builder_version=\"4.16\" _module_preset=\"default\" global_colors_info=\"{}\"][et_pb_image src=\"https:\/\/lobetalarbeit.de\/wp-content\/uploads\/2021\/02\/wald-3.png\" title_text=\"wald\" _builder_version=\"4.16\" _module_preset=\"default\" global_colors_info=\"{}\"][\/et_pb_image][\/et_pb_column][\/et_pb_row][\/et_pb_section]<\/p>","_et_gb_content_width":"","footnotes":""},"class_list":["post-7452","page","type-page","status-publish","hentry"],"_links":{"self":[{"href":"https:\/\/lobetalarbeit.de\/ls-ls\/wp-json\/wp\/v2\/pages\/7452","targetHints":{"allow":["GET"]}}],"collection":[{"href":"https:\/\/lobetalarbeit.de\/ls-ls\/wp-json\/wp\/v2\/pages"}],"about":[{"href":"https:\/\/lobetalarbeit.de\/ls-ls\/wp-json\/wp\/v2\/types\/page"}],"author":[{"embeddable":true,"href":"https:\/\/lobetalarbeit.de\/ls-ls\/wp-json\/wp\/v2\/users\/3"}],"replies":[{"embeddable":true,"href":"https:\/\/lobetalarbeit.de\/ls-ls\/wp-json\/wp\/v2\/comments?post=7452"}],"version-history":[{"count":7,"href":"https:\/\/lobetalarbeit.de\/ls-ls\/wp-json\/wp\/v2\/pages\/7452\/revisions"}],"predecessor-version":[{"id":7650,"href":"https:\/\/lobetalarbeit.de\/ls-ls\/wp-json\/wp\/v2\/pages\/7452\/revisions\/7650"}],"up":[{"embeddable":true,"href":"https:\/\/lobetalarbeit.de\/ls-ls\/wp-json\/wp\/v2\/pages\/7469"}],"wp:attachment":[{"href":"https:\/\/lobetalarbeit.de\/ls-ls\/wp-json\/wp\/v2\/media?parent=7452"}],"curies":[{"name":"wp","href":"https:\/\/api.w.org\/{rel}","templated":true}]}}