{"id":7461,"date":"2021-09-23T12:23:21","date_gmt":"2021-09-23T10:23:21","guid":{"rendered":"https:\/\/lobetalarbeit.de\/?page_id=7461"},"modified":"2022-12-20T10:05:22","modified_gmt":"2022-12-20T09:05:22","slug":"weitere-wohnangebote","status":"publish","type":"page","link":"https:\/\/lobetalarbeit.de\/ls-ls\/wohnen-in-lobetal\/weitere-wohnangebote\/","title":{"rendered":"Weitere Wohnangebote"},"content":{"rendered":"<p>[et_pb_section fb_built=&#8221;1&#8243; fullwidth=&#8221;on&#8221; _builder_version=&#8221;4.16&#8243; _module_preset=&#8221;default&#8221; global_colors_info=&#8221;{}&#8221;][et_pb_fullwidth_header title=&#8221;Weitere Wohnangebote&#8221; text_orientation=&#8221;center&#8221; _builder_version=&#8221;4.16&#8243; _module_preset=&#8221;default&#8221; title_font=&#8221;||||||||&#8221; title_text_align=&#8221;right&#8221; title_font_size=&#8221;38px&#8221; background_image=&#8221;https:\/\/lobetalarbeit.de\/wp-content\/uploads\/2021\/07\/Wohnangebote-im-Ueberblick-1.jpg&#8221; min_height=&#8221;290px&#8221; text_shadow_style=&#8221;preset3&#8243; global_colors_info=&#8221;{}&#8221; background_overlay_color__hover_enabled=&#8221;off|desktop&#8221;][\/et_pb_fullwidth_header][\/et_pb_section][et_pb_section fb_built=&#8221;1&#8243; module_id=&#8221;ambulant&#8221; _builder_version=&#8221;4.16&#8243; _module_preset=&#8221;default&#8221; global_colors_info=&#8221;{}&#8221;][et_pb_row _builder_version=&#8221;4.16&#8243; _module_preset=&#8221;default&#8221; global_colors_info=&#8221;{}&#8221;][et_pb_column type=&#8221;4_4&#8243; _builder_version=&#8221;4.16&#8243; _module_preset=&#8221;default&#8221; global_colors_info=&#8221;{}&#8221;][et_pb_text _builder_version=&#8221;4.16&#8243; _module_preset=&#8221;default&#8221; global_colors_info=&#8221;{}&#8221;]<\/p>\n<h1><strong>Ambulant Begleitetes Wohnen f\u00fcr erwachsene Menschen mit Behinderung<\/strong><\/h1>\n<p>[\/et_pb_text][\/et_pb_column][\/et_pb_row][et_pb_row column_structure=&#8221;3_5,2_5&#8243; _builder_version=&#8221;4.16&#8243; _module_preset=&#8221;default&#8221; width=&#8221;76.6%&#8221; global_colors_info=&#8221;{}&#8221;][et_pb_column type=&#8221;3_5&#8243; _builder_version=&#8221;4.16&#8243; _module_preset=&#8221;default&#8221; global_colors_info=&#8221;{}&#8221;][et_pb_text _builder_version=&#8221;4.18.1&#8243; _module_preset=&#8221;default&#8221; global_colors_info=&#8221;{}&#8221;]<\/p>\n<p>Du m\u00f6chtest in Deiner eigenen Wohnung wohnen?<\/p>\n<p>Du brauchst aber ein wenig Hilfe?<\/p>\n<p>Im Ambulant Beglei-teten Wohnen<\/p>\n<p>mietest Du Dir selbst eine Wohnung.<\/p>\n<p>Du machst alles allein.<\/p>\n<p>Zum Beispiel:<\/p>\n<p>Deinen Haushalt. Den Einkauf.<\/p>\n<p>Deine Angelegen-heiten mit den Beh\u00f6rden.<\/p>\n<p>Du \u00fcberlegst Dir,<\/p>\n<p>was Du in Deiner Frei-zeit machen m\u00f6chtest.<\/p>\n<p>Du brauchst dabei Hilfe?<\/p>\n<p>Dann helfen Dir die Mitarbeiter*innen.<\/p>\n<p>Es gibt auch Gruppen-Angebote.<\/p>\n<p>Zum Beispiel:<\/p>\n<p>Schwimmen, Markt-fr\u00fch-st\u00fcck,<\/p>\n<p>Theater, Diskothek.<\/p>\n<p>Da kannst Du mit-machen.<\/p>\n<p>Du wohnst also in Deiner eigenen Wohnung.<\/p>\n<p>Und Du bist trotz-dem nicht allein.<\/p>\n<p>[\/et_pb_text][\/et_pb_column][et_pb_column type=&#8221;2_5&#8243; _builder_version=&#8221;4.16&#8243; _module_preset=&#8221;default&#8221; global_colors_info=&#8221;{}&#8221;][et_pb_image src=&#8221;https:\/\/lobetalarbeit.de\/wp-content\/uploads\/2021\/02\/2017-04-12-13-58-21-174_lob_12042017.jpg&#8221; title_text=&#8221;2017-04-12 13-58-21 &#8211; 174_lob_12042017&#8243; _builder_version=&#8221;4.16&#8243; _module_preset=&#8221;default&#8221; global_colors_info=&#8221;{}&#8221;][\/et_pb_image][\/et_pb_column][\/et_pb_row][\/et_pb_section][et_pb_section fb_built=&#8221;1&#8243; module_id=&#8221;kinder&#8221; _builder_version=&#8221;4.16&#8243; _module_preset=&#8221;default&#8221; background_color=&#8221;#004087&#8243; global_colors_info=&#8221;{}&#8221;][et_pb_row column_structure=&#8221;3_5,2_5&#8243; _builder_version=&#8221;4.16&#8243; _module_preset=&#8221;default&#8221; global_colors_info=&#8221;{}&#8221;][et_pb_column type=&#8221;3_5&#8243; _builder_version=&#8221;4.16&#8243; _module_preset=&#8221;default&#8221; global_colors_info=&#8221;{}&#8221;][et_pb_text _builder_version=&#8221;4.19.2&#8243; _module_preset=&#8221;default&#8221; background_layout=&#8221;dark&#8221; custom_margin=&#8221;||||false|false&#8221; hover_enabled=&#8221;0&#8243; global_colors_info=&#8221;{}&#8221; sticky_enabled=&#8221;0&#8243;]<\/p>\n<h2><strong>Wohnangebote f\u00fcr Kinder und Jugendliche mit Behinderung<\/strong><\/h2>\n<p>Auf dem Haupt-gel\u00e4nde der Lobetalarbeit<\/p>\n<p>sind die H\u00e4user Ceder und Linde.<\/p>\n<p>Hier wohnen Kinder, die zur Schule gehen.<\/p>\n<p>Und Jugend-liche.<\/p>\n<p>Diese Kinder und Jugend-lichen<\/p>\n<p>brauchen Unter-st\u00fctzung im All-tag.<\/p>\n<p>Das Leben in den H\u00e4usern Ceder und Linde<\/p>\n<p>ist fast wie in einer Familie:<\/p>\n<p>Morgens zu-sammen fr\u00fch-st\u00fccken.<\/p>\n<p>Dann zur Schule gehen.<\/p>\n<p>Nach-mittags spielen, Sport,<\/p>\n<p>Musik h\u00f6ren, Freunde treffen.<\/p>\n<p>Und abends ein Gute-Nacht-Lied<\/p>\n<p>und ein Abend-gebet.<\/p>\n<h5>Lust auf Schule, Praktikum, Ausbildung oder Tagesbetreuung?<\/h5>\n<p>Wir bieten eine eigene <a href=\"https:\/\/lobetalarbeit.de\/hermann-reske-schule\/\">Schule<\/a>, Ausbildungsst\u00e4tte oder Tagesbetreuung vor der Haust\u00fcr. Sprechen Sie uns gerne an!<\/p>\n<p>&nbsp;<\/p>\n<p>[\/et_pb_text][\/et_pb_column][et_pb_column type=&#8221;2_5&#8243; _builder_version=&#8221;4.16&#8243; _module_preset=&#8221;default&#8221; global_colors_info=&#8221;{}&#8221;][et_pb_image src=&#8221;https:\/\/lobetalarbeit.de\/wp-content\/uploads\/2021\/08\/Homepage-KinderJugend.jpg&#8221; title_text=&#8221;Homepage-KinderJugend&#8221; _builder_version=&#8221;4.16&#8243; _module_preset=&#8221;default&#8221; global_colors_info=&#8221;{}&#8221;][\/et_pb_image][et_pb_text _builder_version=&#8221;4.16&#8243; _module_preset=&#8221;default&#8221; global_colors_info=&#8221;{}&#8221;][\/et_pb_text][\/et_pb_column][\/et_pb_row][\/et_pb_section]<\/p>\n","protected":false},"excerpt":{"rendered":"<p>Ambulant Begleitetes Wohnen f\u00fcr erwachsene Menschen mit Behinderung Du m\u00f6chtest in Deiner eigenen Wohnung wohnen? Du brauchst aber ein wenig Hilfe? Im Ambulant Beglei-teten Wohnen mietest Du Dir selbst eine Wohnung. Du machst alles allein. Zum Beispiel: Deinen Haushalt. Den Einkauf. Deine Angelegen-heiten mit den Beh\u00f6rden. Du \u00fcberlegst Dir, was Du in Deiner Frei-zeit machen [&hellip;]<\/p>\n","protected":false},"author":3,"featured_media":0,"parent":7469,"menu_order":0,"comment_status":"closed","ping_status":"closed","template":"","meta":{"_et_pb_use_builder":"on","_et_pb_old_content":"<p>[et_pb_section fb_built=\"1\" fullwidth=\"on\" _builder_version=\"4.7.7\" _module_preset=\"default\" global_colors_info=\"{}\"][et_pb_fullwidth_header title=\"Weitere Wohnangebote\" text_orientation=\"center\" _builder_version=\"4.9.10\" _module_preset=\"default\" title_font=\"||||||||\" title_text_align=\"right\" title_font_size=\"38px\" background_image=\"https:\/\/lobetalarbeit.de\/wp-content\/uploads\/2021\/07\/Wohnangebote-im-Ueberblick-1.jpg\" min_height=\"290px\" text_shadow_style=\"preset3\" global_colors_info=\"{}\" background_overlay_color__hover_enabled=\"off|desktop\"][\/et_pb_fullwidth_header][\/et_pb_section][et_pb_section fb_built=\"1\" module_id=\"ambulant\" _builder_version=\"4.9.4\" _module_preset=\"default\" global_colors_info=\"{}\"][et_pb_row _builder_version=\"4.7.7\" _module_preset=\"default\" global_colors_info=\"{}\"][et_pb_column type=\"4_4\" _builder_version=\"4.7.7\" _module_preset=\"default\" global_colors_info=\"{}\"][et_pb_text _builder_version=\"4.9.10\" _module_preset=\"default\" global_colors_info=\"{}\"]<\/p><h1><strong>Ambulant Begleitetes Wohnen f\u00fcr erwachsene Menschen mit Behinderung<\/strong><\/h1><p>[\/et_pb_text][\/et_pb_column][\/et_pb_row][et_pb_row column_structure=\"3_5,2_5\" _builder_version=\"4.7.7\" _module_preset=\"default\" width=\"76.6%\" global_colors_info=\"{}\"][et_pb_column type=\"3_5\" _builder_version=\"4.7.7\" _module_preset=\"default\" global_colors_info=\"{}\"][et_pb_text _builder_version=\"4.14.2\" _module_preset=\"default\" global_colors_info=\"{}\"]<\/p><p>Das Ambulant Begleitetes Wohnen (ABW) ist ein Angebot der Lobetalarbeit f\u00fcr Menschen mit Assistenzbedarf, die in der Stadt Celle oder im Landkreis Celle in einer eigenen Wohnung leben. Ziel der Angebote des Ambulant Begleitetes Wohnens ist die gleichberechtigte Teilhabe und St\u00e4rkung der Selbstbestimmung der Klient*innen.<\/p><p>Die Assistenzleistungen umfassen beispielsweise Beratung, Begleitung, Erm\u00f6glichung, Bef\u00e4higung oder Unterst\u00fctzung bei<\/p><ul><li>der Bew\u00e4ltigung des Haushaltes,<\/li><li>der Erledigung beh\u00f6rdlicher Angelegenheiten,<\/li><li>der Gestaltung sozialer Beziehungen,<\/li><li>der Freizeitgestaltung,<\/li><li>Arztbesuchen und der Sicherstellung \u00e4rztlicher Verordnungen,<\/li><li>der Suche nach einer neuen Wohnung oder Arbeitsstelle.<\/li><\/ul><p>Die jeweiligen Assistenzleistungen richten sich dabei nach dem individuellen Bedarf der Klient*innen. Dar\u00fcber hinaus k\u00f6nnen auch Gruppenangebote des Ambulant Begleitetes Wohnens wahrgenommen werden. Diese richten sich nach dem Interessen und W\u00fcnschen der Klient*innen (z.B. Schwimmgruppen, Marktfr\u00fchst\u00fcck, kulturelle Aktivit\u00e4ten) und erm\u00f6glichen soziale Kontakte sowie Teilhabe an spezifischen Ressourcen der Stadt oder des Landkreises (z.B. Theater, Diskothek etc.). Au\u00dferdem stehen den Klient*innen die Angebote des Geistlichen Dienstes sowie des Fachdienstes Psychologie und Gesundheit der Lobetalarbeit zur Verf\u00fcgung.<\/p><p>[\/et_pb_text][\/et_pb_column][et_pb_column type=\"2_5\" _builder_version=\"4.7.7\" _module_preset=\"default\" global_colors_info=\"{}\"][et_pb_image src=\"https:\/\/lobetalarbeit.de\/wp-content\/uploads\/2021\/02\/2017-04-12-13-58-21-174_lob_12042017.jpg\" title_text=\"2017-04-12 13-58-21 - 174_lob_12042017\" _builder_version=\"4.7.7\" _module_preset=\"default\" global_colors_info=\"{}\"][\/et_pb_image][\/et_pb_column][\/et_pb_row][\/et_pb_section][et_pb_section fb_built=\"1\" module_id=\"kinder\" _builder_version=\"4.9.4\" _module_preset=\"default\" background_color=\"#004087\" global_colors_info=\"{}\"][et_pb_row column_structure=\"3_5,2_5\" _builder_version=\"4.7.7\" _module_preset=\"default\" global_colors_info=\"{}\"][et_pb_column type=\"3_5\" _builder_version=\"4.7.7\" _module_preset=\"default\" global_colors_info=\"{}\"][et_pb_text _builder_version=\"4.14.7\" _module_preset=\"default\" background_layout=\"dark\" custom_margin=\"||||false|false\" hover_enabled=\"0\" global_colors_info=\"{}\" sticky_enabled=\"0\"]<\/p><h2><strong>Wohnangebote f\u00fcr Kinder und Jugendliche mit Behinderung<\/strong><\/h2><p>Auf dem H\u00e4uptgel\u00e4nde der Lobetalarbeit befinden sich in den H\u00e4usern Ceder und Linde auf vier Wohngruppen Wohnangebote f\u00fcr schulpflichtige Kinder und Jugendliche mit geistiger Behinderung, wobei ein Leben in familien\u00e4hnlichen Strukturen erm\u00f6glicht wird. Dabei f\u00e4ngt der Tag mit dem gemeinsamen Fr\u00fchst\u00fcck an und h\u00f6rt mit dem \u201eZu-Bett-Bringen\u201c, das h\u00e4ufig von einem Gute-Nacht-Lied oder einem Abendgebet begleitet wird, auf. Dazwischen orientiert sich der Tagesablauf an den Schulzeiten, der Freizeitgestaltung, dem individuellen Assistenzbedarf des Kindes und den allt\u00e4glichen Gruppenaktivit\u00e4ten.<\/p><p><span style=\"color: #ffffff;\">Ziel der Angebote f\u00fcr schulpflichtige Kinder und Jugendliche besteht einerseits in der F\u00f6rderung der Selbst\u00e4ndigkeit und andererseits die Erm\u00f6glichung gleichberechtigter altersgerechter Teilhabem\u00f6glichkeiten.<\/span><\/p><h5>Lust auf Schule, Praktikum, Ausbildung oder Tagesbetreuung?<\/h5><p>Wir bieten eine eigene <a href=\"https:\/\/lobetalarbeit.de\/kindergarten-und-schule\/#reske\">Schule<\/a>, Ausbildungsst\u00e4tte oder Tagesbetreuung vor der Haust\u00fcr. Sprechen Sie uns gerne an!<\/p><p>\u00a0<\/p><p>[\/et_pb_text][\/et_pb_column][et_pb_column type=\"2_5\" _builder_version=\"4.7.7\" _module_preset=\"default\" global_colors_info=\"{}\"][et_pb_image src=\"https:\/\/lobetalarbeit.de\/wp-content\/uploads\/2021\/08\/Homepage-KinderJugend.jpg\" title_text=\"Homepage-KinderJugend\" _builder_version=\"4.9.10\" _module_preset=\"default\" global_colors_info=\"{}\"][\/et_pb_image][et_pb_text _builder_version=\"4.9.4\" _module_preset=\"default\" global_colors_info=\"{}\"][\/et_pb_text][\/et_pb_column][\/et_pb_row][\/et_pb_section]<\/p>","_et_gb_content_width":"","footnotes":""},"class_list":["post-7461","page","type-page","status-publish","hentry"],"_links":{"self":[{"href":"https:\/\/lobetalarbeit.de\/ls-ls\/wp-json\/wp\/v2\/pages\/7461","targetHints":{"allow":["GET"]}}],"collection":[{"href":"https:\/\/lobetalarbeit.de\/ls-ls\/wp-json\/wp\/v2\/pages"}],"about":[{"href":"https:\/\/lobetalarbeit.de\/ls-ls\/wp-json\/wp\/v2\/types\/page"}],"author":[{"embeddable":true,"href":"https:\/\/lobetalarbeit.de\/ls-ls\/wp-json\/wp\/v2\/users\/3"}],"replies":[{"embeddable":true,"href":"https:\/\/lobetalarbeit.de\/ls-ls\/wp-json\/wp\/v2\/comments?post=7461"}],"version-history":[{"count":5,"href":"https:\/\/lobetalarbeit.de\/ls-ls\/wp-json\/wp\/v2\/pages\/7461\/revisions"}],"predecessor-version":[{"id":7777,"href":"https:\/\/lobetalarbeit.de\/ls-ls\/wp-json\/wp\/v2\/pages\/7461\/revisions\/7777"}],"up":[{"embeddable":true,"href":"https:\/\/lobetalarbeit.de\/ls-ls\/wp-json\/wp\/v2\/pages\/7469"}],"wp:attachment":[{"href":"https:\/\/lobetalarbeit.de\/ls-ls\/wp-json\/wp\/v2\/media?parent=7461"}],"curies":[{"name":"wp","href":"https:\/\/api.w.org\/{rel}","templated":true}]}}