{"id":7469,"date":"2021-02-18T15:20:51","date_gmt":"2021-02-18T14:20:51","guid":{"rendered":"https:\/\/lobetalarbeit.de\/?page_id=7469"},"modified":"2023-05-02T15:04:38","modified_gmt":"2023-05-02T13:04:38","slug":"wohnen-in-lobetal","status":"publish","type":"page","link":"https:\/\/lobetalarbeit.de\/ls-ls\/wohnen-in-lobetal\/","title":{"rendered":"Wohnen in Lobetal"},"content":{"rendered":"<p>[et_pb_section fb_built=&#8221;1&#8243; fullwidth=&#8221;on&#8221; _builder_version=&#8221;4.16&#8243; _module_preset=&#8221;default&#8221; global_colors_info=&#8221;{}&#8221;][et_pb_fullwidth_header title=&#8221;Wohnen in Lobetal&#8221; text_orientation=&#8221;center&#8221; _builder_version=&#8221;4.16&#8243; _module_preset=&#8221;default&#8221; title_font=&#8221;||||||||&#8221; title_text_align=&#8221;right&#8221; title_font_size=&#8221;38px&#8221; background_image=&#8221;https:\/\/lobetalarbeit.de\/wp-content\/uploads\/2021\/07\/Wohnangebote-im-Ueberblick-1.jpg&#8221; min_height=&#8221;290px&#8221; text_shadow_style=&#8221;preset3&#8243; global_colors_info=&#8221;{}&#8221; background_overlay_color__hover_enabled=&#8221;off|desktop&#8221;][\/et_pb_fullwidth_header][\/et_pb_section][et_pb_section fb_built=&#8221;1&#8243; _builder_version=&#8221;4.16&#8243; _module_preset=&#8221;default&#8221; global_colors_info=&#8221;{}&#8221;][et_pb_row _builder_version=&#8221;4.16&#8243; _module_preset=&#8221;default&#8221; global_colors_info=&#8221;{}&#8221;][et_pb_column type=&#8221;4_4&#8243; _builder_version=&#8221;4.16&#8243; _module_preset=&#8221;default&#8221; global_colors_info=&#8221;{}&#8221;][et_pb_text _builder_version=&#8221;4.16&#8243; _module_preset=&#8221;default&#8221; global_colors_info=&#8221;{}&#8221;]<\/p>\n<h1><strong>Wohnangebote im \u00dcberblick<br \/>\n<\/strong><\/h1>\n<p>[\/et_pb_text][\/et_pb_column][\/et_pb_row][et_pb_row column_structure=&#8221;1_3,1_3,1_3&#8243; _builder_version=&#8221;4.19.2&#8243; _module_preset=&#8221;default&#8221; global_colors_info=&#8221;{}&#8221;][et_pb_column type=&#8221;1_3&#8243; _builder_version=&#8221;4.19.2&#8243; _module_preset=&#8221;default&#8221; global_colors_info=&#8221;{}&#8221;][et_pb_text _builder_version=&#8221;4.20.2&#8243; _module_preset=&#8221;default&#8221; text_font=&#8221;|600|||||||&#8221; text_font_size=&#8221;20px&#8221; border_radii=&#8221;on|7px|7px|7px|7px&#8221; border_width_all=&#8221;1px&#8221; global_colors_info=&#8221;{}&#8221;]<\/p>\n<p>Du m\u00f6chtest in Lobetal wohnen?<\/p>\n<p>Im Stadt-Gebiet gibt es viele M\u00f6glich-keiten.<\/p>\n<p>Lobetal hat an verschiedenen Stellen<\/p>\n<p>im Stadt-Gebiet Wohnh\u00e4user.<\/p>\n<p>In den H\u00e4usern von Lobetal gibt es <br \/>Wohn-Gruppen.<\/p>\n<p>Hier leben und wohnen Menschen gemeinsam.<\/p>\n<p>Menschen mit einer geisti-gen Behin-derung.<\/p>\n<p>[\/et_pb_text][\/et_pb_column][et_pb_column type=&#8221;1_3&#8243; _builder_version=&#8221;4.19.2&#8243; _module_preset=&#8221;default&#8221; global_colors_info=&#8221;{}&#8221;][et_pb_image src=&#8221;https:\/\/lobetalarbeit.de\/wp-content\/uploads\/2020\/02\/wohnen-in-lobetal-schriftzug.png&#8221; title_text=&#8221;wohnen-in-lobetal-schriftzug&#8221; _builder_version=&#8221;4.19.2&#8243; _module_preset=&#8221;default&#8221; background_color=&#8221;#00208A&#8221; border_radii=&#8221;on|40px|40px|40px|40px&#8221; global_colors_info=&#8221;{}&#8221;][\/et_pb_image][et_pb_text _builder_version=&#8221;4.20.2&#8243; _module_preset=&#8221;default&#8221; text_font=&#8221;|600|||||||&#8221; text_font_size=&#8221;20px&#8221; border_radii=&#8221;on|7px|7px|7px|7px&#8221; border_width_all=&#8221;1px&#8221; global_colors_info=&#8221;{}&#8221;]<\/p>\n<p>Du brauchst manch-mal Hilfe?<\/p>\n<p>Du bekommst Hilfe und Assis-tenz.<\/p>\n<p>Und so lernst Du, Vieles selbst zu tun.<\/p>\n<p>Es gibt Wohn-Gruppen f\u00fcr Er-wachsene.<\/p>\n<p>Und es gibt Wohn-Gruppen f\u00fcr Kinder und Jugend-liche.<\/p>\n<p>[\/et_pb_text][\/et_pb_column][et_pb_column type=&#8221;1_3&#8243; _builder_version=&#8221;4.19.2&#8243; _module_preset=&#8221;default&#8221; global_colors_info=&#8221;{}&#8221;][et_pb_text _builder_version=&#8221;4.20.2&#8243; _module_preset=&#8221;default&#8221; text_font=&#8221;|600|||||||&#8221; text_font_size=&#8221;20px&#8221; border_radii=&#8221;on|7px|7px|7px|7px&#8221; border_width_all=&#8221;1px&#8221; global_colors_info=&#8221;{}&#8221;]<\/p>\n<p>Du m\u00f6chtest die gleichen Dinge tun <br \/>und er-leben,<\/p>\n<p>wie Menschen ohne eine Behinderung?<\/p>\n<p>Das nennt man Teil-habe.<\/p>\n<p>Wir helfen Dir dabei.<\/p>\n<p>Teil-habe st\u00e4rkt Dein Selbst-bewusst-sein.<\/p>\n<p>Du kannst also in Lobetal in Celle wohnen.<\/p>\n<p>Du kannst aber auch in St\u00fcbeckshorn wohnen.<\/p>\n<p>Das ist in der N\u00e4he von Soltau.<\/p>\n<p>&nbsp;<\/p>\n<p>[\/et_pb_text][\/et_pb_column][\/et_pb_row][\/et_pb_section][et_pb_section fb_built=&#8221;1&#8243; disabled_on=&#8221;on|on|on&#8221; _builder_version=&#8221;4.16&#8243; _module_preset=&#8221;default&#8221; disabled=&#8221;on&#8221; global_colors_info=&#8221;{}&#8221;][et_pb_row _builder_version=&#8221;4.16&#8243; _module_preset=&#8221;default&#8221; global_colors_info=&#8221;{}&#8221;][et_pb_column type=&#8221;4_4&#8243; _builder_version=&#8221;4.16&#8243; _module_preset=&#8221;default&#8221; global_colors_info=&#8221;{}&#8221;][et_pb_button button_url=&#8221;https:\/\/lobetalarbeit.de\/job-karriere\/#stellen&#8221; url_new_window=&#8221;on&#8221; button_text=&#8221;Werd\u00b4ein Teil unseres Teams &#8211; Bewirb Dich hier!&#8221; button_alignment=&#8221;center&#8221; _builder_version=&#8221;4.16&#8243; _module_preset=&#8221;default&#8221; global_colors_info=&#8221;{}&#8221;][\/et_pb_button][\/et_pb_column][\/et_pb_row][\/et_pb_section][et_pb_section fb_built=&#8221;1&#8243; _builder_version=&#8221;4.16&#8243; _module_preset=&#8221;default&#8221; global_colors_info=&#8221;{}&#8221;][et_pb_row _builder_version=&#8221;4.16&#8243; _module_preset=&#8221;default&#8221; global_colors_info=&#8221;{}&#8221;][et_pb_column type=&#8221;4_4&#8243; _builder_version=&#8221;4.16&#8243; _module_preset=&#8221;default&#8221; global_colors_info=&#8221;{}&#8221;][et_pb_text _builder_version=&#8221;4.16&#8243; _module_preset=&#8221;default&#8221; global_colors_info=&#8221;{}&#8221;]<\/p>\n<h1><strong>Wohnangebote f\u00fcr erwachsene Menschen mit Behinderung<\/strong><\/h1>\n<p>[\/et_pb_text][et_pb_text _builder_version=&#8221;4.16&#8243; _module_preset=&#8221;default&#8221; global_colors_info=&#8221;{}&#8221;]<\/p>\n<h2><strong>Wohnen am Hauptstandort<br \/>\n<\/strong><\/h2>\n<p>[\/et_pb_text][\/et_pb_column][\/et_pb_row][et_pb_row column_structure=&#8221;1_4,1_4,1_4,1_4&#8243; _builder_version=&#8221;4.16&#8243; _module_preset=&#8221;default&#8221; global_colors_info=&#8221;{}&#8221;][et_pb_column type=&#8221;1_4&#8243; _builder_version=&#8221;4.16&#8243; _module_preset=&#8221;default&#8221; global_colors_info=&#8221;{}&#8221;][et_pb_text _builder_version=&#8221;4.20.2&#8243; _module_preset=&#8221;default&#8221; text_font=&#8221;|600|||||||&#8221; text_font_size=&#8221;20px&#8221; border_radii=&#8221;on|7px|7px|7px|7px&#8221; border_width_all=&#8221;1px&#8221; border_color_all=&#8221;#000000&#8243; global_colors_info=&#8221;{}&#8221;]<\/p>\n<p><strong>Wo ist der Haupt-Standort von Lobetal?<\/strong><\/p>\n<p>Das Haupt-Gel\u00e4nde ist in Celle.<\/p>\n<p>Im Orts-teil Wietzen-bruch<\/p>\n<p><strong>In Wietzen-bruch<\/strong> gibt es:<\/p>\n<ul>\n<li>Super-M\u00e4rkte<\/li>\n<li>Fris\u00f6r<\/li>\n<li>\u00c4rzte<\/li>\n<li>Apotheke<\/li>\n<li>Geld-Automat (hier kannst Du Geld ab-heben)<\/li>\n<li>B\u00e4ckereien<\/li>\n<li>Sport-Anlagen<\/li>\n<li>Imbiss-St\u00e4nde<\/li>\n<\/ul>\n<p>[\/et_pb_text][\/et_pb_column][et_pb_column type=&#8221;1_4&#8243; _builder_version=&#8221;4.20.2&#8243; _module_preset=&#8221;default&#8221; global_colors_info=&#8221;{}&#8221;][et_pb_text _builder_version=&#8221;4.20.2&#8243; _module_preset=&#8221;default&#8221; text_font=&#8221;|600|||||||&#8221; text_font_size=&#8221;20px&#8221; border_radii=&#8221;on|7px|7px|7px|7px&#8221; border_width_all=&#8221;1px&#8221; global_colors_info=&#8221;{}&#8221;]<\/p>\n<p>Du kannst \u00fcber-all zu Fu\u00df <br \/>hin-gehen.<\/p>\n<p>Es ist nicht weit.<\/p>\n<p>Du m\u00f6chtest ins Zentrum der Stadt Celle?<\/p>\n<p>Oder zum Bahnhof?<\/p>\n<p>Dann f\u00e4hrst Du mit dem Bus.<\/p>\n<p>Die Halte-Stelle f\u00fcr den Bus<\/p>\n<p>ist direkt beim Haupt-Gel\u00e4nde.<\/p>\n<p>[\/et_pb_text][\/et_pb_column][et_pb_column type=&#8221;1_4&#8243; _builder_version=&#8221;4.16&#8243; _module_preset=&#8221;default&#8221; global_colors_info=&#8221;{}&#8221;][et_pb_text _builder_version=&#8221;4.20.2&#8243; _module_preset=&#8221;default&#8221; text_font=&#8221;|600|||||||&#8221; text_font_size=&#8221;20px&#8221; border_radii=&#8221;on|7px|7px|7px|7px&#8221; border_width_all=&#8221;1px&#8221; border_color_all=&#8221;#000000&#8243; global_colors_info=&#8221;{}&#8221;]<\/p>\n<p>Oder du f\u00e4hrst mit dem Fahr-rad.<\/p>\n<p>Oder mit dem Auto.<\/p>\n<p>Das geht alles sehr schnell.<\/p>\n<p>Es dauert vielleicht 15 Minuten.<\/p>\n<p>Dann bist Du da.<\/p>\n<p>Auf dem Haupt-gel\u00e4nde<\/p>\n<p>sind tolle <strong>Treff-punkte<\/strong>.<\/p>\n<p>[\/et_pb_text][\/et_pb_column][et_pb_column type=&#8221;1_4&#8243; _builder_version=&#8221;4.16&#8243; _module_preset=&#8221;default&#8221; global_colors_info=&#8221;{}&#8221;][et_pb_text _builder_version=&#8221;4.20.2&#8243; _module_preset=&#8221;default&#8221; text_font=&#8221;|600|||||||&#8221; text_font_size=&#8221;20px&#8221; border_radii=&#8221;on|7px|7px|7px|7px&#8221; border_width_all=&#8221;1px&#8221; border_color_all=&#8221;#000000&#8243; global_colors_info=&#8221;{}&#8221;]<\/p>\n<p>Zum Beispiel:<\/p>\n<p>Die <strong>Martin-Buber-Klause<\/strong>.<\/p>\n<p>In der Martin-Buber-Klause<\/p>\n<p>ist ein kleines <strong>Caf\u00e9<\/strong> und ein <strong>Kiosk<\/strong>.<\/p>\n<p>Es gibt dort auch einen kleinen Buch-laden.<\/p>\n<p>Gleich neben dem Haupt-gel\u00e4nde<\/p>\n<p>Ist der <strong>Abenteuer-Spiel-Platz.<\/strong><\/p>\n<p>Das ist ein Spiel-platz mit Tieren.<\/p>\n<p>Zum Beispiel sind dort:<\/p>\n<p>Esel, Schweine, Kanin-chen, Hamster.<\/p>\n<p>[\/et_pb_text][\/et_pb_column][\/et_pb_row][et_pb_row column_structure=&#8221;1_4,1_4,1_4,1_4&#8243; _builder_version=&#8221;4.16&#8243; _module_preset=&#8221;default&#8221; global_colors_info=&#8221;{}&#8221;][et_pb_column type=&#8221;1_4&#8243; _builder_version=&#8221;4.16&#8243; _module_preset=&#8221;default&#8221; global_colors_info=&#8221;{}&#8221;][et_pb_blurb title=&#8221;Haus Kapernaum &#8221; url=&#8221;\/wohnen-in-der-haupteinrichtung\/#kapernaum&#8221; image=&#8221;https:\/\/lobetalarbeit.de\/wp-content\/uploads\/2021\/07\/Kap.Tabor-16-von-34.jpg&#8221; _builder_version=&#8221;4.20.2&#8243; _module_preset=&#8221;default&#8221; header_font=&#8221;|700|||||||&#8221; header_font_size=&#8221;20px&#8221; link_option_url=&#8221;\/wohnen-in-der-haupteinrichtung\/#kapernaum&#8221; border_radii=&#8221;on|7px|7px|7px|7px&#8221; border_width_all=&#8221;1px&#8221; global_colors_info=&#8221;{}&#8221;]<\/p>\n<p>Das Haus Kaper-na-um ist<br \/>ein Wohn-Haus.<\/p>\n<p>Das Haus hat einen Garten,<br \/>Balkone und Terassen.<\/p>\n<p>Es gibt 3 Wohn-gruppen.<\/p>\n<p>Ins-gesamt wohnen im Haus<br \/>70 erwachsene Menschen.<\/p>\n<p>Hier wohnen Menschen,<br \/>die Hilfe im Alltag<br \/>und in der Pflege bekommen.<\/p>\n<p>Es gibt Gemein-schafts-r\u00e4ume<br \/>und R\u00e4ume zum Aus-ruhen<\/p>\n<p>[\/et_pb_blurb][\/et_pb_column][et_pb_column type=&#8221;1_4&#8243; _builder_version=&#8221;4.16&#8243; _module_preset=&#8221;default&#8221; global_colors_info=&#8221;{}&#8221;][et_pb_blurb title=&#8221;Haus Tabor &#8221; url=&#8221;\/wohnen-in-der-haupteinrichtung\/#tabor&#8221; image=&#8221;https:\/\/lobetalarbeit.de\/wp-content\/uploads\/2021\/08\/Kap.Tabor-22-von-34.jpg&#8221; _builder_version=&#8221;4.20.2&#8243; _module_preset=&#8221;default&#8221; header_font_size=&#8221;20px&#8221; body_font=&#8221;||||||||&#8221; link_option_url=&#8221;\/wohnen-in-der-haupteinrichtung\/#tabor&#8221; border_radii=&#8221;on|7px|7px|7px|7px&#8221; border_width_all=&#8221;1px&#8221; global_colors_info=&#8221;{}&#8221;]<\/p>\n<p>Direkt neben dem Haus Kaper-na-um<br \/>ist das Wohn-haus Tabor.<\/p>\n<p>Haus Tabor hat 3 Wohn-gruppen.<\/p>\n<p>Die Wohn-gruppen sind barriere-frei.<\/p>\n<p>Das hei\u00dft:<\/p>\n<p>Du kommst \u00fcberall mit dem Roll-Stuhl hin.<\/p>\n<p>Insgesamt wohnen im Haus Tabor<br \/>74 erwachsene Menschen.<\/p>\n<p>Hier wohnen Menschen,<br \/>die Hilfe in ihrem All-tag bekommen<\/p>\n<p>Es gibt Einzel-zimmer, Doppel-zimmer<br \/>und Apparte-ments.<br \/>(Apparte-ments sind kleine Wohnungen.)<\/p>\n<p>Es gibt auch Gemein-schafts-r\u00e4ume<br \/>und R\u00e4ume zum Aus-ruhen.<\/p>\n<p>[\/et_pb_blurb][\/et_pb_column][et_pb_column type=&#8221;1_4&#8243; _builder_version=&#8221;4.16&#8243; _module_preset=&#8221;default&#8221; global_colors_info=&#8221;{}&#8221;][et_pb_blurb title=&#8221;Haus Jerusalem&#8221; url=&#8221;\/wohnen-in-der-haupteinrichtung\/#jerusalem&#8221; image=&#8221;https:\/\/lobetalarbeit.de\/wp-content\/uploads\/2021\/02\/Jerusalem-18-von-20-scaled.jpg&#8221; _builder_version=&#8221;4.20.2&#8243; _module_preset=&#8221;default&#8221; header_font_size=&#8221;20px&#8221; link_option_url=&#8221;\/wohnen-in-der-haupteinrichtung\/#jerusalem&#8221; border_radii=&#8221;on|7px|7px|7px|7px&#8221; border_width_all=&#8221;1px&#8221; global_colors_info=&#8221;{}&#8221;]<\/p>\n<p>Im Haus Jerusalem leben<br \/>39 erwachsene Menschen.<\/p>\n<p>Das Haus Jerusalem<br \/>hat Einzel-Zimmer.<\/p>\n<p>Es gibt 10 Wohn-gemein-schaften<br \/>im Haus Jerusalem.<\/p>\n<p>Jede Wohn-gemein-schaft hat<br \/>eine K\u00fcche,<br \/>ein Wohn-zimmer,<br \/>und ein Bade-zimmer<\/p>\n<p>Das Haus Jerusalem hat WLAN.<\/p>\n<p>In Deiner Frei-zeit kannst Du<br \/>zum Beispiel<br \/>Kickern und Billiard spielen.<\/p>\n<p>Der Abenteuer-spiel-platz<br \/>ist direkt nebenan.<\/p>\n<p>Zum Haus Jerusalem geh\u00f6rt<br \/>noch ein weiteres Haus.<\/p>\n<p>Das andere Haus hei\u00dft \u201eAltes Pastorat\u201c.<\/p>\n<p>Das ist ein Ein-familien-haus<br \/>mit einem Garten.<\/p>\n<p>[\/et_pb_blurb][\/et_pb_column][et_pb_column type=&#8221;1_4&#8243; _builder_version=&#8221;4.16&#8243; _module_preset=&#8221;default&#8221; global_colors_info=&#8221;{}&#8221;][et_pb_blurb title=&#8221;Haus Siloah&#8221; url=&#8221;\/wohnen-in-der-haupteinrichtung\/#siloah&#8221; image=&#8221;https:\/\/lobetalarbeit.de\/wp-content\/uploads\/2021\/02\/Siloah-5-von-15-scaled.jpg&#8221; _builder_version=&#8221;4.20.2&#8243; _module_preset=&#8221;default&#8221; header_font_size=&#8221;20px&#8221; link_option_url=&#8221;\/wohnen-in-der-haupteinrichtung\/#siloah&#8221; border_radii=&#8221;on|7px|7px|7px|7px&#8221; border_width_all=&#8221;1px&#8221; global_colors_info=&#8221;{}&#8221;]<\/p>\n<p>Im Haus Siloah<br \/>Leben 48 erwachsene Menschen,<br \/>die Hilfe in Ihrem Alltag ben\u00f6tigen.<\/p>\n<p>Das Haus hat 5 Wohn-gruppen.<\/p>\n<p>Auf jeder Wohn-gruppe gibt es<br \/>Einzel-zimmer und Doppel-zimmer.<\/p>\n<p>Und es gibt Gemein-schafts-r\u00e4ume.<\/p>\n<p>Das Haus Siloah hat Balkone und Terassen,<br \/>einen Garten und einen Innen-hof.<\/p>\n<p>Im Innen-hof kann man tolle Feste feiern.<\/p>\n<p>Haus und Garten sind barriere-frei.<\/p>\n<p>Das hei\u00dft:<\/p>\n<p>Du kannst \u00fcber-all<br \/>mit einem Roll-stuhl fahren.<\/p>\n<p>[\/et_pb_blurb][\/et_pb_column][\/et_pb_row][et_pb_row column_structure=&#8221;1_4,1_4,1_4,1_4&#8243; _builder_version=&#8221;4.16&#8243; _module_preset=&#8221;default&#8221; global_colors_info=&#8221;{}&#8221;][et_pb_column type=&#8221;1_4&#8243; _builder_version=&#8221;4.16&#8243; _module_preset=&#8221;default&#8221; global_colors_info=&#8221;{}&#8221;][et_pb_blurb title=&#8221;Haus Bethesda&#8221; url=&#8221;\/wohnen-in-der-haupteinrichtung\/#bethesda&#8221; image=&#8221;https:\/\/lobetalarbeit.de\/wp-content\/uploads\/2021\/02\/Bethesda.png&#8221; _builder_version=&#8221;4.20.2&#8243; _module_preset=&#8221;default&#8221; header_font_size=&#8221;20px&#8221; link_option_url=&#8221;\/wohnen-in-der-haupteinrichtung\/#bethesda&#8221; border_radii=&#8221;on|7px|7px|7px|7px&#8221; border_width_all=&#8221;1px&#8221; global_colors_info=&#8221;{}&#8221;]<\/p>\n<p>Im Haus Bethesda<br \/>leben 24 erwachsene Menschen,<\/p>\n<p>die Hilfe in Ihrem All-tag brauchen.<\/p>\n<p>Das Haus hat 2 Wohn-gruppen.<\/p>\n<p>Beide Wohn-gruppen sind unten.<\/p>\n<p>Du kannst direkt in den Garten.<\/p>\n<p>Auf jeder Wohn-gruppe gibt es<br \/>Einzel-zimmer, Doppel-zimmer<br \/>und Gruppen-r\u00e4ume.<\/p>\n<p>Im Garten kann man toll feiern<br \/>grillen und spielen.<\/p>\n<p>Haus und Garten sind barriere-frei.<\/p>\n<p>Das hei\u00dft:<\/p>\n<p>Du kannst \u00fcber-all<br \/>mit dem Roll-stuhl hin fahren.<\/p>\n<p>Ganz in der N\u00e4he ist der Abenteuer-spielplatz.<\/p>\n<p>[\/et_pb_blurb][\/et_pb_column][et_pb_column type=&#8221;1_4&#8243; _builder_version=&#8221;4.16&#8243; _module_preset=&#8221;default&#8221; global_colors_info=&#8221;{}&#8221;][et_pb_blurb title=&#8221;Haus Arche&#8221; url=&#8221;\/wohnen-in-der-haupteinrichtung\/#arche&#8221; image=&#8221;https:\/\/lobetalarbeit.de\/wp-content\/uploads\/2021\/02\/Gelaende_24.6.2020-1-von-1-2-scaled.jpg&#8221; _builder_version=&#8221;4.20.2&#8243; _module_preset=&#8221;default&#8221; header_font_size=&#8221;20px&#8221; link_option_url=&#8221;\/wohnen-in-der-haupteinrichtung\/#arche&#8221; border_radii=&#8221;on|7px|7px|7px|7px&#8221; border_width_all=&#8221;1px&#8221; global_colors_info=&#8221;{}&#8221;]<\/p>\n<p>In Haus Arche k\u00f6nnen<br \/>20 Menschen wohnen.<\/p>\n<p>Menschen, die eine Behinderung haben.<\/p>\n<p>Menschen, die Hilfe im Alltag brauchen.<\/p>\n<p>Das Haus Arche hat<br \/>3 Wohn-gruppen.<\/p>\n<p>Auf den Wohn-gruppen<br \/>gibt es Einzel-Zimmer.<\/p>\n<p>Und es gibt Gemeinschafts-r\u00e4ume,<br \/>Balkone und Terassen.<\/p>\n<p>[\/et_pb_blurb][\/et_pb_column][et_pb_column type=&#8221;1_4&#8243; _builder_version=&#8221;4.16&#8243; _module_preset=&#8221;default&#8221; global_colors_info=&#8221;{}&#8221;][et_pb_blurb title=&#8221;Haus Buche&#8221; url=&#8221;\/wohnen-in-der-haupteinrichtung\/#buche&#8221; image=&#8221;https:\/\/lobetalarbeit.de\/wp-content\/uploads\/2021\/05\/Haus_Bucher-scaled.jpg&#8221; _builder_version=&#8221;4.20.2&#8243; _module_preset=&#8221;default&#8221; header_font_size=&#8221;20px&#8221; link_option_url=&#8221;\/wohnen-in-der-haupteinrichtung\/#buche&#8221; border_radii=&#8221;on|7px|7px|7px|7px&#8221; border_width_all=&#8221;1px&#8221; global_colors_info=&#8221;{}&#8221;]<\/p>\n<p>Im Haus Buche leben<br \/>13 erwachsene Menschen,<br \/>die Hilfe in Ihrem Alltag ben\u00f6tigen.<\/p>\n<p>Haus Buche hat Einzel-zimmer.<\/p>\n<p>Es gibt ein gemein-sames<br \/>Wohn-zimmer und ein Ess-zimmer.<\/p>\n<p>Die gemein-samen Freizeit-r\u00e4ume<br \/>haben zum Beispiel<br \/>einen Kicker und<br \/>einen Billiard-Tisch.<\/p>\n<p>Im Garten kann man toll entspannen<br \/>oder sich mit Freunden treffen.<\/p>\n<p>[\/et_pb_blurb][\/et_pb_column][et_pb_column type=&#8221;1_4&#8243; _builder_version=&#8221;4.16&#8243; _module_preset=&#8221;default&#8221; global_colors_info=&#8221;{}&#8221;][et_pb_blurb title=&#8221;Haus Eiche&#8221; url=&#8221;\/wohnen-in-der-haupteinrichtung\/#eiche&#8221; image=&#8221;https:\/\/lobetalarbeit.de\/wp-content\/uploads\/2021\/02\/Hs.-Eich-8-von-19.png&#8221; _builder_version=&#8221;4.20.2&#8243; _module_preset=&#8221;default&#8221; header_font_size=&#8221;20px&#8221; link_option_url=&#8221;\/wohnen-in-der-haupteinrichtung\/#eiche&#8221; border_radii=&#8221;on|7px|7px|7px|7px&#8221; border_width_all=&#8221;1px&#8221; global_colors_info=&#8221;{}&#8221;]<\/p>\n<p>Haus Eiche hat 4 Wohn-gruppen.<\/p>\n<p>Dort leben 64 erwachsene Menschen,<br \/>die Hilfe in Ihrem All-tag brauchen.<\/p>\n<p>Die Wohn-gruppen haben<br \/>Doppel- und Einzel-zimmer.<\/p>\n<p>Haus Eiche ist barriere-frei.<\/p>\n<p>Es gibt einen Snoezelen-Raum<br \/>zum ent-spannen.<\/p>\n<p>Und ein Indoor-Trampolin zum toben.<\/p>\n<p>Im gro\u00dfen Garten gibt es einen Pool<br \/>und ein Au\u00dfen-Trampolin.<\/p>\n<p>Ganz in der N\u00e4he ist<br \/>der Abenteuer-spielplatz.<\/p>\n<p>[\/et_pb_blurb][\/et_pb_column][\/et_pb_row][et_pb_row column_structure=&#8221;1_4,1_4,1_4,1_4&#8243; _builder_version=&#8221;4.16&#8243; _module_preset=&#8221;default&#8221; global_colors_info=&#8221;{}&#8221;][et_pb_column type=&#8221;1_4&#8243; _builder_version=&#8221;4.16&#8243; _module_preset=&#8221;default&#8221; global_colors_info=&#8221;{}&#8221;][et_pb_blurb title=&#8221;Haus Ahorn&#8221; url=&#8221;\/wohnen-in-der-haupteinrichtung\/#ahorn&#8221; image=&#8221;https:\/\/lobetalarbeit.de\/wp-content\/uploads\/2021\/02\/Ahorn_homepage-7-von-18-scaled.jpg&#8221; _builder_version=&#8221;4.20.2&#8243; _module_preset=&#8221;default&#8221; header_font_size=&#8221;20px&#8221; link_option_url=&#8221;\/wohnen-in-der-haupteinrichtung\/#ahorn&#8221; border_radii=&#8221;on|7px|7px|7px|7px&#8221; border_width_all=&#8221;1px&#8221; global_colors_info=&#8221;{}&#8221;]<\/p>\n<p>Im Haus Ahorn<br \/>gibt es 2 Wohn-gruppen.<\/p>\n<p>Es leben dort 20 erwachsene Menschen.<\/p>\n<p>Sie bekommen Hilfe im All-tag.<\/p>\n<p>Es gibt Einzel-zimmer<br \/>und Doppel-zimmer.<\/p>\n<p>Und es gibt Gemein-schafts-r\u00e4umer.<\/p>\n<p>Zum Beispiel:<\/p>\n<p>Ess-zimmer und Wohn-zimmer.<\/p>\n<p>Haus Ahorn hat<br \/>einen Garten und einen Innen-hof.<\/p>\n<p>Haus und Garten sind barriere-frei.<\/p>\n<p>Das hei\u00dft:<\/p>\n<p>Du kannst \u00fcber-all<br \/>mit einem Roll-stuhl fahren.<\/p>\n<p>[\/et_pb_blurb][\/et_pb_column][et_pb_column type=&#8221;1_4&#8243; _builder_version=&#8221;4.16&#8243; _module_preset=&#8221;default&#8221; global_colors_info=&#8221;{}&#8221;][et_pb_blurb title=&#8221;Haus Kana&#8221; url=&#8221;\/wohnen-in-der-haupteinrichtung\/#kana&#8221; image=&#8221;https:\/\/lobetalarbeit.de\/wp-content\/uploads\/2021\/05\/Startseite_grosses-Bild-1-scaled.jpg&#8221; _builder_version=&#8221;4.20.2&#8243; _module_preset=&#8221;default&#8221; header_font_size=&#8221;20px&#8221; link_option_url=&#8221;\/wohnen-in-der-haupteinrichtung\/#kana&#8221; border_radii=&#8221;on|7px|7px|7px|7px&#8221; border_width_all=&#8221;1px&#8221; global_colors_info=&#8221;{}&#8221;]<\/p>\n<p>Im Haus Kana wohnen<br \/>16 erwachsene Menschen.<\/p>\n<p>Das Haus Kana hat<br \/>drei weitere Wohnungen.<\/p>\n<p>Dort k\u00f6nnen 7 erwachsene Menschen wohnen.<\/p>\n<p>Die Wohnungen sind in der N\u00e4he<br \/>von Haus Kana.<\/p>\n<p>Das Haus Kana hat WLAN.<\/p>\n<p>[\/et_pb_blurb][\/et_pb_column][et_pb_column type=&#8221;1_4&#8243; _builder_version=&#8221;4.16&#8243; _module_preset=&#8221;default&#8221; global_colors_info=&#8221;{}&#8221;][et_pb_blurb title=&#8221;Haus Mara&#8221; url=&#8221;\/wohnen-in-der-haupteinrichtung\/#mara&#8221; image=&#8221;https:\/\/lobetalarbeit.de\/wp-content\/uploads\/2021\/07\/Haus-Mara-5-von-14.jpg&#8221; _builder_version=&#8221;4.20.2&#8243; _module_preset=&#8221;default&#8221; header_font_size=&#8221;20px&#8221; link_option_url=&#8221;\/wohnen-in-der-haupteinrichtung\/#mara&#8221; border_radii=&#8221;on|7px|7px|7px|7px&#8221; border_width_all=&#8221;1px&#8221; global_colors_info=&#8221;{}&#8221;]<\/p>\n<p>Das Wohn-haus Mara<br \/>hat 2 Wohn-gruppen.<\/p>\n<p>Es leben dort<br \/>18 Frauen und M\u00e4nner.<\/p>\n<p>Im Haus gibt es<br \/>Einzel-zimmer und Doppel-zimmer<br \/>und es gibt einen<br \/>Besch\u00e4ftigungs-raum.<\/p>\n<p>Hier kannst Du zum Beispiel<br \/>basteln oder Spiele spielen.<\/p>\n<p>Du bekommst auch Hilfe dabei,<br \/>wenn Du das m\u00f6chtest.<\/p>\n<p>Auf jeder Wohn-gruppe<br \/>ist ein Wohn-zimmer<br \/>und ein Ess-zimmer.<\/p>\n<p>Haus Mara hat einen Garten.<\/p>\n<p>Im Garten kannst Du<br \/>Dich aus-ruhen.<\/p>\n<p>[\/et_pb_blurb][\/et_pb_column][et_pb_column type=&#8221;1_4&#8243; _builder_version=&#8221;4.16&#8243; _module_preset=&#8221;default&#8221; global_colors_info=&#8221;{}&#8221;][\/et_pb_column][\/et_pb_row][\/et_pb_section][et_pb_section fb_built=&#8221;1&#8243; _builder_version=&#8221;4.16&#8243; _module_preset=&#8221;default&#8221; background_color=&#8221;#004087&#8243; global_colors_info=&#8221;{}&#8221;][et_pb_row column_structure=&#8221;1_3,1_3,1_3&#8243; _builder_version=&#8221;4.16&#8243; _module_preset=&#8221;default&#8221; global_colors_info=&#8221;{}&#8221;][et_pb_column type=&#8221;1_3&#8243; _builder_version=&#8221;4.16&#8243; _module_preset=&#8221;default&#8221; global_colors_info=&#8221;{}&#8221;][et_pb_text _builder_version=&#8221;4.20.2&#8243; _module_preset=&#8221;default&#8221; text_font=&#8221;|600|||||||&#8221; text_font_size=&#8221;19px&#8221; background_layout=&#8221;dark&#8221; custom_margin=&#8221;||||false|false&#8221; global_colors_info=&#8221;{}&#8221;]<\/p>\n<h2><strong>Wohnen in der Kirchstra\u00dfe &#8211; Leben am Puls der Stadt<\/strong><\/h2>\n<p>Das Wohn-haus in der Kirch-stra\u00dfe<br \/>hat 5 Wohnungen.<\/p>\n<p>Es gibt dort kleine Wohnungen.<\/p>\n<p>Und gro\u00dfe Wohnungen.<\/p>\n<p>Die kleinen Wohnungen haben 2 Einzel-zimmer.<\/p>\n<p>Die gro\u00dfen Wohnungen haben 4 Einzel-zimmer<br \/>oder sie haben 6 Einzel-zimmer.<\/p>\n<p>Alle Wohnungen sind barriere-frei.<\/p>\n<p>[\/et_pb_text][et_pb_button button_url=&#8221;@ET-DC@eyJkeW5hbWljIjp0cnVlLCJjb250ZW50IjoicG9zdF9saW5rX3VybF9wYWdlIiwic2V0dGluZ3MiOnsicG9zdF9pZCI6IjEwNDIifX0=@&#8221; button_text=&#8221;Erfahren Sie hier mehr&#8221; _builder_version=&#8221;4.16&#8243; _dynamic_attributes=&#8221;button_url&#8221; _module_preset=&#8221;default&#8221; custom_button=&#8221;on&#8221; button_text_color=&#8221;#000000&#8243; button_bg_color=&#8221;#ffffff&#8221; custom_margin=&#8221;53px|||||&#8221; global_colors_info=&#8221;{}&#8221;][\/et_pb_button][\/et_pb_column][et_pb_column type=&#8221;1_3&#8243; _builder_version=&#8221;4.16&#8243; _module_preset=&#8221;default&#8221; global_colors_info=&#8221;{}&#8221;][et_pb_image src=&#8221;https:\/\/lobetalarbeit.de\/wp-content\/uploads\/2021\/02\/DSC_0276.jpg&#8221; title_text=&#8221;DSC_0276&#8243; _builder_version=&#8221;4.16&#8243; _module_preset=&#8221;default&#8221; global_colors_info=&#8221;{}&#8221;][\/et_pb_image][et_pb_text _builder_version=&#8221;4.20.2&#8243; _module_preset=&#8221;default&#8221; text_font=&#8221;|600|||||||&#8221; text_font_size=&#8221;19px&#8221; background_layout=&#8221;dark&#8221; custom_margin=&#8221;||||false|false&#8221; global_colors_info=&#8221;{}&#8221;]<\/p>\n<p>Jede Wohnung hat<\/p>\n<ul>\n<li>einen Gemein-schafts-raum<\/li>\n<li>einen gro\u00dfen Balkon<\/li>\n<li>oder eine Terrasse<strong>.<\/strong><\/li>\n<\/ul>\n<ul>\n<li>eine Gemeinschafts-k\u00fcche<\/li>\n<li>einen eigenen Zugang zur Treppe<\/li>\n<li>und zum Fahr-Stuhl.<\/li>\n<\/ul>\n<p>Es gibt in jeder Wohnung<br \/>Internet mit WLAN.<\/p>\n<p>Das Wohnhaus in der Kirch-stra\u00dfe ist in Celle.<\/p>\n<p>[\/et_pb_text][\/et_pb_column][et_pb_column type=&#8221;1_3&#8243; _builder_version=&#8221;4.16&#8243; _module_preset=&#8221;default&#8221; global_colors_info=&#8221;{}&#8221;][et_pb_text _builder_version=&#8221;4.20.2&#8243; _module_preset=&#8221;default&#8221; text_font=&#8221;|600|||||||&#8221; text_font_size=&#8221;19px&#8221; custom_padding=&#8221;0px|||||&#8221; global_colors_info=&#8221;{}&#8221;]<\/p>\n<p><span style=\"color: #ffffff;\">Im <strong>Stadt-teil Neuen-H\u00e4usen<\/strong>.<\/span><\/p>\n<p><span style=\"color: #ffffff;\">In der N\u00e4he sind zum Beispiel:<\/span><\/p>\n<ul>\n<li><span style=\"color: #ffffff;\">der Bahnhof<\/span><\/li>\n<li><span style=\"color: #ffffff;\">Super-m\u00e4rkte<\/span><\/li>\n<li><span style=\"color: #ffffff;\">B\u00e4ckerei<\/span><\/li>\n<li><span style=\"color: #ffffff;\">Restaurants<\/span><\/li>\n<li><span style=\"color: #ffffff;\">Kirche<\/span><\/li>\n<li><span style=\"color: #ffffff;\">\u00c4rzte<\/span><\/li>\n<li><span style=\"color: #ffffff;\">Apotheke<\/span><\/li>\n<li><span style=\"color: #ffffff;\">Sportstudio<\/span><\/li>\n<li><span style=\"color: #ffffff;\">Friseur<\/span><\/li>\n<li><span style=\"color: #ffffff;\">Park<\/span><\/li>\n<\/ul>\n<p><span style=\"color: #ffffff;\">Du m\u00f6chtest zum Schwimm-bad?<\/span><\/p>\n<p><span style=\"color: #ffffff;\">Oder zu einem Sport-verein?<\/span><\/p>\n<p><span style=\"color: #ffffff;\">Du kannst \u00fcberall zu Fu\u00df hin-gehen.<\/span><\/p>\n<p><span style=\"color: #ffffff;\">Oder mit dem Fahr-rad fahren.<\/span><\/p>\n<p><span style=\"color: #ffffff;\">Es ist nicht weit.<\/span><\/p>\n<p>&nbsp;<\/p>\n<p>[\/et_pb_text][\/et_pb_column][\/et_pb_row][\/et_pb_section][et_pb_section fb_built=&#8221;1&#8243; _builder_version=&#8221;4.16&#8243; _module_preset=&#8221;default&#8221; global_colors_info=&#8221;{}&#8221;][et_pb_row _builder_version=&#8221;4.16&#8243; _module_preset=&#8221;default&#8221; global_colors_info=&#8221;{}&#8221;][et_pb_column type=&#8221;4_4&#8243; _builder_version=&#8221;4.16&#8243; _module_preset=&#8221;default&#8221; global_colors_info=&#8221;{}&#8221;][et_pb_text _builder_version=&#8221;4.16&#8243; _module_preset=&#8221;default&#8221; global_colors_info=&#8221;{}&#8221;]<\/p>\n<h2>Weitere Standorte<\/h2>\n<p>[\/et_pb_text][\/et_pb_column][\/et_pb_row][et_pb_row _builder_version=&#8221;4.16&#8243; _module_preset=&#8221;default&#8221; global_colors_info=&#8221;{}&#8221;][et_pb_column type=&#8221;4_4&#8243; _builder_version=&#8221;4.16&#8243; _module_preset=&#8221;default&#8221; global_colors_info=&#8221;{}&#8221;][et_pb_blurb url=&#8221;@ET-DC@eyJkeW5hbWljIjp0cnVlLCJjb250ZW50IjoicG9zdF9saW5rX3VybF9wYWdlIiwic2V0dGluZ3MiOnsicG9zdF9pZCI6IjEwNTMifX0=@&#8221; image=&#8221;https:\/\/lobetalarbeit.de\/wp-content\/uploads\/2021\/02\/DSC_0098.jpg&#8221; image_icon_width=&#8221;107%&#8221; content_max_width=&#8221;661px&#8221; _builder_version=&#8221;4.20.2&#8243; _dynamic_attributes=&#8221;url,link_option_url&#8221; _module_preset=&#8221;default&#8221; link_option_url=&#8221;@ET-DC@eyJkeW5hbWljIjp0cnVlLCJjb250ZW50IjoicG9zdF9saW5rX3VybF9wYWdlIiwic2V0dGluZ3MiOnsicG9zdF9pZCI6IjEwNTMifX0=@&#8221; global_colors_info=&#8221;{}&#8221;][\/et_pb_blurb][\/et_pb_column][\/et_pb_row][et_pb_row column_structure=&#8221;1_2,1_2&#8243; _builder_version=&#8221;4.20.2&#8243; _module_preset=&#8221;default&#8221; border_radii=&#8221;on|7px|7px|7px|7px&#8221; border_width_all=&#8221;1px&#8221; global_colors_info=&#8221;{}&#8221;][et_pb_column type=&#8221;1_2&#8243; _builder_version=&#8221;4.16&#8243; _module_preset=&#8221;default&#8221; global_colors_info=&#8221;{}&#8221;][et_pb_text _builder_version=&#8221;4.20.2&#8243; _module_preset=&#8221;default&#8221; text_font=&#8221;|600|||||||&#8221; text_font_size=&#8221;19px&#8221; global_colors_info=&#8221;{}&#8221;]<\/p>\n<h1>Wohnen in der Rostocker Stra\u00dfe<\/h1>\n<p>Das Wohn-haus in der Rostocker Stra\u00dfe<br \/>ist in Celle im <strong>Stadt-teil Heese.<\/strong><\/p>\n<p>Im Haus leben 8 Personen,<br \/>die Hilfe im Alltag brauchen.<\/p>\n<p>Es gibt drei kleine Wohn-gemein-schaften.<\/p>\n<p>Es ist alles barriere-frei.<\/p>\n<p>Internet-Zugang gibt es \u00fcber W-LAN.<\/p>\n<p>[\/et_pb_text][\/et_pb_column][et_pb_column type=&#8221;1_2&#8243; _builder_version=&#8221;4.16&#8243; _module_preset=&#8221;default&#8221; global_colors_info=&#8221;{}&#8221;][et_pb_text _builder_version=&#8221;4.20.2&#8243; _module_preset=&#8221;default&#8221; text_font=&#8221;|600|||||||&#8221; text_font_size=&#8221;19px&#8221; global_colors_info=&#8221;{}&#8221;]<\/p>\n<p>In der N\u00e4he der Rostocker-Stra\u00dfe<br \/>ist der Lauen-stein-platz.<\/p>\n<p>Dort gibt es zum Beispiel:<\/p>\n<ul>\n<li>Kleine Gesch\u00e4fte<\/li>\n<li>ein Caf\u00e9, eine Eisdiele<\/li>\n<li>ein Restaurant<\/li>\n<li>einen Supermarkt<\/li>\n<li>eine Sparkasse<\/li>\n<li>eine Apotheke<\/li>\n<\/ul>\n<p>Und mit dem Bus bist Du ganz schnell<\/p>\n<ul>\n<li>in der Innenstadt von Celle<\/li>\n<li>am Bahnhof<\/li>\n<li>oder beim Sportverein<\/li>\n<\/ul>\n<p>[\/et_pb_text][\/et_pb_column][\/et_pb_row][\/et_pb_section][et_pb_section fb_built=&#8221;1&#8243; _builder_version=&#8221;4.21.0&#8243; _module_preset=&#8221;default&#8221; background_color=&#8221;#00208A&#8221; global_colors_info=&#8221;{}&#8221;][et_pb_row _builder_version=&#8221;4.16&#8243; _module_preset=&#8221;default&#8221; global_colors_info=&#8221;{}&#8221;][et_pb_column type=&#8221;4_4&#8243; _builder_version=&#8221;4.16&#8243; _module_preset=&#8221;default&#8221; global_colors_info=&#8221;{}&#8221;][et_pb_blurb url=&#8221;@ET-DC@eyJkeW5hbWljIjp0cnVlLCJjb250ZW50IjoicG9zdF9saW5rX3VybF9wYWdlIiwic2V0dGluZ3MiOnsicG9zdF9pZCI6Ijg4NCJ9fQ==@&#8221; image=&#8221;https:\/\/lobetalarbeit.de\/wp-content\/uploads\/2021\/02\/Osterberg-Gaense-2.png&#8221; content_max_width=&#8221;661px&#8221; _builder_version=&#8221;4.21.0&#8243; _dynamic_attributes=&#8221;url,link_option_url&#8221; _module_preset=&#8221;default&#8221; link_option_url=&#8221;@ET-DC@eyJkeW5hbWljIjp0cnVlLCJjb250ZW50IjoicG9zdF9saW5rX3VybF9wYWdlIiwic2V0dGluZ3MiOnsicG9zdF9pZCI6Ijg4NCJ9fQ==@&#8221; global_colors_info=&#8221;{}&#8221;][\/et_pb_blurb][\/et_pb_column][\/et_pb_row][et_pb_row column_structure=&#8221;1_2,1_2&#8243; _builder_version=&#8221;4.21.0&#8243; _module_preset=&#8221;default&#8221; border_radii=&#8221;on|7px|7px|7px|7px&#8221; border_width_all=&#8221;1px&#8221; border_color_all=&#8221;#FFFFFF&#8221; global_colors_info=&#8221;{}&#8221;][et_pb_column type=&#8221;1_2&#8243; _builder_version=&#8221;4.16&#8243; _module_preset=&#8221;default&#8221; global_colors_info=&#8221;{}&#8221;][et_pb_text _builder_version=&#8221;4.21.0&#8243; _module_preset=&#8221;default&#8221; text_font=&#8221;|600|||||||&#8221; text_text_color=&#8221;#FFFFFF&#8221; text_font_size=&#8221;19px&#8221; global_colors_info=&#8221;{}&#8221;]<\/p>\n<h1><span style=\"color: #ffffff;\">Wohnen auf dem Oster-berg<\/span><\/h1>\n<p>Der Oster-berg liegt im im Orts-teil Gar\u00dfen.<\/p>\n<p>Das ist etwas au\u00dfer-halb von Celle.<\/p>\n<p>Auf dem Oster-berg gibt es<br \/>zwei Wohn-h\u00e4user.<\/p>\n<p>Hier wohnen 16 Menschen,<br \/>die Hilfe im Alltag brauchen.<\/p>\n<p>In beiden H\u00e4usern gibt es W-Lan.<\/p>\n<p>Auf dem Osterberg zu wohnen,<br \/>ist etwas Besonderes.<\/p>\n<p>[\/et_pb_text][\/et_pb_column][et_pb_column type=&#8221;1_2&#8243; _builder_version=&#8221;4.16&#8243; _module_preset=&#8221;default&#8221; global_colors_info=&#8221;{}&#8221;][et_pb_text _builder_version=&#8221;4.21.0&#8243; _module_preset=&#8221;default&#8221; text_font=&#8221;|600|||||||&#8221; text_font_size=&#8221;19px&#8221; global_colors_info=&#8221;{}&#8221;]<\/p>\n<p><span style=\"color: #ffffff;\">Warum?<\/span><\/p>\n<p><span style=\"color: #ffffff;\">Der Osterberg ist ein richtiger kleiner Berg.<\/span><\/p>\n<p><span style=\"color: #ffffff;\">Hier gibt es viel Wald und Wiesen.<\/span><\/p>\n<p><span style=\"color: #ffffff;\">Zum Osterberg geh\u00f6rt ein Damm-Wild-Gehege.<\/span><\/p>\n<p><span style=\"color: #ffffff;\">Hier leben Rehe und Hirsche.<\/span><\/p>\n<p><span style=\"color: #ffffff;\">Aber auch Moor-Schafe,<\/span><br \/><span style=\"color: #ffffff;\">H\u00fchner, Enten und G\u00e4nse.<\/span><\/p>\n<p><span style=\"color: #ffffff;\">Der Osterberg hat einen Swimming-Pool,<\/span><br \/><span style=\"color: #ffffff;\">den man heizen kann.<\/span><\/p>\n<p><span style=\"color: #ffffff;\">Und einen Sportplatz.<\/span><\/p>\n<p><span style=\"color: #ffffff;\">In Gar\u00dfen gibt es Sport-vereine.<\/span><\/p>\n<p><span style=\"color: #ffffff;\">Und Dorf-feste.<\/span><\/p>\n<p>[\/et_pb_text][\/et_pb_column][\/et_pb_row][\/et_pb_section][et_pb_section fb_built=&#8221;1&#8243; _builder_version=&#8221;4.16&#8243; _module_preset=&#8221;default&#8221; global_colors_info=&#8221;{}&#8221;][et_pb_row _builder_version=&#8221;4.16&#8243; _module_preset=&#8221;default&#8221; global_colors_info=&#8221;{}&#8221;][et_pb_column type=&#8221;4_4&#8243; _builder_version=&#8221;4.16&#8243; _module_preset=&#8221;default&#8221; global_colors_info=&#8221;{}&#8221;][et_pb_blurb url=&#8221;@ET-DC@eyJkeW5hbWljIjp0cnVlLCJjb250ZW50IjoicG9zdF9saW5rX3VybF9wYWdlIiwic2V0dGluZ3MiOnsicG9zdF9pZCI6Ijg5NyJ9fQ==@&#8221; image=&#8221;https:\/\/lobetalarbeit.de\/wp-content\/uploads\/2021\/02\/IMG_7981.jpg&#8221; content_max_width=&#8221;661px&#8221; _builder_version=&#8221;4.20.2&#8243; _dynamic_attributes=&#8221;url,link_option_url&#8221; _module_preset=&#8221;default&#8221; link_option_url=&#8221;@ET-DC@eyJkeW5hbWljIjp0cnVlLCJjb250ZW50IjoicG9zdF9saW5rX3VybF9wYWdlIiwic2V0dGluZ3MiOnsicG9zdF9pZCI6Ijg5NyJ9fQ==@&#8221; global_colors_info=&#8221;{}&#8221;][\/et_pb_blurb][\/et_pb_column][\/et_pb_row][et_pb_row column_structure=&#8221;1_2,1_2&#8243; _builder_version=&#8221;4.21.0&#8243; _module_preset=&#8221;default&#8221; border_radii=&#8221;on|7px|7px|7px|7px&#8221; border_width_all=&#8221;1px&#8221; global_colors_info=&#8221;{}&#8221;][et_pb_column type=&#8221;1_2&#8243; _builder_version=&#8221;4.16&#8243; _module_preset=&#8221;default&#8221; global_colors_info=&#8221;{}&#8221;][et_pb_text _builder_version=&#8221;4.20.2&#8243; _module_preset=&#8221;default&#8221; text_font=&#8221;|600|||||||&#8221; text_font_size=&#8221;19px&#8221; global_colors_info=&#8221;{}&#8221;]<\/p>\n<h1>Wohnen in der Amelung-stra\u00dfe<\/h1>\n<p>Das Wohn-haus in der Amelung-stra\u00dfe<br \/>ist in Celle im <strong>Stadt-teil Heese.<\/strong><\/p>\n<p>Ganz in der N\u00e4he ist der Lauen-stein-platz.<\/p>\n<p>Dort gibt es zum Beispiel:<\/p>\n<ul>\n<li>Kleine Gesch\u00e4fte<\/li>\n<li>ein Caf\u00e9, eine Eisdiele<\/li>\n<li>ein Restaurant<\/li>\n<li>einen Supermarkt<\/li>\n<li>eine Sparkasse<\/li>\n<li>eine Apotheke<\/li>\n<\/ul>\n<p>Und mit dem Bus<br \/>bist Du ganz schnell<\/p>\n<ul>\n<li>in der Innenstadt von Celle<\/li>\n<li>oder am Bahnhof<\/li>\n<\/ul>\n<p>[\/et_pb_text][\/et_pb_column][et_pb_column type=&#8221;1_2&#8243; _builder_version=&#8221;4.16&#8243; _module_preset=&#8221;default&#8221; global_colors_info=&#8221;{}&#8221;][et_pb_text _builder_version=&#8221;4.20.2&#8243; _module_preset=&#8221;default&#8221; text_font=&#8221;|600|||||||&#8221; text_font_size=&#8221;19px&#8221; global_colors_info=&#8221;{}&#8221;]<\/p>\n<p>Das Haus in der Amelung-stra\u00dfe<br \/>hat vier Wohn-gruppen.<\/p>\n<p>Und eine sch\u00f6ne, gro\u00dfe K\u00fcche.<\/p>\n<p>Das Haus hat Einzel-zimmer.<\/p>\n<p>Und kleine Apparte-ments.<\/p>\n<p>Das sind kleine Wohnungen.<\/p>\n<p>Es gibt Internet mit W-LAN.<\/p>\n<p>Im Haus und im Garten<br \/>ist alles barriere-frei.<\/p>\n<p>Die oberen Wohnungen haben einen Balkon.<\/p>\n<p>Im Garten oder auf der Terrasse<br \/>kannst Du es Dir gem\u00fct-lich machen.<\/p>\n<p>Und Ihr k\u00f6nnt Feste feiern.<\/p>\n<p>[\/et_pb_text][\/et_pb_column][\/et_pb_row][\/et_pb_section][et_pb_section fb_built=&#8221;1&#8243; disabled_on=&#8221;on|on|on&#8221; module_id=&#8221;kinder&#8221; _builder_version=&#8221;4.16&#8243; _module_preset=&#8221;default&#8221; background_color=&#8221;#004087&#8243; disabled=&#8221;on&#8221; global_colors_info=&#8221;{}&#8221;][et_pb_row column_structure=&#8221;3_5,2_5&#8243; _builder_version=&#8221;4.16&#8243; _module_preset=&#8221;default&#8221; global_colors_info=&#8221;{}&#8221;][et_pb_column type=&#8221;3_5&#8243; _builder_version=&#8221;4.16&#8243; _module_preset=&#8221;default&#8221; global_colors_info=&#8221;{}&#8221;][et_pb_text _builder_version=&#8221;4.16&#8243; _module_preset=&#8221;default&#8221; background_layout=&#8221;dark&#8221; custom_margin=&#8221;||||false|false&#8221; global_colors_info=&#8221;{}&#8221;]<\/p>\n<h2><strong>Wohnangebote f\u00fcr Kinder und Jugendliche mit Behinderung<\/strong><\/h2>\n<p>Auf dem H\u00e4uptgel\u00e4nde der Lobetalarbeit befinden sich in den H\u00e4usern Ceder und Linde vier Wohngruppen mit insgesamt 39 Wohnangeboten f\u00fcr schulpflichtige Kinder und Jugendliche mit geistiger Behinderung, wobei ein Leben in familien\u00e4hnlichen Strukturen erm\u00f6glicht wird. Dabei f\u00e4ngt der Tag mit dem gemeinsamen Fr\u00fchst\u00fcck an und h\u00f6rt mit dem \u201eZu-Bett-Bringen\u201c, das h\u00e4ufig von einem Gute-Nacht-Lied oder einem Abendgebet begleitet wird, auf. Dazwischen orientiert sich der Tagesablauf an den Schulzeiten, der Freizeitgestaltung, dem individuellen Assistenzbedarf des Kindes und den allt\u00e4glichen Gruppenaktivit\u00e4ten.<\/p>\n<p><span style=\"color: #ffffff;\">Ziel der Angebote f\u00fcr schulpflichtige Kinder und Jugendliche besteht einerseits in der F\u00f6rderung der Selbst\u00e4ndigkeit und andererseits die Erm\u00f6glichung gleichberechtigter altersgerechter Teilhabem\u00f6glichkeiten.<\/span><\/p>\n<h5>Lust auf Schule, Praktikum, Ausbildung oder Tagesbetreuung?<\/h5>\n<p>Wir bieten eine eigene <a href=\"https:\/\/lobetalarbeit.de\/kindergarten-und-schule\/#reske\">Schule<\/a>, Ausbildungsst\u00e4tte oder Tagesbetreuung vor der Haust\u00fcr. Sprechen Sie uns gerne an!<\/p>\n<p>&nbsp;<br \/>\n[\/et_pb_text][\/et_pb_column][et_pb_column type=&#8221;2_5&#8243; _builder_version=&#8221;4.16&#8243; _module_preset=&#8221;default&#8221; global_colors_info=&#8221;{}&#8221;][et_pb_image src=&#8221;https:\/\/lobetalarbeit.de\/wp-content\/uploads\/2021\/08\/Homepage-KinderJugend.jpg&#8221; title_text=&#8221;Homepage-KinderJugend&#8221; _builder_version=&#8221;4.16&#8243; _module_preset=&#8221;default&#8221; global_colors_info=&#8221;{}&#8221;][\/et_pb_image][et_pb_text _builder_version=&#8221;4.16&#8243; _module_preset=&#8221;default&#8221; global_colors_info=&#8221;{}&#8221;][\/et_pb_text][\/et_pb_column][\/et_pb_row][\/et_pb_section][et_pb_section fb_built=&#8221;1&#8243; disabled_on=&#8221;on|on|on&#8221; module_id=&#8221;ambulant&#8221; _builder_version=&#8221;4.16&#8243; _module_preset=&#8221;default&#8221; disabled=&#8221;on&#8221; global_colors_info=&#8221;{}&#8221;][et_pb_row _builder_version=&#8221;4.16&#8243; _module_preset=&#8221;default&#8221; global_colors_info=&#8221;{}&#8221;][et_pb_column type=&#8221;4_4&#8243; _builder_version=&#8221;4.16&#8243; _module_preset=&#8221;default&#8221; global_colors_info=&#8221;{}&#8221;][et_pb_text _builder_version=&#8221;4.16&#8243; _module_preset=&#8221;default&#8221; global_colors_info=&#8221;{}&#8221;]<\/p>\n<h1><strong>Ambulant Begleitetes Wohnen f\u00fcr erwachsene Menschen mit Behinderung<\/strong><\/h1>\n<p>[\/et_pb_text][\/et_pb_column][\/et_pb_row][et_pb_row column_structure=&#8221;3_5,2_5&#8243; _builder_version=&#8221;4.16&#8243; _module_preset=&#8221;default&#8221; width=&#8221;76.6%&#8221; global_colors_info=&#8221;{}&#8221;][et_pb_column type=&#8221;3_5&#8243; _builder_version=&#8221;4.16&#8243; _module_preset=&#8221;default&#8221; global_colors_info=&#8221;{}&#8221;][et_pb_text _builder_version=&#8221;4.16&#8243; _module_preset=&#8221;default&#8221; global_colors_info=&#8221;{}&#8221;]Das Ambulant Begleitetes Wohnen (ABW) ist ein Angebot der Lobetalarbeit f\u00fcr Menschen mit Assistenzbedarf, die in der Stadt Celle oder im Landkreis Celle in einer eigenen Wohnung leben. Ziel der Angebote des Ambulant Begleitetes Wohnens ist die gleichberechtigte Teilhabe und St\u00e4rkung der Selbstbestimmung der Klient*innen.<\/p>\n<p>Die Assistenzleistungen umfassen Beratung, Begleitung, Erm\u00f6glichung, Bef\u00e4higung oder Unterst\u00fctzung bei<\/p>\n<ul>\n<li>der Bew\u00e4ltigung des Haushaltes,<\/li>\n<li>der Erledigung beh\u00f6rdlicher Angelegenheiten,<\/li>\n<li>der Gestaltung sozialer Beziehungen,<\/li>\n<li>der Freizeitgestaltung,<\/li>\n<li>Arztbesuchen und der Sicherstellung \u00e4rztlicher Verordnungen,<\/li>\n<li>der Suche nach einer neuen Wohnung oder Arbeitsstelle.<\/li>\n<\/ul>\n<p>Die jeweiligen Assistenzleistungen richten sich dabei nach dem individuellen Bedarf der Klient*innen. Dar\u00fcber hinaus k\u00f6nnen auch Gruppenangebote des Ambulant Begleitetes Wohnens wahrgenommen werden. Diese richten sich nach dem Interessen und W\u00fcnschen der Klient*innen (z.B. Schwimmgruppen, Marktfr\u00fchst\u00fcck, kulturelle Aktivit\u00e4ten) und erm\u00f6glichen soziale Kontakte sowie Teilhabe an spezifischen Ressourcen der Stadt oder des Landkreises (z.B. Theater, Diskothek etc.). Au\u00dferdem stehen den Klient*innen die Angebote des Geistlichen Dienstes sowie des Fachdienstes Psychologie und Gesundheit der Lobetalarbeit zur Verf\u00fcgung.<br \/>\n[\/et_pb_text][\/et_pb_column][et_pb_column type=&#8221;2_5&#8243; _builder_version=&#8221;4.16&#8243; _module_preset=&#8221;default&#8221; global_colors_info=&#8221;{}&#8221;][et_pb_image src=&#8221;https:\/\/lobetalarbeit.de\/wp-content\/uploads\/2021\/02\/2017-04-12-13-58-21-174_lob_12042017.jpg&#8221; title_text=&#8221;2017-04-12 13-58-21 &#8211; 174_lob_12042017&#8243; _builder_version=&#8221;4.16&#8243; _module_preset=&#8221;default&#8221; global_colors_info=&#8221;{}&#8221;][\/et_pb_image][\/et_pb_column][\/et_pb_row][\/et_pb_section]<\/p>\n","protected":false},"excerpt":{"rendered":"<p>Wohnangebote im \u00dcberblick Du m\u00f6chtest in Lobetal wohnen? Im Stadt-Gebiet gibt es viele M\u00f6glich-keiten. Lobetal hat an verschiedenen Stellen im Stadt-Gebiet Wohnh\u00e4user. In den H\u00e4usern von Lobetal gibt es Wohn-Gruppen. Hier leben und wohnen Menschen gemeinsam. Menschen mit einer geisti-gen Behin-derung.Du brauchst manch-mal Hilfe? Du bekommst Hilfe und Assis-tenz. Und so lernst Du, Vieles selbst [&hellip;]<\/p>\n","protected":false},"author":3,"featured_media":0,"parent":0,"menu_order":0,"comment_status":"closed","ping_status":"closed","template":"","meta":{"_et_pb_use_builder":"on","_et_pb_old_content":"<p>[et_pb_section fb_built=\"1\" fullwidth=\"on\" _builder_version=\"4.7.7\" _module_preset=\"default\" global_colors_info=\"{}\"][et_pb_fullwidth_header title=\"Wohnen in Lobetal\" text_orientation=\"center\" _builder_version=\"4.9.10\" _module_preset=\"default\" title_font=\"||||||||\" title_text_align=\"right\" title_font_size=\"38px\" background_image=\"https:\/\/lobetalarbeit.de\/wp-content\/uploads\/2021\/07\/Wohnangebote-im-Ueberblick-1.jpg\" min_height=\"290px\" text_shadow_style=\"preset3\" global_colors_info=\"{}\" background_overlay_color__hover_enabled=\"off|desktop\"][\/et_pb_fullwidth_header][\/et_pb_section][et_pb_section fb_built=\"1\" _builder_version=\"4.7.7\" _module_preset=\"default\" global_colors_info=\"{}\"][et_pb_row _builder_version=\"4.7.7\" _module_preset=\"default\" global_colors_info=\"{}\"][et_pb_column type=\"4_4\" _builder_version=\"4.7.7\" _module_preset=\"default\" global_colors_info=\"{}\"][et_pb_text _builder_version=\"4.9.10\" _module_preset=\"default\" global_colors_info=\"{}\"]<\/p><h1><strong>Wohnangebote im \u00dcberblick<br \/><\/strong><\/h1><p>[\/et_pb_text][\/et_pb_column][\/et_pb_row][et_pb_row column_structure=\"1_2,1_2\" _builder_version=\"4.7.7\" _module_preset=\"default\" width=\"76.6%\" global_colors_info=\"{}\"][et_pb_column type=\"1_2\" _builder_version=\"4.7.7\" _module_preset=\"default\" global_colors_info=\"{}\"][et_pb_text _builder_version=\"4.9.10\" _module_preset=\"default\" global_colors_info=\"{}\"]<\/p><p>Die Lobetalarbeit h\u00e4lt an verschiedenen Standorten in Celle und dar\u00fcber hinaus in St\u00fcbeckshorn bei Soltau Wohnangebote im Rahmen von gemeinschaftlichen Wohngruppen f\u00fcr erwachsene Menschen mit geistiger Behinderung vor. Zudem stehen in Celle Wohnpl\u00e4tze f\u00fcr schulpflichtige Kinder und Jugendliche mit geistiger Behinderung zur Verf\u00fcgung. Die Wohnangebote umfassen Leistungen zur sozialen Teilhabe. Ziel der Leistungen ist die Erm\u00f6glichung gleichberechtigter Teilhabe und St\u00e4rkung der Selbstbestimmung.<\/p><p>[\/et_pb_text][\/et_pb_column][et_pb_column type=\"1_2\" _builder_version=\"4.7.7\" _module_preset=\"default\" background_color=\"#004087\" border_radii=\"on|10px|10px|10px|10px\" box_shadow_style=\"preset3\" global_colors_info=\"{}\"][et_pb_image src=\"https:\/\/lobetalarbeit.de\/wp-content\/uploads\/2020\/02\/wohnen-in-lobetal-schriftzug.png\" title_text=\"wohnen-in-lobetal-schriftzug\" _builder_version=\"4.7.7\" _module_preset=\"default\" global_colors_info=\"{}\"][\/et_pb_image][\/et_pb_column][\/et_pb_row][\/et_pb_section][et_pb_section fb_built=\"1\" _builder_version=\"4.9.10\" _module_preset=\"default\" global_colors_info=\"{}\"][et_pb_row _builder_version=\"4.9.10\" _module_preset=\"default\" global_colors_info=\"{}\"][et_pb_column type=\"4_4\" _builder_version=\"4.9.10\" _module_preset=\"default\" global_colors_info=\"{}\"][et_pb_button button_url=\"https:\/\/lobetalarbeit.de\/job-karriere\/#stellen\" url_new_window=\"on\" button_text=\"Werd\u00b4ein Teil unseres Teams - Bewirb Dich hier!\" button_alignment=\"center\" _builder_version=\"4.9.10\" _module_preset=\"default\" global_colors_info=\"{}\"][\/et_pb_button][\/et_pb_column][\/et_pb_row][\/et_pb_section][et_pb_section fb_built=\"1\" _builder_version=\"4.7.7\" _module_preset=\"default\" global_colors_info=\"{}\"][et_pb_row _builder_version=\"4.7.7\" _module_preset=\"default\" global_colors_info=\"{}\"][et_pb_column type=\"4_4\" _builder_version=\"4.7.7\" _module_preset=\"default\" global_colors_info=\"{}\"][et_pb_text _builder_version=\"4.7.7\" _module_preset=\"default\" global_colors_info=\"{}\"]<\/p><h1><strong>Wohnangebote f\u00fcr erwachsene Menschen mit Behinderung<\/strong><\/h1><p>[\/et_pb_text][et_pb_text _builder_version=\"4.9.10\" _module_preset=\"default\" global_colors_info=\"{}\"]<\/p><h2><strong>Wohnen am Hauptstandort<br \/><\/strong><\/h2><p>[\/et_pb_text][\/et_pb_column][\/et_pb_row][et_pb_row _builder_version=\"4.7.7\" _module_preset=\"default\" global_colors_info=\"{}\"][et_pb_column type=\"4_4\" _builder_version=\"4.7.7\" _module_preset=\"default\" global_colors_info=\"{}\"][et_pb_text _builder_version=\"4.9.10\" _module_preset=\"default\" global_colors_info=\"{}\"]<\/p><p>Das Hauptgel\u00e4nde der Lobetalarbeit liegt im Celler Stadtteil Wietzenbruch. Hier sind mehrere Superm\u00e4rkte, Fris\u00f6re, Arztpraxen, eine Apotheke, ein Geldinstitut, mehrere B\u00e4ckereien, Sportanlagen, Imbissst\u00e4nde, Kioske und Restaurants fu\u00dfl\u00e4ufig erreichbar. Die Celler Innenstadt, die angrenzenden Stadtgebiete sowie der Bahnhof sind mit \u00f6ffentlichen Verkehrsmitteln, dem Fahrrad oder Auto vom Hauptgel\u00e4nde der Lobetalarbeit in ca. 15 Minuten gut zu erreichen. Es gibt eine Bushaltestelle des \u00d6PNV direkt am Einrichtungsgel\u00e4nde. Auf dem Hauptgel\u00e4nde befindet sich zudem das Begegnungszentrum \u201eMartin-Buber-Klause\u201c, wo mehrmals die Woche ein kleines Caf\u00e9 \u00f6ffnet und ein kleiner Buchladen zu st\u00f6bern einl\u00e4dt. Au\u00dferdem geh\u00f6rt zum Hauptgel\u00e4nde ein Abenteuerspielplatz mit Tieren (Esel, Schweine, Kaninchen, Hamster).<\/p><p>[\/et_pb_text][\/et_pb_column][\/et_pb_row][et_pb_row column_structure=\"1_4,1_4,1_4,1_4\" _builder_version=\"4.7.7\" _module_preset=\"default\" global_colors_info=\"{}\"][et_pb_column type=\"1_4\" _builder_version=\"4.7.7\" _module_preset=\"default\" global_colors_info=\"{}\"][et_pb_blurb title=\"Haus Kapernaum \" url=\"\/wohnen-in-der-haupteinrichtung\/#kapernaum\" image=\"https:\/\/lobetalarbeit.de\/wp-content\/uploads\/2021\/07\/Kap.Tabor-16-von-34.jpg\" _builder_version=\"4.14.7\" _module_preset=\"default\" link_option_url=\"\/wohnen-in-der-haupteinrichtung\/#kapernaum\" hover_enabled=\"0\" global_colors_info=\"{}\" sticky_enabled=\"0\"]<\/p><p>Das Haus Kapernaum liegt auf dem Hauptgel\u00e4nde der Lobetalarbeit. In dem Wohnhaus leben in drei barrierefreien gemeinschaftlichen Wohngruppen erwachsene Menschen mit Behinderungen.<\/p><p>[\/et_pb_blurb][\/et_pb_column][et_pb_column type=\"1_4\" _builder_version=\"4.7.7\" _module_preset=\"default\" global_colors_info=\"{}\"][et_pb_blurb title=\"Haus Tabor \" url=\"\/wohnen-in-der-haupteinrichtung\/#tabor\" image=\"https:\/\/lobetalarbeit.de\/wp-content\/uploads\/2021\/08\/Kap.Tabor-22-von-34.jpg\" _builder_version=\"4.14.7\" _module_preset=\"default\" link_option_url=\"\/wohnen-in-der-haupteinrichtung\/#tabor\" hover_enabled=\"0\" global_colors_info=\"{}\" sticky_enabled=\"0\"]<\/p><p>In direkter Nachbarschaft zum Haus Kapernaum liegt das Haus Tabor. Hier leben in drei barrierefreien gemeinschaftlichen Wohngruppen erwachsene Menschen mit Behinderungen.<\/p><p>[\/et_pb_blurb][\/et_pb_column][et_pb_column type=\"1_4\" _builder_version=\"4.7.7\" _module_preset=\"default\" global_colors_info=\"{}\"][et_pb_blurb title=\"Haus Jerusalem\" url=\"\/wohnen-in-der-haupteinrichtung\/#jerusalem\" image=\"https:\/\/lobetalarbeit.de\/wp-content\/uploads\/2021\/02\/Jerusalem-18-von-20-scaled.jpg\" _builder_version=\"4.14.7\" _module_preset=\"default\" link_option_url=\"\/wohnen-in-der-haupteinrichtung\/#jerusalem\" hover_enabled=\"0\" global_colors_info=\"{}\" sticky_enabled=\"0\"]<\/p><p>Das Wohnangebot in Haus Jerusalem umfasst das Wohnhaus mit zehn Wohngemeinschaften, ein separates Appartement sowie eine Wohngemeinschaft im alten Pastorat \u2013 alles mit Anschluss an das Haupthaus.<\/p><p>[\/et_pb_blurb][\/et_pb_column][et_pb_column type=\"1_4\" _builder_version=\"4.7.7\" _module_preset=\"default\" global_colors_info=\"{}\"][et_pb_blurb title=\"Haus Siloah\" url=\"\/wohnen-in-der-haupteinrichtung\/#siloah\" image=\"https:\/\/lobetalarbeit.de\/wp-content\/uploads\/2021\/02\/Siloah-5-von-15-scaled.jpg\" _builder_version=\"4.14.7\" _module_preset=\"default\" link_option_url=\"\/wohnen-in-der-haupteinrichtung\/#siloah\" hover_enabled=\"0\" global_colors_info=\"{}\" sticky_enabled=\"0\"]<\/p><p>Im Haus Siloah auf dem Hauptgel\u00e4nde der Lobetalarbeit leben erwachsene Frauen und M\u00e4nner mit Behinderungen. Die f\u00fcnf Wohngruppen des Hauses verf\u00fcgen \u00fcber Einzel- und Doppelzimmer.<\/p><p>[\/et_pb_blurb][\/et_pb_column][\/et_pb_row][et_pb_row column_structure=\"1_4,1_4,1_4,1_4\" _builder_version=\"4.7.7\" _module_preset=\"default\" global_colors_info=\"{}\"][et_pb_column type=\"1_4\" _builder_version=\"4.7.7\" _module_preset=\"default\" global_colors_info=\"{}\"][et_pb_blurb title=\"Haus Bethesda\" url=\"\/wohnen-in-der-haupteinrichtung\/#bethesda\" image=\"https:\/\/lobetalarbeit.de\/wp-content\/uploads\/2021\/02\/Bethesda.png\" _builder_version=\"4.14.7\" _module_preset=\"default\" link_option_url=\"\/wohnen-in-der-haupteinrichtung\/#bethesda\" hover_enabled=\"0\" global_colors_info=\"{}\" sticky_enabled=\"0\"]<\/p><p>Im Haus Bethesda leben erwachsene Frauen und M\u00e4nner mit Behinderungen. Die beiden ebenerdig gelegenen Wohngruppen des Hauses verf\u00fcgen \u00fcber Einzel- und Doppelzimmer sowie weitr\u00e4umige Gruppenr\u00e4ume.<\/p><p>[\/et_pb_blurb][\/et_pb_column][et_pb_column type=\"1_4\" _builder_version=\"4.7.7\" _module_preset=\"default\" global_colors_info=\"{}\"][et_pb_blurb title=\"Haus Arche\" url=\"\/wohnen-in-der-haupteinrichtung\/#arche\" image=\"https:\/\/lobetalarbeit.de\/wp-content\/uploads\/2021\/02\/Gelaende_24.6.2020-1-von-1-2-scaled.jpg\" _builder_version=\"4.14.7\" _module_preset=\"default\" link_option_url=\"\/wohnen-in-der-haupteinrichtung\/#arche\" hover_enabled=\"0\" global_colors_info=\"{}\" sticky_enabled=\"0\"]<\/p><p>In den drei Wohngruppen Arche auf dem Hauptgel\u00e4nde der Lobetalarbeit stehen Wohnpl\u00e4tze f\u00fcr Menschen mit Behinderungen zur Verf\u00fcgung. Zu den Wohngruppen geh\u00f6ren neben den Einzelzimmern auch Gemeinschafstr\u00e4ume, Wohngruppenbalkone oder Terrassen.<\/p><p>[\/et_pb_blurb][\/et_pb_column][et_pb_column type=\"1_4\" _builder_version=\"4.7.7\" _module_preset=\"default\" global_colors_info=\"{}\"][et_pb_blurb title=\"Haus Buche\" url=\"\/wohnen-in-der-haupteinrichtung\/#buche\" image=\"https:\/\/lobetalarbeit.de\/wp-content\/uploads\/2021\/05\/Haus_Bucher-scaled.jpg\" _builder_version=\"4.14.7\" _module_preset=\"default\" link_option_url=\"\/wohnen-in-der-haupteinrichtung\/#buche\" hover_enabled=\"0\" global_colors_info=\"{}\" sticky_enabled=\"0\"]<\/p><p>Zum Haus Buche geh\u00f6ren neben den Einzelzimmern der Bewohner*innen auch ein gemeinschaftlicher, sehr ger\u00e4umiger Wohn- und Essbereich sowie Freizeitr\u00e4ume, die u.a. mit Billard und Kicker ausgestattet sind. Der Garten des Hauses kann f\u00fcr verschiedene Freizeitaktivit\u00e4ten oder zum Entspannen genutzt werden.<\/p><p>[\/et_pb_blurb][\/et_pb_column][et_pb_column type=\"1_4\" _builder_version=\"4.7.7\" _module_preset=\"default\" global_colors_info=\"{}\"][et_pb_blurb title=\"Haus Eiche\" url=\"\/wohnen-in-der-haupteinrichtung\/#eiche\" image=\"https:\/\/lobetalarbeit.de\/wp-content\/uploads\/2021\/02\/Hs.-Eich-8-von-19.png\" _builder_version=\"4.14.7\" _module_preset=\"default\" link_option_url=\"\/wohnen-in-der-haupteinrichtung\/#eiche\" hover_enabled=\"0\" global_colors_info=\"{}\" sticky_enabled=\"0\"]<\/p><p>In Haus Eiche wohnen erwachsene Frauen und M\u00e4nner in vier Wohngruppen mit einer mittelgradigen bis hohen Behinderung. Die Teilhabe am Leben steht zu jedem Zeitpunkt im Vordergrund jedes Einzelnen. Ihre St\u00e4rken werden gest\u00e4rkt und gef\u00f6rdert, um eine Teilhabe am Leben zu erm\u00f6glichen.<\/p><p>[\/et_pb_blurb][\/et_pb_column][\/et_pb_row][et_pb_row column_structure=\"1_4,1_4,1_4,1_4\" _builder_version=\"4.7.7\" _module_preset=\"default\" global_colors_info=\"{}\"][et_pb_column type=\"1_4\" _builder_version=\"4.7.7\" _module_preset=\"default\" global_colors_info=\"{}\"][et_pb_blurb title=\"Haus Ahorn\" url=\"\/wohnen-in-der-haupteinrichtung\/#ahorn\" image=\"https:\/\/lobetalarbeit.de\/wp-content\/uploads\/2021\/02\/Ahorn_homepage-7-von-18-scaled.jpg\" _builder_version=\"4.14.7\" _module_preset=\"default\" link_option_url=\"\/wohnen-in-der-haupteinrichtung\/#ahorn\" hover_enabled=\"0\" global_colors_info=\"{}\" sticky_enabled=\"0\"]<\/p><p>Auf dem Hauptgel\u00e4nde der Lobetalarbeit bietet das Haus Ahorn erwachsenen Frauen und M\u00e4nner mit leichter bis mittelgradiger Behinderung im Alter von 19 bis 50+ ein Wohnangebot.<\/p><p>[\/et_pb_blurb][\/et_pb_column][et_pb_column type=\"1_4\" _builder_version=\"4.7.7\" _module_preset=\"default\" global_colors_info=\"{}\"][et_pb_blurb title=\"Haus Kana\" url=\"\/wohnen-in-der-haupteinrichtung\/#kana\" image=\"https:\/\/lobetalarbeit.de\/wp-content\/uploads\/2021\/05\/Startseite_grosses-Bild-1-scaled.jpg\" _builder_version=\"4.14.7\" _module_preset=\"default\" link_option_url=\"\/wohnen-in-der-haupteinrichtung\/#kana\" hover_enabled=\"0\" global_colors_info=\"{}\" sticky_enabled=\"0\"]<\/p><p>Haus Kana auf dem Hauptgel\u00e4nde der Lobetalarbeit bietet Wohnangbote f\u00fcr erwachsene Menschen in acht 2-Zimmer-Wohnungen.<\/p><p>[\/et_pb_blurb][\/et_pb_column][et_pb_column type=\"1_4\" _builder_version=\"4.7.7\" _module_preset=\"default\" global_colors_info=\"{}\"][et_pb_blurb title=\"Haus Mara\" url=\"\/wohnen-in-der-haupteinrichtung\/#mara\" image=\"https:\/\/lobetalarbeit.de\/wp-content\/uploads\/2021\/07\/Haus-Mara-5-von-14.jpg\" _builder_version=\"4.14.7\" _module_preset=\"default\" link_option_url=\"\/wohnen-in-der-haupteinrichtung\/#mara\" hover_enabled=\"0\" global_colors_info=\"{}\" sticky_enabled=\"0\"]<\/p><p>In Haus Mara leben erwachsene Frauen und M\u00e4nner mit unterschiedlichen Behinderungen. Das Haus erstreckt sich auf zwei Wohnflure und liegt auf dem Hauptgel\u00e4nde der Lobetalarbeit im Celler Stadtteil Wietzenbruch.<\/p><p>[\/et_pb_blurb][\/et_pb_column][et_pb_column type=\"1_4\" _builder_version=\"4.7.7\" _module_preset=\"default\" global_colors_info=\"{}\"][\/et_pb_column][\/et_pb_row][\/et_pb_section][et_pb_section fb_built=\"1\" _builder_version=\"4.9.4\" _module_preset=\"default\" background_color=\"#004087\" global_colors_info=\"{}\"][et_pb_row column_structure=\"3_5,2_5\" _builder_version=\"4.7.7\" _module_preset=\"default\" global_colors_info=\"{}\"][et_pb_column type=\"3_5\" _builder_version=\"4.7.7\" _module_preset=\"default\" global_colors_info=\"{}\"][et_pb_text _builder_version=\"4.7.7\" _module_preset=\"default\" background_layout=\"dark\" custom_margin=\"||||false|false\" global_colors_info=\"{}\"]<\/p><h2><strong>Wohnen in der Kirchstra\u00dfe - Leben am Puls der Stadt<\/strong><\/h2><p>Das Wohnhaus in der Kirchstra\u00dfe befindet sich mitten im Celler Stadtteil Neuenh\u00e4usen ganz in der N\u00e4he des Celler Bahnhofs. Gut zu Fu\u00df zu erreichen sind mehrere Superm\u00e4rkte sowie die parallel zur Kirchstra\u00dfe verlaufende Bahnhofsstra\u00dfe mit Gesch\u00e4ften (z. B. B\u00e4ckerei) und kleineren Restaurants. Dar\u00fcber hinaus befinden sich ganz in der N\u00e4he des Hauses die Kirche Neuenh\u00e4usen, verschiedene fach\u00e4rztliche Praxen, eine Apotheke, ein Sportstudio, ein Friseursalon sowie eine gro\u00dfe Parkanlage und das Celler Landgest\u00fct. Auch das Celler Schwimmbad und diverse Sportvereine sind zu Fu\u00df oder mit dem Fahrrad vom Wohnhaus in der Kirchstra\u00dfe gut zu erreichen, ebenso die Haltestellen des Celler Nahverkehrs. Das Stadtzentrum ist ca. einen Kilometer entfernt.<br \/>[\/et_pb_text][et_pb_button button_url=\"@ET-DC@eyJkeW5hbWljIjp0cnVlLCJjb250ZW50IjoicG9zdF9saW5rX3VybF9wYWdlIiwic2V0dGluZ3MiOnsicG9zdF9pZCI6IjEwNDIifX0=@\" button_text=\"Erfahren Sie hier mehr\" _builder_version=\"4.7.7\" _dynamic_attributes=\"button_url\" _module_preset=\"default\" custom_button=\"on\" button_text_color=\"#000000\" button_bg_color=\"#ffffff\" custom_margin=\"53px|||||\" global_colors_info=\"{}\"][\/et_pb_button][\/et_pb_column][et_pb_column type=\"2_5\" _builder_version=\"4.7.7\" _module_preset=\"default\" global_colors_info=\"{}\"][et_pb_image src=\"https:\/\/lobetalarbeit.de\/wp-content\/uploads\/2021\/02\/DSC_0276.jpg\" title_text=\"DSC_0276\" _builder_version=\"4.7.7\" _module_preset=\"default\" global_colors_info=\"{}\"][\/et_pb_image][et_pb_text _builder_version=\"4.9.10\" _module_preset=\"default\" custom_padding=\"0px|||||\" global_colors_info=\"{}\"]<\/p><p><span style=\"color: #ffffff;\">Im Wohnhaus in der Kirchstra\u00dfe befinden sich insgesamt acht Wohnungen, von denen f\u00fcnf gezielt f\u00fcr Menschen mit Behinderungen zur Verf\u00fcgung stehen.<br \/><\/span><\/p><p>[\/et_pb_text][\/et_pb_column][\/et_pb_row][\/et_pb_section][et_pb_section fb_built=\"1\" _builder_version=\"4.7.7\" _module_preset=\"default\" global_colors_info=\"{}\"][et_pb_row _builder_version=\"4.7.7\" _module_preset=\"default\" global_colors_info=\"{}\"][et_pb_column type=\"4_4\" _builder_version=\"4.7.7\" _module_preset=\"default\" global_colors_info=\"{}\"][et_pb_text _builder_version=\"4.7.7\" _module_preset=\"default\" global_colors_info=\"{}\"]<\/p><h2>Weitere Standorte<\/h2><p>[\/et_pb_text][\/et_pb_column][\/et_pb_row][et_pb_row column_structure=\"1_2,1_2\" _builder_version=\"4.7.7\" _module_preset=\"default\" global_colors_info=\"{}\"][et_pb_column type=\"1_2\" _builder_version=\"4.7.7\" _module_preset=\"default\" global_colors_info=\"{}\"][et_pb_blurb title=\"Wohnen in der Rostocker Stra\u00dfe\" url=\"@ET-DC@eyJkeW5hbWljIjp0cnVlLCJjb250ZW50IjoicG9zdF9saW5rX3VybF9wYWdlIiwic2V0dGluZ3MiOnsicG9zdF9pZCI6IjEwNTMifX0=@\" image=\"https:\/\/lobetalarbeit.de\/wp-content\/uploads\/2021\/02\/DSC_0098.jpg\" _builder_version=\"4.13.0\" _dynamic_attributes=\"url,link_option_url\" _module_preset=\"default\" link_option_url=\"@ET-DC@eyJkeW5hbWljIjp0cnVlLCJjb250ZW50IjoicG9zdF9saW5rX3VybF9wYWdlIiwic2V0dGluZ3MiOnsicG9zdF9pZCI6IjEwNTMifX0=@\" global_colors_info=\"{}\"]Das Wohnhaus in der Rostocker Stra\u00dfe befindet sich in der Celler Stadtteil Heese ganz in der N\u00e4he des Lauenstein Platzes mit verschiedenen kleinen Gesch\u00e4ften, Caf\u00e9s, einer Eisdiele, Supermarkt, Sparkasse, einer Apotheke sowie einem Restaurant.<br \/>[\/et_pb_blurb][\/et_pb_column][et_pb_column type=\"1_2\" _builder_version=\"4.7.7\" _module_preset=\"default\" global_colors_info=\"{}\"][et_pb_blurb title=\"Wohnen auf dem Osterberg \" url=\"@ET-DC@eyJkeW5hbWljIjp0cnVlLCJjb250ZW50IjoicG9zdF9saW5rX3VybF9wYWdlIiwic2V0dGluZ3MiOnsicG9zdF9pZCI6Ijg4NCJ9fQ==@\" image=\"https:\/\/lobetalarbeit.de\/wp-content\/uploads\/2021\/02\/Osterberg-Gaense-2.png\" _builder_version=\"4.13.0\" _dynamic_attributes=\"url,link_option_url\" _module_preset=\"default\" link_option_url=\"@ET-DC@eyJkeW5hbWljIjp0cnVlLCJjb250ZW50IjoicG9zdF9saW5rX3VybF9wYWdlIiwic2V0dGluZ3MiOnsicG9zdF9pZCI6Ijg4NCJ9fQ==@\" global_colors_info=\"{}\"]<\/p><p>Die beiden Wohngeb\u00e4ude auf dem Ostberg liegen nahe am Wald in direkter Nachbarschaft zu einem Damwildgehege, wo auch Morrschafe, H\u00fchner, Ente und G\u00e4nse zuhause sind.<\/p><p>[\/et_pb_blurb][\/et_pb_column][\/et_pb_row][et_pb_row column_structure=\"1_2,1_2\" _builder_version=\"4.7.7\" _module_preset=\"default\" global_colors_info=\"{}\"][et_pb_column type=\"1_2\" _builder_version=\"4.7.7\" _module_preset=\"default\" global_colors_info=\"{}\"][et_pb_blurb title=\"Wohnen in der Amelungstra\u00dfe\" url=\"@ET-DC@eyJkeW5hbWljIjp0cnVlLCJjb250ZW50IjoicG9zdF9saW5rX3VybF9wYWdlIiwic2V0dGluZ3MiOnsicG9zdF9pZCI6Ijg5NyJ9fQ==@\" image=\"https:\/\/lobetalarbeit.de\/wp-content\/uploads\/2021\/02\/IMG_7981.jpg\" _builder_version=\"4.13.0\" _dynamic_attributes=\"url,link_option_url\" _module_preset=\"default\" link_option_url=\"@ET-DC@eyJkeW5hbWljIjp0cnVlLCJjb250ZW50IjoicG9zdF9saW5rX3VybF9wYWdlIiwic2V0dGluZ3MiOnsicG9zdF9pZCI6Ijg5NyJ9fQ==@\" global_colors_info=\"{}\"]Auch das Wohnhaus in der Amelungstra\u00dfe befindet sich in der Celler Stadtteil Heese ganz in der N\u00e4he des Lauenstein Platzes mit verschiedenen kleinen Gesch\u00e4ften, Caf\u00e9s, einer Eisdiele, Supermarkt, Sparkasse, einer Apotheke sowie einem Restaurant.<br \/>[\/et_pb_blurb][\/et_pb_column][et_pb_column type=\"1_2\" _builder_version=\"4.7.7\" _module_preset=\"default\" global_colors_info=\"{}\"][\/et_pb_column][\/et_pb_row][\/et_pb_section][et_pb_section fb_built=\"1\" disabled_on=\"on|on|on\" module_id=\"kinder\" _builder_version=\"4.9.10\" _module_preset=\"default\" background_color=\"#004087\" disabled=\"on\" global_colors_info=\"{}\"][et_pb_row column_structure=\"3_5,2_5\" _builder_version=\"4.7.7\" _module_preset=\"default\" global_colors_info=\"{}\"][et_pb_column type=\"3_5\" _builder_version=\"4.7.7\" _module_preset=\"default\" global_colors_info=\"{}\"][et_pb_text _builder_version=\"4.9.10\" _module_preset=\"default\" background_layout=\"dark\" custom_margin=\"||||false|false\" global_colors_info=\"{}\"]<\/p><h2><strong>Wohnangebote f\u00fcr Kinder und Jugendliche mit Behinderung<\/strong><\/h2><p>Auf dem H\u00e4uptgel\u00e4nde der Lobetalarbeit befinden sich in den H\u00e4usern Ceder und Linde vier Wohngruppen mit insgesamt 39 Wohnangeboten f\u00fcr schulpflichtige Kinder und Jugendliche mit geistiger Behinderung, wobei ein Leben in familien\u00e4hnlichen Strukturen erm\u00f6glicht wird. Dabei f\u00e4ngt der Tag mit dem gemeinsamen Fr\u00fchst\u00fcck an und h\u00f6rt mit dem \u201eZu-Bett-Bringen\u201c, das h\u00e4ufig von einem Gute-Nacht-Lied oder einem Abendgebet begleitet wird, auf. Dazwischen orientiert sich der Tagesablauf an den Schulzeiten, der Freizeitgestaltung, dem individuellen Assistenzbedarf des Kindes und den allt\u00e4glichen Gruppenaktivit\u00e4ten.<\/p><p><span style=\"color: #ffffff;\">Ziel der Angebote f\u00fcr schulpflichtige Kinder und Jugendliche besteht einerseits in der F\u00f6rderung der Selbst\u00e4ndigkeit und andererseits die Erm\u00f6glichung gleichberechtigter altersgerechter Teilhabem\u00f6glichkeiten.<\/span><\/p><h5>Lust auf Schule, Praktikum, Ausbildung oder Tagesbetreuung?<\/h5><p>Wir bieten eine eigene <a href=\"https:\/\/lobetalarbeit.de\/kindergarten-und-schule\/#reske\">Schule<\/a>, Ausbildungsst\u00e4tte oder Tagesbetreuung vor der Haust\u00fcr. Sprechen Sie uns gerne an!<\/p><p>\u00a0<\/p><p>[\/et_pb_text][\/et_pb_column][et_pb_column type=\"2_5\" _builder_version=\"4.7.7\" _module_preset=\"default\" global_colors_info=\"{}\"][et_pb_image src=\"https:\/\/lobetalarbeit.de\/wp-content\/uploads\/2021\/08\/Homepage-KinderJugend.jpg\" title_text=\"Homepage-KinderJugend\" _builder_version=\"4.9.10\" _module_preset=\"default\" global_colors_info=\"{}\"][\/et_pb_image][et_pb_text _builder_version=\"4.9.4\" _module_preset=\"default\" global_colors_info=\"{}\"][\/et_pb_text][\/et_pb_column][\/et_pb_row][\/et_pb_section][et_pb_section fb_built=\"1\" disabled_on=\"on|on|on\" module_id=\"ambulant\" _builder_version=\"4.9.10\" _module_preset=\"default\" disabled=\"on\" global_colors_info=\"{}\"][et_pb_row _builder_version=\"4.7.7\" _module_preset=\"default\" global_colors_info=\"{}\"][et_pb_column type=\"4_4\" _builder_version=\"4.7.7\" _module_preset=\"default\" global_colors_info=\"{}\"][et_pb_text _builder_version=\"4.9.10\" _module_preset=\"default\" global_colors_info=\"{}\"]<\/p><h1><strong>Ambulant Begleitetes Wohnen f\u00fcr erwachsene Menschen mit Behinderung<\/strong><\/h1><p>[\/et_pb_text][\/et_pb_column][\/et_pb_row][et_pb_row column_structure=\"3_5,2_5\" _builder_version=\"4.7.7\" _module_preset=\"default\" width=\"76.6%\" global_colors_info=\"{}\"][et_pb_column type=\"3_5\" _builder_version=\"4.7.7\" _module_preset=\"default\" global_colors_info=\"{}\"][et_pb_text _builder_version=\"4.9.10\" _module_preset=\"default\" global_colors_info=\"{}\"]<\/p><p>Das Ambulant Begleitetes Wohnen (ABW) ist ein Angebot der Lobetalarbeit f\u00fcr Menschen mit Assistenzbedarf, die in der Stadt Celle oder im Landkreis Celle in einer eigenen Wohnung leben. Ziel der Angebote des Ambulant Begleitetes Wohnens ist die gleichberechtigte Teilhabe und St\u00e4rkung der Selbstbestimmung der Klient*innen.<\/p><p>Die Assistenzleistungen umfassen Beratung, Begleitung, Erm\u00f6glichung, Bef\u00e4higung oder Unterst\u00fctzung bei<\/p><ul><li>der Bew\u00e4ltigung des Haushaltes,<\/li><li>der Erledigung beh\u00f6rdlicher Angelegenheiten,<\/li><li>der Gestaltung sozialer Beziehungen,<\/li><li>der Freizeitgestaltung,<\/li><li>Arztbesuchen und der Sicherstellung \u00e4rztlicher Verordnungen,<\/li><li>der Suche nach einer neuen Wohnung oder Arbeitsstelle.<\/li><\/ul><p>Die jeweiligen Assistenzleistungen richten sich dabei nach dem individuellen Bedarf der Klient*innen. Dar\u00fcber hinaus k\u00f6nnen auch Gruppenangebote des Ambulant Begleitetes Wohnens wahrgenommen werden. Diese richten sich nach dem Interessen und W\u00fcnschen der Klient*innen (z.B. Schwimmgruppen, Marktfr\u00fchst\u00fcck, kulturelle Aktivit\u00e4ten) und erm\u00f6glichen soziale Kontakte sowie Teilhabe an spezifischen Ressourcen der Stadt oder des Landkreises (z.B. Theater, Diskothek etc.). Au\u00dferdem stehen den Klient*innen die Angebote des Geistlichen Dienstes sowie des Fachdienstes Psychologie und Gesundheit der Lobetalarbeit zur Verf\u00fcgung.<\/p><p>[\/et_pb_text][\/et_pb_column][et_pb_column type=\"2_5\" _builder_version=\"4.7.7\" _module_preset=\"default\" global_colors_info=\"{}\"][et_pb_image src=\"https:\/\/lobetalarbeit.de\/wp-content\/uploads\/2021\/02\/2017-04-12-13-58-21-174_lob_12042017.jpg\" title_text=\"2017-04-12 13-58-21 - 174_lob_12042017\" _builder_version=\"4.7.7\" _module_preset=\"default\" global_colors_info=\"{}\"][\/et_pb_image][\/et_pb_column][\/et_pb_row][\/et_pb_section]<\/p>","_et_gb_content_width":"","footnotes":""},"class_list":["post-7469","page","type-page","status-publish","hentry"],"_links":{"self":[{"href":"https:\/\/lobetalarbeit.de\/ls-ls\/wp-json\/wp\/v2\/pages\/7469","targetHints":{"allow":["GET"]}}],"collection":[{"href":"https:\/\/lobetalarbeit.de\/ls-ls\/wp-json\/wp\/v2\/pages"}],"about":[{"href":"https:\/\/lobetalarbeit.de\/ls-ls\/wp-json\/wp\/v2\/types\/page"}],"author":[{"embeddable":true,"href":"https:\/\/lobetalarbeit.de\/ls-ls\/wp-json\/wp\/v2\/users\/3"}],"replies":[{"embeddable":true,"href":"https:\/\/lobetalarbeit.de\/ls-ls\/wp-json\/wp\/v2\/comments?post=7469"}],"version-history":[{"count":24,"href":"https:\/\/lobetalarbeit.de\/ls-ls\/wp-json\/wp\/v2\/pages\/7469\/revisions"}],"predecessor-version":[{"id":8517,"href":"https:\/\/lobetalarbeit.de\/ls-ls\/wp-json\/wp\/v2\/pages\/7469\/revisions\/8517"}],"wp:attachment":[{"href":"https:\/\/lobetalarbeit.de\/ls-ls\/wp-json\/wp\/v2\/media?parent=7469"}],"curies":[{"name":"wp","href":"https:\/\/api.w.org\/{rel}","templated":true}]}}