{"id":7475,"date":"2021-02-18T15:20:13","date_gmt":"2021-02-18T14:20:13","guid":{"rendered":"https:\/\/lobetalarbeit.de\/?page_id=7475"},"modified":"2022-11-14T15:17:18","modified_gmt":"2022-11-14T14:17:18","slug":"seniorenhilfe","status":"publish","type":"page","link":"https:\/\/lobetalarbeit.de\/ls-ls\/seniorenhilfe\/","title":{"rendered":"Seniorenhilfe"},"content":{"rendered":"<p>[et_pb_section fb_built=&#8221;1&#8243; fullwidth=&#8221;on&#8221; _builder_version=&#8221;4.16&#8243; _module_preset=&#8221;default&#8221; global_colors_info=&#8221;{}&#8221;][et_pb_fullwidth_header title=&#8221;Seniorenhilfe&#8221; text_orientation=&#8221;center&#8221; _builder_version=&#8221;4.16&#8243; _module_preset=&#8221;default&#8221; title_font=&#8221;||||||||&#8221; title_text_align=&#8221;center&#8221; title_font_size=&#8221;38px&#8221; background_image=&#8221;https:\/\/lobetalarbeit.de\/wp-content\/uploads\/2021\/07\/Seniorenhilfe_Header3-1.jpg&#8221; min_height=&#8221;290px&#8221; text_shadow_style=&#8221;preset3&#8243; global_colors_info=&#8221;{}&#8221; background_overlay_color__hover_enabled=&#8221;off|desktop&#8221;][\/et_pb_fullwidth_header][\/et_pb_section][et_pb_section fb_built=&#8221;1&#8243; _builder_version=&#8221;4.16&#8243; _module_preset=&#8221;default&#8221; global_colors_info=&#8221;{}&#8221;][et_pb_row column_structure=&#8221;1_5,1_5,1_5,1_5,1_5&#8243; _builder_version=&#8221;4.16&#8243; _module_preset=&#8221;default&#8221; global_colors_info=&#8221;{}&#8221;][et_pb_column type=&#8221;1_5&#8243; _builder_version=&#8221;4.16&#8243; _module_preset=&#8221;default&#8221; global_colors_info=&#8221;{}&#8221;][et_pb_image src=&#8221;https:\/\/lobetalarbeit.de\/wp-content\/uploads\/2021\/09\/B-STK-16003_Beguenstigten_Poster_ESF_EFRE_A3_hoch_Beschreibbare_PDF_Vorlage.indd-Plakat-Bild-10-beschreibbar_001.png&#8221; title_text=&#8221;B-STK-16003_Beguenstigten_Poster_ESF_EFRE_A3_hoch_Beschreibbare_PDF_Vorlage.indd &#8211; Plakat-Bild-10-beschreibbar_001&#8243; show_in_lightbox=&#8221;on&#8221; _builder_version=&#8221;4.16&#8243; _module_preset=&#8221;default&#8221; transform_scale=&#8221;118%|118%&#8221; global_colors_info=&#8221;{}&#8221;][\/et_pb_image][\/et_pb_column][et_pb_column type=&#8221;1_5&#8243; _builder_version=&#8221;4.16&#8243; _module_preset=&#8221;default&#8221; global_colors_info=&#8221;{}&#8221;][et_pb_team_member name=&#8221;Dennis Gro\u00dfe&#8221; position=&#8221;Heimleitung&#8221; _builder_version=&#8221;4.16&#8243; _module_preset=&#8221;default&#8221; custom_css_main_element=&#8221;display: flex;&#8221; custom_css_member_image=&#8221;max-width: 150px;||margin-right: 15px;&#8221; border_radii_image=&#8221;on|50%|50%|50%|50%&#8221; global_colors_info=&#8221;{}&#8221;]Flootlock 10<br \/>\n29225 Celle<\/p>\n<p>Tel. 05141 90909-520<br \/>\n<a href=\"mailto:wilhelm-buchholz-stift@lobetalarbeit.de\">wilhelm-buchholz-stift@lobetalarbeit.de<\/a><br \/>\n[\/et_pb_team_member][\/et_pb_column][et_pb_column type=&#8221;1_5&#8243; _builder_version=&#8221;4.16&#8243; _module_preset=&#8221;default&#8221; global_colors_info=&#8221;{}&#8221;][et_pb_image src=&#8221;https:\/\/lobetalarbeit.de\/wp-content\/uploads\/2021\/08\/wilhelm-buchholz-stift-logo_klein_png.png&#8221; title_text=&#8221;wilhelm-buchholz-stift-logo_klein_png&#8221; _builder_version=&#8221;4.16&#8243; _module_preset=&#8221;default&#8221; global_colors_info=&#8221;{}&#8221;][\/et_pb_image][\/et_pb_column][et_pb_column type=&#8221;1_5&#8243; _builder_version=&#8221;4.16&#8243; _module_preset=&#8221;default&#8221; global_colors_info=&#8221;{}&#8221;][et_pb_team_member name=&#8221;Andrea Christensen&#8221; position=&#8221;Pflegedienstleitung &#8221; _builder_version=&#8221;4.16&#8243; _module_preset=&#8221;default&#8221; min_height=&#8221;142.9px&#8221; custom_css_main_element=&#8221;display: flex;&#8221; custom_css_member_image=&#8221;max-width: 150px;||margin-right: 15px;&#8221; border_radii_image=&#8221;on|50%|50%|50%|50%&#8221; global_colors_info=&#8221;{}&#8221;]Flootlock 10<br \/>\n29225 Celle<\/p>\n<p>Tel. 05141 90909-577<br \/>\n<a href=\"mailto:wilhelm-buchholz-stift@lobetalarbeit.de\">wilhelm-buchholz-stift@lobetalarbeit.de<\/a><br \/>\n[\/et_pb_team_member][\/et_pb_column][et_pb_column type=&#8221;1_5&#8243; _builder_version=&#8221;4.16&#8243; _module_preset=&#8221;default&#8221; global_colors_info=&#8221;{}&#8221;][et_pb_team_member name=&#8221;Alexandra Thal&#8221; position=&#8221;Assistenz&#8221; _builder_version=&#8221;4.16&#8243; _module_preset=&#8221;default&#8221; min_height=&#8221;142.9px&#8221; custom_css_main_element=&#8221;display: flex;&#8221; custom_css_member_image=&#8221;max-width: 150px;||margin-right: 15px;&#8221; border_radii_image=&#8221;on|50%|50%|50%|50%&#8221; global_colors_info=&#8221;{}&#8221;]Flootlock 10<br \/>\n29225 Celle<\/p>\n<p>Tel. 05141 90909-501<br \/>\n<a href=\"mailto:a.thal@lobetalarbeit.de\">a.thal@lobetalarbeit.de<\/a><br \/>\n[\/et_pb_team_member][\/et_pb_column][\/et_pb_row][\/et_pb_section][et_pb_section fb_built=&#8221;1&#8243; _builder_version=&#8221;4.16&#8243; _module_preset=&#8221;default&#8221; global_colors_info=&#8221;{}&#8221;][et_pb_row _builder_version=&#8221;4.16&#8243; _module_preset=&#8221;default&#8221; global_colors_info=&#8221;{}&#8221;][et_pb_column type=&#8221;4_4&#8243; _builder_version=&#8221;4.16&#8243; _module_preset=&#8221;default&#8221; global_colors_info=&#8221;{}&#8221;][et_pb_text _builder_version=&#8221;4.18.1&#8243; _module_preset=&#8221;default&#8221; hover_enabled=&#8221;0&#8243; global_colors_info=&#8221;{}&#8221; sticky_enabled=&#8221;0&#8243;]<\/p>\n<h2><strong>Das Seniorenzentrum Wilhelm-Buchholz-Stift<\/strong><\/h2>\n<p>[\/et_pb_text][\/et_pb_column][\/et_pb_row][et_pb_row column_structure=&#8221;1_3,1_3,1_3&#8243; _builder_version=&#8221;4.16&#8243; _module_preset=&#8221;default&#8221; global_colors_info=&#8221;{}&#8221;][et_pb_column type=&#8221;1_3&#8243; _builder_version=&#8221;4.16&#8243; _module_preset=&#8221;default&#8221; global_colors_info=&#8221;{}&#8221;][et_pb_text _builder_version=&#8221;4.18.1&#8243; _module_preset=&#8221;default&#8221; hover_enabled=&#8221;0&#8243; global_colors_info=&#8221;{}&#8221; sticky_enabled=&#8221;0&#8243;]<\/p>\n<p>Das Wilhelm-Buchholz-Stift<\/p>\n<p>liegt im Orts-teil Wietzen-bruch.<\/p>\n<p>In Celle.<\/p>\n<p>Im Wilhelm-Buchholz-Stift k\u00f6nnen<\/p>\n<p>77 Senior-innen und Senio-ren wohnen.<\/p>\n<p>(Senior*innen sind \u00e4ltere Menschen.)<\/p>\n<p>Die Zimmer und auch die Speise-r\u00e4ume<\/p>\n<p>sind hell und freund-lich.<\/p>\n<p>Die Aufent-halts-r\u00e4ume<\/p>\n<p>haben gem\u00fct-liche Sitz-ecken.<\/p>\n<p>Im Garten kann man sch\u00f6n spazieren gehen.<\/p>\n<p>Es gibt auch eine Caf\u00e9-teria.<\/p>\n<p>Hier kann man alleine oder mit Besuch<\/p>\n<p>gem\u00fct-lich Kaffee trinken und Kuchen essen.<\/p>\n<p>[\/et_pb_text][\/et_pb_column][et_pb_column type=&#8221;1_3&#8243; _builder_version=&#8221;4.16&#8243; _module_preset=&#8221;default&#8221; global_colors_info=&#8221;{}&#8221;][et_pb_gallery gallery_ids=&#8221;2243,2241,2661,2229,2239&#8243; fullwidth=&#8221;on&#8221; _builder_version=&#8221;4.16&#8243; _module_preset=&#8221;default&#8221; auto=&#8221;on&#8221; auto_speed=&#8221;2500&#8243; global_colors_info=&#8221;{}&#8221;][\/et_pb_gallery][\/et_pb_column][et_pb_column type=&#8221;1_3&#8243; _builder_version=&#8221;4.16&#8243; _module_preset=&#8221;default&#8221; global_colors_info=&#8221;{}&#8221;][et_pb_text _builder_version=&#8221;4.18.1&#8243; _module_preset=&#8221;default&#8221; hover_enabled=&#8221;0&#8243; sticky_enabled=&#8221;0&#8243;]<\/p>\n<p>Es gibt auch einen Begeg-nungs-raum<\/p>\n<p>f\u00fcr Veran-staltungen und Feiern.<\/p>\n<p>Das Wilhelm-Buchholz-Stift hat<\/p>\n<p>eigene Gottes-dienste.<\/p>\n<p>Es gibt eine Tages-Pflege.<\/p>\n<p>Hier ist Platz f\u00fcr 12 \u00e4ltere Menschen.<\/p>\n<p>Sie werden hier tags-\u00fcber<\/p>\n<p>betreut und besch\u00e4ftigt.<\/p>\n<p>Der Demenz-Bereich ist<\/p>\n<p>ein gesch\u00fctzter Wohn-bereich.<\/p>\n<p>Hier wohnen Menschen,<\/p>\n<p>die an Demenz er-krankt sind.<\/p>\n<p>Demenz ist eine Krank-heit,<\/p>\n<p>bei der man sehr viele Dinge vergisst.<\/p>\n<p>Des-halb brauchen diese Menschen<\/p>\n<p>besonders viel Hilfe und Schutz.<\/p>\n<p>[\/et_pb_text][\/et_pb_column][\/et_pb_row][\/et_pb_section][et_pb_section fb_built=&#8221;1&#8243; _builder_version=&#8221;4.16&#8243; _module_preset=&#8221;default&#8221; global_colors_info=&#8221;{}&#8221;][et_pb_row column_structure=&#8221;1_2,1_2&#8243; _builder_version=&#8221;4.16&#8243; _module_preset=&#8221;default&#8221; global_colors_info=&#8221;{}&#8221;][et_pb_column type=&#8221;1_2&#8243; _builder_version=&#8221;4.16&#8243; _module_preset=&#8221;default&#8221; global_colors_info=&#8221;{}&#8221;][et_pb_text _builder_version=&#8221;4.18.0&#8243; _module_preset=&#8221;default&#8221; global_colors_info=&#8221;{}&#8221;]<\/p>\n<h4>Hier finden Sie verschiedene Informationen zum Download:<\/h4>\n<ul>\n<li><a href=\"https:\/\/lobetalarbeit.de\/wp-content\/uploads\/2022\/09\/Infoblatt-WBVG-ab-01.08.2022.pdf\">Informationsblatt<\/a><\/li>\n<li><a href=\"https:\/\/lobetalarbeit.de\/wp-content\/uploads\/2022\/09\/WBS-Erlaeuterung-zu-Leistungsinh.-08-2022-mit-Logo.pdf\">Erl\u00e4uterungen der Leistungsinhalte<\/a><\/li>\n<li><a href=\"https:\/\/lobetalarbeit.de\/wp-content\/uploads\/2022\/09\/Entgeltuebersicht-TP-ab-08-2022.pdf\">Pfleges\u00e4tze der Tagespflege<\/a><\/li>\n<li><a href=\"https:\/\/lobetalarbeit.de\/wp-content\/uploads\/2022\/09\/Entgeltuebersicht-allg.-Pflege-ab-08-2022.pdf\">Pfleges\u00e4tze der vollstation\u00e4ren Pflege<\/a><\/li>\n<li><a href=\"https:\/\/lobetalarbeit.de\/wp-content\/uploads\/2022\/09\/Entgeltuebersicht-Geronto-ab-08-2022.pdf\">Pfleges\u00e4tze des geronto-psychiatrischen Bereichs<\/a><\/li>\n<li><a href=\"https:\/\/lobetalarbeit.de\/wp-content\/uploads\/2022\/09\/Entgeltuebersicht-Kurzzeitpflegen-ab-08-2022.pdf\">Pfleges\u00e4tze f\u00fcr die Kurzzeitpflege<\/a><\/li>\n<\/ul>\n<p>[\/et_pb_text][\/et_pb_column][et_pb_column type=&#8221;1_2&#8243; _builder_version=&#8221;4.16&#8243; _module_preset=&#8221;default&#8221; global_colors_info=&#8221;{}&#8221;][et_pb_image src=&#8221;https:\/\/lobetalarbeit.de\/wp-content\/uploads\/2021\/08\/WBS-Logo-_Biene-aus-Word.png&#8221; title_text=&#8221;WBS Logo _Biene aus Word&#8221; _builder_version=&#8221;4.16&#8243; _module_preset=&#8221;default&#8221; global_colors_info=&#8221;{}&#8221;][\/et_pb_image][\/et_pb_column][\/et_pb_row][\/et_pb_section][et_pb_section fb_built=&#8221;1&#8243; _builder_version=&#8221;4.16&#8243; _module_preset=&#8221;default&#8221; background_color=&#8221;#00457A&#8221; global_colors_info=&#8221;{}&#8221;][et_pb_row _builder_version=&#8221;4.16&#8243; _module_preset=&#8221;default&#8221; global_colors_info=&#8221;{}&#8221;][et_pb_column type=&#8221;4_4&#8243; _builder_version=&#8221;4.16&#8243; _module_preset=&#8221;default&#8221; global_colors_info=&#8221;{}&#8221;][et_pb_text _builder_version=&#8221;4.16&#8243; _module_preset=&#8221;default&#8221; global_colors_info=&#8221;{}&#8221;]<\/p>\n<h1><strong><span style=\"color: #ffffff;\">\u00a0\u00a0\u00a0 Tagespflege<\/span><br \/>\n<\/strong><\/h1>\n<p>[\/et_pb_text][\/et_pb_column][\/et_pb_row][et_pb_row column_structure=&#8221;1_2,1_2&#8243; _builder_version=&#8221;4.16&#8243; _module_preset=&#8221;default&#8221; width=&#8221;76.6%&#8221; global_colors_info=&#8221;{}&#8221;][et_pb_column type=&#8221;1_2&#8243; _builder_version=&#8221;4.16&#8243; _module_preset=&#8221;default&#8221; global_colors_info=&#8221;{}&#8221;][et_pb_gallery gallery_ids=&#8221;2236,2232,2233&#8243; fullwidth=&#8221;on&#8221; _builder_version=&#8221;4.16&#8243; _module_preset=&#8221;default&#8221; auto=&#8221;on&#8221; auto_speed=&#8221;2000&#8243; global_colors_info=&#8221;{}&#8221;][\/et_pb_gallery][\/et_pb_column][et_pb_column type=&#8221;1_2&#8243; _builder_version=&#8221;4.16&#8243; _module_preset=&#8221;default&#8221; global_colors_info=&#8221;{}&#8221;][et_pb_text _builder_version=&#8221;4.16&#8243; _module_preset=&#8221;default&#8221; global_colors_info=&#8221;{}&#8221;]<span style=\"color: #ffffff;\">Die Tagespflege ist ein Angebot f\u00fcr Menschen, die tags\u00fcber Pflege und Betreuung ben\u00f6tigen, ansonsten aber in ihrer gewohnten Umgebung bleiben m\u00f6chten. Die Tagespflege will ein zweites Zuhause f\u00fcr alle Betroffenen sein.<\/span><\/p>\n<p><span style=\"color: #ffffff;\">Ziel der Tagespflege ist es, vorhandene Kr\u00e4fte zu erhalten und verlorene F\u00e4higkeiten zu reaktivieren. Dazu dienen Unternehmungen wie zum Beispiel der Besuch des Wochenmarktes, gemeinsames Singen, kreatives Gestalten, Kochen und Feiern.<\/span><\/p>\n<p><span style=\"color: #ffffff;\">Eingeschlossen sind notwendige pflegerische Leistungen im Rahmen der Grund- und Behandlungspflege nach haus\u00e4rztlicher Anordnung und die aktivierende Pflege wie zum Beispiel Ged\u00e4chtnistraining und Bewegungs\u00fcbungen. Auf Wunsch k\u00f6nnen Fr\u00fchst\u00fcck, Mittagessen und Nachmittagskaffee innerhalb der angebotenen Tagespflege eingenommen werden.<\/span><br \/>\n[\/et_pb_text][et_pb_team_member name=&#8221;Ansprechpartnerin&#8221; position=&#8221;Flavia Gramm&#8221; _builder_version=&#8221;4.16&#8243; _module_preset=&#8221;default&#8221; header_text_color=&#8221;#FFFFFF&#8221; body_text_color=&#8221;#FFFFFF&#8221; custom_css_main_element=&#8221;display: flex;&#8221; custom_css_member_image=&#8221;max-width: 150px;||margin-right: 15px;&#8221; border_radii_image=&#8221;on|50%|50%|50%|50%&#8221; global_colors_info=&#8221;{}&#8221;]Tel. 05141 90909-504<br \/>\n<a href=\"mailto:f.gramm@lobetalarbeit.de\">f.gramm@lobetalarbeit.de<\/a><br \/>\n[\/et_pb_team_member][\/et_pb_column][\/et_pb_row][\/et_pb_section][et_pb_section fb_built=&#8221;1&#8243; _builder_version=&#8221;4.16&#8243; _module_preset=&#8221;default&#8221; background_color=&#8221;RGBA(0,0,0,0)&#8221; global_colors_info=&#8221;{}&#8221;][et_pb_row column_structure=&#8221;1_2,1_2&#8243; _builder_version=&#8221;4.16&#8243; _module_preset=&#8221;default&#8221; global_colors_info=&#8221;{}&#8221;][et_pb_column type=&#8221;1_2&#8243; _builder_version=&#8221;4.16&#8243; _module_preset=&#8221;default&#8221; global_colors_info=&#8221;{}&#8221;][et_pb_text _builder_version=&#8221;4.16&#8243; _module_preset=&#8221;default&#8221; text_orientation=&#8221;center&#8221; custom_margin=&#8221;||||false|false&#8221; global_colors_info=&#8221;{}&#8221;]<\/p>\n<h2>Pflege demenziell erkrankter Menschen<\/h2>\n<p>[\/et_pb_text][et_pb_image src=&#8221;https:\/\/lobetalarbeit.de\/wp-content\/uploads\/2021\/07\/WBS-6-von-59-1.jpg&#8221; title_text=&#8221;WBS (6 von 59)&#8221; align=&#8221;center&#8221; _builder_version=&#8221;4.16&#8243; _module_preset=&#8221;default&#8221; max_width=&#8221;420px&#8221; global_colors_info=&#8221;{}&#8221;][\/et_pb_image][\/et_pb_column][et_pb_column type=&#8221;1_2&#8243; _builder_version=&#8221;4.16&#8243; _module_preset=&#8221;default&#8221; global_colors_info=&#8221;{}&#8221;][et_pb_team_member name=&#8221;Dennis Gro\u00dfe&#8221; position=&#8221;Heimleitung&#8221; _builder_version=&#8221;4.16&#8243; _module_preset=&#8221;default&#8221; custom_css_main_element=&#8221;display: flex;&#8221; custom_css_member_image=&#8221;max-width: 150px;||margin-right: 15px;&#8221; border_radii_image=&#8221;on|50%|50%|50%|50%&#8221; global_colors_info=&#8221;{}&#8221;]Flootlock 10<br \/>\n29225 Celle<\/p>\n<p>Tel. 05141 90909-520<br \/>\n<a href=\"mailto:d.grosse@lobetalarbeit.de\">wilhelm-buchholz-stift@lobetalarbeit.de<\/a><br \/>\n[\/et_pb_team_member][\/et_pb_column][\/et_pb_row][\/et_pb_section][et_pb_section fb_built=&#8221;1&#8243; module_id=&#8221;l\u00fcbtheen&#8221; _builder_version=&#8221;4.16&#8243; _module_preset=&#8221;default&#8221; background_color=&#8221;#00457A&#8221; global_colors_info=&#8221;{}&#8221;][et_pb_row column_structure=&#8221;1_2,1_2&#8243; _builder_version=&#8221;4.16&#8243; _module_preset=&#8221;default&#8221; global_colors_info=&#8221;{}&#8221;][et_pb_column type=&#8221;1_2&#8243; _builder_version=&#8221;4.16&#8243; _module_preset=&#8221;default&#8221; global_colors_info=&#8221;{}&#8221;][et_pb_text _builder_version=&#8221;4.16&#8243; _module_preset=&#8221;default&#8221; hover_enabled=&#8221;0&#8243; global_colors_info=&#8221;{}&#8221; sticky_enabled=&#8221;0&#8243;]<\/p>\n<h1><span style=\"color: #ffffff;\"><strong>Das komplexe Pflegezentrum in L\u00fcbtheen<\/strong><\/span><\/h1>\n<p>[\/et_pb_text][et_pb_text _builder_version=&#8221;4.18.1&#8243; _module_preset=&#8221;default&#8221; hover_enabled=&#8221;0&#8243; global_colors_info=&#8221;{}&#8221; sticky_enabled=&#8221;0&#8243;]<\/p>\n<p><span style=\"color: #ffffff;\">Das Pflege-Heim L\u00fcbtheen<\/span><\/p>\n<p><span style=\"color: #ffffff;\">ist in dem kleinen Ort L\u00fcbtheen.<\/span><\/p>\n<p><span style=\"color: #ffffff;\">L\u00fcbtheen liegt in Mecklenburg-Vorpommern.<\/span><\/p>\n<p><span style=\"color: #ffffff;\">Hier wohnen \u00e4ltere Menschen.<\/span><\/p>\n<p><span style=\"color: #ffffff;\">Und Menschen, die Pflege brauchen.<\/span><\/p>\n<p><span style=\"color: #ffffff;\">Lobetal L\u00fcbtheen sieht aus<\/span><\/p>\n<p><span style=\"color: #ffffff;\">wie ein eigenes kleines Dorf.<\/span><\/p>\n<p><span style=\"color: #ffffff;\">Es hat mehrere H\u00e4user und Wohnungen,<\/span><\/p>\n<p><span style=\"color: #ffffff;\">einen Park und viele B\u00e4ume.<\/span><\/p>\n<p><span style=\"color: #ffffff;\">In L\u00fcbtheen k\u00f6nnen Sie im<\/span><\/p>\n<p><span style=\"color: #ffffff;\">Pflege-heim wohnen.<\/span><\/p>\n<p><span style=\"color: #ffffff;\">Hier haben Sie ein sch\u00f6nes Zimmer.<\/span><\/p>\n<p><span style=\"color: #ffffff;\">Und Sie bekommen Hilfe und Pflege.<\/span><\/p>\n<p><span style=\"color: #ffffff;\">Vielleicht m\u00f6chten Sie eine eigene Wohnung?<\/span><\/p>\n<p><span style=\"color: #ffffff;\">Dann k\u00f6nnen Sie eine Wohnungmieten.<\/span><\/p>\n<p><span style=\"color: #ffffff;\">Auf dem Gel\u00e4nde Lobetal L\u00fcbtheen.<\/span><\/p>\n<p><span style=\"color: #ffffff;\">Es gibt 16 Wohnungen in 4 H\u00e4usern.<\/span><\/p>\n<p><span style=\"color: #ffffff;\">Das ist das \u201eBetreute Wohnen\u201c.<\/span><\/p>\n<p>[\/et_pb_text][\/et_pb_column][et_pb_column type=&#8221;1_2&#8243; _builder_version=&#8221;4.16&#8243; _module_preset=&#8221;default&#8221; global_colors_info=&#8221;{}&#8221;][et_pb_image src=&#8221;https:\/\/lobetalarbeit.de\/wp-content\/uploads\/2021\/07\/Luebtheen-aus-der-Luft.jpg&#8221; title_text=&#8221;L\u00fcbtheen aus der Luft&#8221; _builder_version=&#8221;4.16&#8243; _module_preset=&#8221;default&#8221; global_colors_info=&#8221;{}&#8221;][\/et_pb_image][et_pb_text _builder_version=&#8221;4.18.1&#8243; _module_preset=&#8221;default&#8221; hover_enabled=&#8221;0&#8243; global_colors_info=&#8221;{}&#8221; sticky_enabled=&#8221;0&#8243;]<\/p>\n<p><span style=\"color: #ffffff;\">Es gibt auch eine Tages-Pflege.<\/span><\/p>\n<p><span style=\"color: #ffffff;\">In L\u00fcbtheen und in Hagenow.<\/span><\/p>\n<p><span style=\"color: #ffffff;\">In der Tages-pflege werden \u00e4ltere Menschen<\/span><\/p>\n<p><span style=\"color: #ffffff;\">am Tag betreut und besch\u00e4ftigt.<\/span><\/p>\n<p><span style=\"color: #ffffff;\">Sie m\u00f6chten zu Hause wohnen bleiben?<\/span><\/p>\n<p><span style=\"color: #ffffff;\">Sie brauchen aber Hilfe?<\/span><\/p>\n<p><span style=\"color: #ffffff;\">Daf\u00fcr gibt es den ambu-lanten Pflege-Dienst.<\/span><\/p>\n<p><span style=\"color: #ffffff;\">Der ambu-lante Pflege-Dienst kommt<\/span><\/p>\n<p><span style=\"color: #ffffff;\">zu Ihnen nach Hause.<\/span><\/p>\n<p><span style=\"color: #ffffff;\">Und hilft Ihnen.<\/span><\/p>\n<p>[\/et_pb_text][\/et_pb_column][\/et_pb_row][et_pb_row column_structure=&#8221;1_3,1_3,1_3&#8243; _builder_version=&#8221;4.16&#8243; _module_preset=&#8221;default&#8221; global_colors_info=&#8221;{}&#8221;][et_pb_column type=&#8221;1_3&#8243; _builder_version=&#8221;4.16&#8243; _module_preset=&#8221;default&#8221; global_colors_info=&#8221;{}&#8221;][et_pb_image src=&#8221;https:\/\/lobetalarbeit.de\/wp-content\/uploads\/2021\/09\/Luebtheen-allgemein-scaled.jpg&#8221; title_text=&#8221;L\u00fcbtheen allgemein&#8221; _builder_version=&#8221;4.16&#8243; _module_preset=&#8221;default&#8221; global_colors_info=&#8221;{}&#8221;][\/et_pb_image][\/et_pb_column][et_pb_column type=&#8221;1_3&#8243; _builder_version=&#8221;4.16&#8243; _module_preset=&#8221;default&#8221; global_colors_info=&#8221;{}&#8221;][et_pb_blurb title=&#8221;Anschrift &#038; Kontakt&#8221; _builder_version=&#8221;4.18.1&#8243; _module_preset=&#8221;default&#8221; background_layout=&#8221;dark&#8221; hover_enabled=&#8221;0&#8243; global_colors_info=&#8221;{}&#8221; sticky_enabled=&#8221;0&#8243;]<\/p>\n<p>Lobetal gemeinn\u00fctzige GbmH<br \/>Norbert Zobel, Gesch\u00e4ftsf\u00fchrer<br \/>Lobetal 5<br \/>19249 L\u00fcbtheen<br \/>Telefon: 038855\/7070<br \/>Mail: <a href=\"mailto:info@lobetal-luebtheen.de\">info@lobetal-luebtheen.de<\/a><\/p>\n<p>[\/et_pb_blurb][\/et_pb_column][et_pb_column type=&#8221;1_3&#8243; _builder_version=&#8221;4.16&#8243; _module_preset=&#8221;default&#8221; global_colors_info=&#8221;{}&#8221;][\/et_pb_column][\/et_pb_row][\/et_pb_section]<\/p>\n","protected":false},"excerpt":{"rendered":"<p>Flootlock 10 29225 Celle Tel. 05141 90909-520 wilhelm-buchholz-stift@lobetalarbeit.de Flootlock 10 29225 Celle Tel. 05141 90909-577 wilhelm-buchholz-stift@lobetalarbeit.de Flootlock 10 29225 Celle Tel. 05141 90909-501 a.thal@lobetalarbeit.de Das Seniorenzentrum Wilhelm-Buchholz-StiftDas Wilhelm-Buchholz-Stift liegt im Orts-teil Wietzen-bruch. In Celle. Im Wilhelm-Buchholz-Stift k\u00f6nnen 77 Senior-innen und Senio-ren wohnen. (Senior*innen sind \u00e4ltere Menschen.) Die Zimmer und auch die Speise-r\u00e4ume sind hell und [&hellip;]<\/p>\n","protected":false},"author":3,"featured_media":0,"parent":0,"menu_order":0,"comment_status":"closed","ping_status":"closed","template":"","meta":{"_et_pb_use_builder":"on","_et_pb_old_content":"<p>[et_pb_section fb_built=\"1\" fullwidth=\"on\" _builder_version=\"4.16\" _module_preset=\"default\" global_colors_info=\"{}\"][et_pb_fullwidth_header title=\"Seniorenhilfe\" text_orientation=\"center\" _builder_version=\"4.16\" _module_preset=\"default\" title_font=\"||||||||\" title_text_align=\"center\" title_font_size=\"38px\" background_image=\"https:\/\/lobetalarbeit.de\/wp-content\/uploads\/2021\/07\/Seniorenhilfe_Header3-1.jpg\" min_height=\"290px\" text_shadow_style=\"preset3\" global_colors_info=\"{}\" background_overlay_color__hover_enabled=\"off|desktop\"][\/et_pb_fullwidth_header][\/et_pb_section][et_pb_section fb_built=\"1\" _builder_version=\"4.16\" _module_preset=\"default\" global_colors_info=\"{}\"][et_pb_row column_structure=\"1_5,1_5,1_5,1_5,1_5\" _builder_version=\"4.16\" _module_preset=\"default\" global_colors_info=\"{}\"][et_pb_column type=\"1_5\" _builder_version=\"4.16\" _module_preset=\"default\" global_colors_info=\"{}\"][et_pb_image src=\"https:\/\/lobetalarbeit.de\/wp-content\/uploads\/2021\/09\/B-STK-16003_Beguenstigten_Poster_ESF_EFRE_A3_hoch_Beschreibbare_PDF_Vorlage.indd-Plakat-Bild-10-beschreibbar_001.png\" title_text=\"B-STK-16003_Beguenstigten_Poster_ESF_EFRE_A3_hoch_Beschreibbare_PDF_Vorlage.indd - Plakat-Bild-10-beschreibbar_001\" show_in_lightbox=\"on\" _builder_version=\"4.16\" _module_preset=\"default\" transform_scale=\"118%|118%\" global_colors_info=\"{}\"][\/et_pb_image][\/et_pb_column][et_pb_column type=\"1_5\" _builder_version=\"4.16\" _module_preset=\"default\" global_colors_info=\"{}\"][et_pb_team_member name=\"Dennis Gro\u00dfe\" position=\"Heimleitung\" _builder_version=\"4.16\" _module_preset=\"default\" custom_css_main_element=\"display: flex;\" custom_css_member_image=\"max-width: 150px;||margin-right: 15px;\" border_radii_image=\"on|50%|50%|50%|50%\" global_colors_info=\"{}\"]<\/p><p>Flootlock 10<br \/>29225 Celle<\/p><p>Tel. 05141 90909-520<br \/><a href=\"mailto:wilhelm-buchholz-stift@lobetalarbeit.de\">wilhelm-buchholz-stift@lobetalarbeit.de<\/a><\/p><p>[\/et_pb_team_member][\/et_pb_column][et_pb_column type=\"1_5\" _builder_version=\"4.16\" _module_preset=\"default\" global_colors_info=\"{}\"][et_pb_image src=\"https:\/\/lobetalarbeit.de\/wp-content\/uploads\/2021\/08\/wilhelm-buchholz-stift-logo_klein_png.png\" title_text=\"wilhelm-buchholz-stift-logo_klein_png\" _builder_version=\"4.16\" _module_preset=\"default\" global_colors_info=\"{}\"][\/et_pb_image][\/et_pb_column][et_pb_column type=\"1_5\" _builder_version=\"4.16\" _module_preset=\"default\" global_colors_info=\"{}\"][et_pb_team_member name=\"Andrea Christensen\" position=\"Pflegedienstleitung \" _builder_version=\"4.16\" _module_preset=\"default\" min_height=\"142.9px\" custom_css_main_element=\"display: flex;\" custom_css_member_image=\"max-width: 150px;||margin-right: 15px;\" border_radii_image=\"on|50%|50%|50%|50%\" global_colors_info=\"{}\"]<\/p><p>Flootlock 10<br \/>29225 Celle<\/p><p>Tel. 05141 90909-577<br \/><a href=\"mailto:wilhelm-buchholz-stift@lobetalarbeit.de\">wilhelm-buchholz-stift@lobetalarbeit.de<\/a> <\/p><p>[\/et_pb_team_member][\/et_pb_column][et_pb_column type=\"1_5\" _builder_version=\"4.16\" _module_preset=\"default\" global_colors_info=\"{}\"][et_pb_team_member name=\"Alexandra Thal\" position=\"Assistenz\" _builder_version=\"4.16\" _module_preset=\"default\" min_height=\"142.9px\" custom_css_main_element=\"display: flex;\" custom_css_member_image=\"max-width: 150px;||margin-right: 15px;\" border_radii_image=\"on|50%|50%|50%|50%\" global_colors_info=\"{}\"]<\/p><p>Flootlock 10<br \/>29225 Celle<\/p><p>Tel. 05141 90909-501<br \/><a href=\"mailto:a.thal@lobetalarbeit.de\">a.thal@lobetalarbeit.de<\/a> <\/p><p>[\/et_pb_team_member][\/et_pb_column][\/et_pb_row][\/et_pb_section][et_pb_section fb_built=\"1\" _builder_version=\"4.16\" _module_preset=\"default\" global_colors_info=\"{}\"][et_pb_row _builder_version=\"4.16\" _module_preset=\"default\" global_colors_info=\"{}\"][et_pb_column type=\"4_4\" _builder_version=\"4.16\" _module_preset=\"default\" global_colors_info=\"{}\"][et_pb_text _builder_version=\"4.16\" _module_preset=\"default\" global_colors_info=\"{}\"]<\/p><h2><strong>Das Seniorenzentrum Wilhelm-Buchholz-Stift<\/strong><\/h2><p>[\/et_pb_text][\/et_pb_column][\/et_pb_row][et_pb_row column_structure=\"3_5,2_5\" _builder_version=\"4.16\" _module_preset=\"default\" global_colors_info=\"{}\"][et_pb_column type=\"3_5\" _builder_version=\"4.16\" _module_preset=\"default\" global_colors_info=\"{}\"][et_pb_text _builder_version=\"4.16\" _module_preset=\"default\" global_colors_info=\"{}\"]<\/p><p>Das Wilhelm-Buchholz-Stift kann insgesamt 77 pflegebed\u00fcrftige Seniorinnen und Senioren in der station\u00e4ren Versorgung aufnehmen. Hierin ist auch die sogenannte Kurzzeit- und Verhinderungspflege integriert. Zus\u00e4tzlich h\u00e4lt die Einrichtung derzeit 12 Pl\u00e4tze f\u00fcr die Tagespflege bereit.<\/p><p>Im Erdgeschoss sind 15 Zimmer f\u00fcr die allgemeine Pflege eingerichtet, sowie ein gesch\u00fctzter Wohnbereich f\u00fcr demenziell Erkrankte, mit 22 Zimmern in zwei Wohngruppen.<\/p><p>Im ersten Obergeschoss stehen weitere 40 Zimmer f\u00fcr die allgemeine Pflege und die 12 Pl\u00e4tze f\u00fcr die Tagespflege bereit.<\/p><p>Das Haus verf\u00fcgt \u00fcber helle und gem\u00fctliche Speiser\u00e4ume, Aufenthaltsr\u00e4ume und individuell gestaltete Sitzecken. An zwei Seiten des Hauses laden liebevoll angelegte G\u00e4rten und Gr\u00fcnfl\u00e4chen zum Spazierengehen ein. Die Zimmer lassen sich aufgrund ihrer Ger\u00e4umigkeit pers\u00f6nlich gestalten.<\/p><p>Das Wilhelm-Buchholz-Stift hat eine eigene Caf\u00e9teria, die ehrenamtlich gef\u00fchrt wird. Die Caf\u00e9teria kann durch einen angegliederten kleinen sakralen Raum zu einem Gottesdienstraum umgestaltet werden. Die regelm\u00e4\u00dfigen Andachten und Wochenschlussgottesdienste werden von Bewohnerinnen und Bewohnern sowie Angeh\u00f6rigen besucht. Alle, die nicht mehr in den Gottesdienstraum kommen k\u00f6nnen, haben die Gelegenheit, die Gottesdienste durch Lautsprecher in ihren Zimmern mitzuerleben. In diesem zentralen Begegnungsraum ist auch die Kantine zu finden. Hier kann mit Angeh\u00f6rigen gefeiert werden und hier finden auch Senioren-Nachmittage und Konzerte statt.<\/p><p>[\/et_pb_text][\/et_pb_column][et_pb_column type=\"2_5\" _builder_version=\"4.16\" _module_preset=\"default\" global_colors_info=\"{}\"][et_pb_gallery gallery_ids=\"2243,2241,2661,2229,2239\" fullwidth=\"on\" _builder_version=\"4.16\" _module_preset=\"default\" auto=\"on\" auto_speed=\"2500\" global_colors_info=\"{}\"][\/et_pb_gallery][\/et_pb_column][\/et_pb_row][\/et_pb_section][et_pb_section fb_built=\"1\" _builder_version=\"4.16\" _module_preset=\"default\" global_colors_info=\"{}\"][et_pb_row column_structure=\"1_2,1_2\" _builder_version=\"4.16\" _module_preset=\"default\" global_colors_info=\"{}\"][et_pb_column type=\"1_2\" _builder_version=\"4.16\" _module_preset=\"default\" global_colors_info=\"{}\"][et_pb_text _builder_version=\"4.18.0\" _module_preset=\"default\" hover_enabled=\"0\" global_colors_info=\"{}\" sticky_enabled=\"0\"]<\/p><h4>Hier finden Sie verschiedene Informationen zum Download:<\/h4><ul><li><a href=\"https:\/\/lobetalarbeit.de\/wp-content\/uploads\/2022\/09\/Infoblatt-WBVG-ab-01.08.2022.pdf\">Informationsblatt<\/a><\/li><li><a href=\"https:\/\/lobetalarbeit.de\/wp-content\/uploads\/2022\/09\/WBS-Erlaeuterung-zu-Leistungsinh.-08-2022-mit-Logo.pdf\">Erl\u00e4uterungen der Leistungsinhalte<\/a><\/li><li><a href=\"https:\/\/lobetalarbeit.de\/wp-content\/uploads\/2022\/09\/Entgeltuebersicht-TP-ab-08-2022.pdf\">Pfleges\u00e4tze der Tagespflege<\/a><\/li><li><a href=\"https:\/\/lobetalarbeit.de\/wp-content\/uploads\/2022\/09\/Entgeltuebersicht-allg.-Pflege-ab-08-2022.pdf\">Pfleges\u00e4tze der vollstation\u00e4ren Pflege<\/a><\/li><li><a href=\"https:\/\/lobetalarbeit.de\/wp-content\/uploads\/2022\/09\/Entgeltuebersicht-Geronto-ab-08-2022.pdf\">Pfleges\u00e4tze des geronto-psychiatrischen Bereichs<\/a><\/li><li><a href=\"https:\/\/lobetalarbeit.de\/wp-content\/uploads\/2022\/09\/Entgeltuebersicht-Kurzzeitpflegen-ab-08-2022.pdf\">Pfleges\u00e4tze f\u00fcr die Kurzzeitpflege<\/a><\/li><\/ul><p>[\/et_pb_text][\/et_pb_column][et_pb_column type=\"1_2\" _builder_version=\"4.16\" _module_preset=\"default\" global_colors_info=\"{}\"][et_pb_image src=\"https:\/\/lobetalarbeit.de\/wp-content\/uploads\/2021\/08\/WBS-Logo-_Biene-aus-Word.png\" title_text=\"WBS Logo _Biene aus Word\" _builder_version=\"4.16\" _module_preset=\"default\" global_colors_info=\"{}\"][\/et_pb_image][\/et_pb_column][\/et_pb_row][\/et_pb_section][et_pb_section fb_built=\"1\" _builder_version=\"4.16\" _module_preset=\"default\" background_color=\"#00457A\" global_colors_info=\"{}\"][et_pb_row _builder_version=\"4.16\" _module_preset=\"default\" global_colors_info=\"{}\"][et_pb_column type=\"4_4\" _builder_version=\"4.16\" _module_preset=\"default\" global_colors_info=\"{}\"][et_pb_text _builder_version=\"4.16\" _module_preset=\"default\" global_colors_info=\"{}\"]<\/p><h1><strong><span style=\"color: #ffffff;\">\u00a0\u00a0\u00a0 Tagespflege<\/span><br \/><\/strong><\/h1><p>[\/et_pb_text][\/et_pb_column][\/et_pb_row][et_pb_row column_structure=\"1_2,1_2\" _builder_version=\"4.16\" _module_preset=\"default\" width=\"76.6%\" global_colors_info=\"{}\"][et_pb_column type=\"1_2\" _builder_version=\"4.16\" _module_preset=\"default\" global_colors_info=\"{}\"][et_pb_gallery gallery_ids=\"2236,2232,2233\" fullwidth=\"on\" _builder_version=\"4.16\" _module_preset=\"default\" auto=\"on\" auto_speed=\"2000\" global_colors_info=\"{}\"][\/et_pb_gallery][\/et_pb_column][et_pb_column type=\"1_2\" _builder_version=\"4.16\" _module_preset=\"default\" global_colors_info=\"{}\"][et_pb_text _builder_version=\"4.16\" _module_preset=\"default\" global_colors_info=\"{}\"]<\/p><p><span style=\"color: #ffffff;\">Die Tagespflege ist ein Angebot f\u00fcr Menschen, die tags\u00fcber Pflege und Betreuung ben\u00f6tigen, ansonsten aber in ihrer gewohnten Umgebung bleiben m\u00f6chten. Die Tagespflege will ein zweites Zuhause f\u00fcr alle Betroffenen sein.<\/span><\/p><p><span style=\"color: #ffffff;\">Ziel der Tagespflege ist es, vorhandene Kr\u00e4fte zu erhalten und verlorene F\u00e4higkeiten zu reaktivieren. Dazu dienen Unternehmungen wie zum Beispiel der Besuch des Wochenmarktes, gemeinsames Singen, kreatives Gestalten, Kochen und Feiern.<\/span><\/p><p><span style=\"color: #ffffff;\">Eingeschlossen sind notwendige pflegerische Leistungen im Rahmen der Grund- und Behandlungspflege nach haus\u00e4rztlicher Anordnung und die aktivierende Pflege wie zum Beispiel Ged\u00e4chtnistraining und Bewegungs\u00fcbungen. Auf Wunsch k\u00f6nnen Fr\u00fchst\u00fcck, Mittagessen und Nachmittagskaffee innerhalb der angebotenen Tagespflege eingenommen werden.<\/span><\/p><p>[\/et_pb_text][et_pb_team_member name=\"Ansprechpartnerin\" position=\"Flavia Gramm\" _builder_version=\"4.16\" _module_preset=\"default\" header_text_color=\"#FFFFFF\" body_text_color=\"#FFFFFF\" custom_css_main_element=\"display: flex;\" custom_css_member_image=\"max-width: 150px;||margin-right: 15px;\" border_radii_image=\"on|50%|50%|50%|50%\" global_colors_info=\"{}\"]<\/p><p>Tel. 05141 90909-504<br \/><a href=\"mailto:f.gramm@lobetalarbeit.de\">f.gramm@lobetalarbeit.de<\/a><\/p><p>[\/et_pb_team_member][\/et_pb_column][\/et_pb_row][\/et_pb_section][et_pb_section fb_built=\"1\" _builder_version=\"4.16\" _module_preset=\"default\" background_color=\"RGBA(0,0,0,0)\" global_colors_info=\"{}\"][et_pb_row column_structure=\"1_2,1_2\" _builder_version=\"4.16\" _module_preset=\"default\" global_colors_info=\"{}\"][et_pb_column type=\"1_2\" _builder_version=\"4.16\" _module_preset=\"default\" global_colors_info=\"{}\"][et_pb_text _builder_version=\"4.16\" _module_preset=\"default\" text_orientation=\"center\" custom_margin=\"||||false|false\" global_colors_info=\"{}\"]<\/p><h2>Pflege demenziell erkrankter Menschen<\/h2><p>[\/et_pb_text][et_pb_image src=\"https:\/\/lobetalarbeit.de\/wp-content\/uploads\/2021\/07\/WBS-6-von-59-1.jpg\" title_text=\"WBS (6 von 59)\" align=\"center\" _builder_version=\"4.16\" _module_preset=\"default\" max_width=\"420px\" global_colors_info=\"{}\"][\/et_pb_image][\/et_pb_column][et_pb_column type=\"1_2\" _builder_version=\"4.16\" _module_preset=\"default\" global_colors_info=\"{}\"][et_pb_team_member name=\"Dennis Gro\u00dfe\" position=\"Heimleitung\" _builder_version=\"4.16\" _module_preset=\"default\" custom_css_main_element=\"display: flex;\" custom_css_member_image=\"max-width: 150px;||margin-right: 15px;\" border_radii_image=\"on|50%|50%|50%|50%\" global_colors_info=\"{}\"]<\/p><p>Flootlock 10<br \/>29225 Celle<\/p><p>Tel. 05141 90909-520<br \/><a href=\"mailto:d.grosse@lobetalarbeit.de\">wilhelm-buchholz-stift@lobetalarbeit.de<\/a><\/p><p>[\/et_pb_team_member][\/et_pb_column][\/et_pb_row][\/et_pb_section][et_pb_section fb_built=\"1\" module_id=\"l\u00fcbtheen\" _builder_version=\"4.16\" _module_preset=\"default\" background_color=\"#00457A\" global_colors_info=\"{}\"][et_pb_row column_structure=\"1_2,1_2\" _builder_version=\"4.16\" _module_preset=\"default\" global_colors_info=\"{}\"][et_pb_column type=\"1_2\" _builder_version=\"4.16\" _module_preset=\"default\" global_colors_info=\"{}\"][et_pb_text _builder_version=\"4.16\" _module_preset=\"default\" global_colors_info=\"{}\"]<\/p><h1><span style=\"color: #ffffff;\"><strong>Das komplexe Pflegezentrum in L\u00fcbtheen<\/strong><\/span><\/h1><p>[\/et_pb_text][et_pb_text _builder_version=\"4.16\" _module_preset=\"default\" global_colors_info=\"{}\"]<\/p><p><span style=\"color: #ffffff;\">Die Lobetalarbeit in Celle hat ihre Wurzeln in Mecklenburg-Vorpommern. Am Rande der Elbtalauen liegt die so genannte Lindenstadt L\u00fcbtheen.1928 hatte sich dort um die Diakonisse Erna Biedermann eine Schwesternschaft gebildet, die sich um geistig behinderte, aber auch sozial vernachl\u00e4ssigte Kinder sowie betagte Menschen k\u00fcmmerte.<\/span><\/p><p><span style=\"color: #ffffff;\">Die Einrichtung, die sich in Anlehnung an eine alttestamentliche Geschichte \u00a0 \u00a0 \u00a0 \u00a0 \u00a0<br \/>(2. Chronik 20, 26) Lobetal nannte, betreute bei Ausbruch des Zweiten Weltkrieges bereits 150 Heimbewohner-\/innen. Wie andere diakonische Wirkungsst\u00e4tten geriet auch Lobetal ins Visier des verbrecherischen Euthanasie-Programms der Nationalsozialisten. Trotz aller Bem\u00fchungen und Einw\u00e4nde wurden die H\u00e4user im April 1941 aus \u201ewehrtechnischen Gr\u00fcnden\u201c, wie es damals hie\u00df, binnen einer Woche zwangsenteignet und ger\u00e4umt. Von den dort lebenden 53 geistig behinderten Kindern, die in Wehrmachtsbussen abtransportiert wurden, hat man nie wieder etwas geh\u00f6rt.<\/span><\/p><p><span style=\"color: #ffffff;\">Ein Mahnmahl auf dem Lobetaler Gel\u00e4nde in L\u00fcbtheen erinnert an diese Schreckenszeit der Geschichte.<\/span><\/p><p><span style=\"color: #ffffff;\">Ein Teil der Schwesternschaft ging mit einigen betagten Heimbewohnern nach Hetendorf bei Hermannsburg in der L\u00fcneburger Heide. Hetendorf wurde zur neuen Heimat.<\/span><\/p><p><span style=\"color: #ffffff;\">Am 4. Mai 1947 wurde dort der Lobetalarbeit e. V. als eigenst\u00e4ndige Einrichtung gegr\u00fcndet. Die Gr\u00fcndungsurkunde unterschrieben damals 20 Personen, darunter auch f\u00fcnf L\u00fcbtheener Schwestern. Aber auch die Arbeit in L\u00fcbtheen konnte durch Schwester Erna Biedermann fortgesetzt werden. \u00dcber die Jahre ist der Kontakt der beiden Einrichtungen nie ganz abgebrochen.<\/span><\/p><p>[\/et_pb_text][\/et_pb_column][et_pb_column type=\"1_2\" _builder_version=\"4.16\" _module_preset=\"default\" global_colors_info=\"{}\"][et_pb_image src=\"https:\/\/lobetalarbeit.de\/wp-content\/uploads\/2021\/07\/Luebtheen-aus-der-Luft.jpg\" title_text=\"L\u00fcbtheen aus der Luft\" _builder_version=\"4.16\" _module_preset=\"default\" global_colors_info=\"{}\"][\/et_pb_image][et_pb_text _builder_version=\"4.17.4\" _module_preset=\"default\" global_colors_info=\"{}\"]<\/p><p><span style=\"color: #ffffff;\">Gemeinsam gr\u00fcndete man eine gemeinn\u00fctzige GmbH, die zum 01. Januar 2009 in dieser Rechtsform ihre Arbeit aufnahm. Gesellschafter dieser gGmbH waren zu 51 Prozent die Lobetalarbeit in Celle und mit 49 Prozent das Gemeinschaftsdiakonissenmutterhaus in L\u00fcbtheen. Seit 2011 ist der Lobetalarbeit e.V. alleiniger Gesellschafter.<\/span><\/p><p><span style=\"color: #ffffff;\">Die Lobetal gGmbH in Mecklenburg-Vorpommern betreibt ein Altenpflegeheim mit 100 Pl\u00e4tzen, eine Solit\u00e4rkurzzeitpflegeeinrichtung mit 14 Pl\u00e4tzen, zwei Tagespflegen mit insgesamt 39 Pl\u00e4tzen einen Ambulanten Pflegedienst, den derzeit ca. 150 Senioren nutzen, Altersgerechtes Wohnen in 16 Wohnungen sowie einen Men\u00fcbringdienst (\u201eEssen auf R\u00e4dern\u201c), der ca. 70 Personen beliefert.<\/span><\/p><p>\u00a0<\/p><p><span style=\"color: #ffffff;\">Mehr zu unserem Pflegenzentrum in L\u00fcbtheen erfahren Sie <a href=\"https:\/\/www.lobetal-luebtheen.de\/\">hier.<\/a><\/span><\/p><p>[\/et_pb_text][\/et_pb_column][\/et_pb_row][et_pb_row column_structure=\"1_3,1_3,1_3\" _builder_version=\"4.16\" _module_preset=\"default\" global_colors_info=\"{}\"][et_pb_column type=\"1_3\" _builder_version=\"4.16\" _module_preset=\"default\" global_colors_info=\"{}\"][et_pb_image src=\"https:\/\/lobetalarbeit.de\/wp-content\/uploads\/2021\/09\/Luebtheen-allgemein-scaled.jpg\" title_text=\"L\u00fcbtheen allgemein\" _builder_version=\"4.16\" _module_preset=\"default\" global_colors_info=\"{}\"][\/et_pb_image][\/et_pb_column][et_pb_column type=\"1_3\" _builder_version=\"4.16\" _module_preset=\"default\" global_colors_info=\"{}\"][et_pb_blurb title=\"Anschrift & Kontakt\" _builder_version=\"4.16\" _module_preset=\"default\" background_layout=\"dark\" global_colors_info=\"{}\"]<\/p><p>Lobetal gemeinn\u00fctzige GbmH<br \/>Norbert Zobel, Gesch\u00e4ftsf\u00fchrer <br \/>Lobetal 5<br \/>19249 L\u00fcbtheen<br \/>Telefon: 038855\/7070<br \/>Mail: <a href=\"mailto:info@lobetal-luebtheen.de\">info@lobetal-luebtheen.de<\/a><\/p><p>[\/et_pb_blurb][\/et_pb_column][et_pb_column type=\"1_3\" _builder_version=\"4.16\" _module_preset=\"default\" global_colors_info=\"{}\"][\/et_pb_column][\/et_pb_row][\/et_pb_section]<\/p>","_et_gb_content_width":"","footnotes":""},"class_list":["post-7475","page","type-page","status-publish","hentry"],"_links":{"self":[{"href":"https:\/\/lobetalarbeit.de\/ls-ls\/wp-json\/wp\/v2\/pages\/7475","targetHints":{"allow":["GET"]}}],"collection":[{"href":"https:\/\/lobetalarbeit.de\/ls-ls\/wp-json\/wp\/v2\/pages"}],"about":[{"href":"https:\/\/lobetalarbeit.de\/ls-ls\/wp-json\/wp\/v2\/types\/page"}],"author":[{"embeddable":true,"href":"https:\/\/lobetalarbeit.de\/ls-ls\/wp-json\/wp\/v2\/users\/3"}],"replies":[{"embeddable":true,"href":"https:\/\/lobetalarbeit.de\/ls-ls\/wp-json\/wp\/v2\/comments?post=7475"}],"version-history":[{"count":6,"href":"https:\/\/lobetalarbeit.de\/ls-ls\/wp-json\/wp\/v2\/pages\/7475\/revisions"}],"predecessor-version":[{"id":7482,"href":"https:\/\/lobetalarbeit.de\/ls-ls\/wp-json\/wp\/v2\/pages\/7475\/revisions\/7482"}],"wp:attachment":[{"href":"https:\/\/lobetalarbeit.de\/ls-ls\/wp-json\/wp\/v2\/media?parent=7475"}],"curies":[{"name":"wp","href":"https:\/\/api.w.org\/{rel}","templated":true}]}}